{"id":5176,"date":"2024-01-29T16:28:22","date_gmt":"2024-01-29T14:28:22","guid":{"rendered":"https:\/\/birgitnilsson.com\/museum\/?page_id=5176"},"modified":"2024-08-08T13:34:49","modified_gmt":"2024-08-08T11:34:49","slug":"birgit-nilsson-days-the-legacy","status":"publish","type":"page","link":"https:\/\/birgitnilsson.com\/museum\/en\/birgit-nilsson-days-the-legacy\/","title":{"rendered":"Birgit Nilsson Days The Legacy"},"content":{"rendered":"\t\t<div data-elementor-type=\"wp-page\" data-elementor-id=\"5176\" class=\"elementor elementor-5176\">\n\t\t\t\t\t\t<section class=\"elementor-section elementor-top-section elementor-element elementor-element-41de53e4 elementor-section-boxed elementor-section-height-default elementor-section-height-default\" data-id=\"41de53e4\" data-element_type=\"section\" data-e-type=\"section\">\n\t\t\t\t\t\t<div class=\"elementor-container elementor-column-gap-default\">\n\t\t\t\t\t<div class=\"elementor-column elementor-col-100 elementor-top-column elementor-element elementor-element-5a3c3fc7\" data-id=\"5a3c3fc7\" data-element_type=\"column\" data-e-type=\"column\">\n\t\t\t<div class=\"elementor-widget-wrap elementor-element-populated\">\n\t\t\t\t\t\t<div class=\"elementor-element elementor-element-48257eb1 elementor-widget elementor-widget-heading\" data-id=\"48257eb1\" data-element_type=\"widget\" data-e-type=\"widget\" data-widget_type=\"heading.default\">\n\t\t\t\t<div class=\"elementor-widget-container\">\n\t\t\t\t\t<h2 class=\"elementor-heading-title elementor-size-default\">Birgit Nilsson-days 2024<\/h2>\t\t\t\t<\/div>\n\t\t\t\t<\/div>\n\t\t\t\t\t<\/div>\n\t\t<\/div>\n\t\t\t\t\t<\/div>\n\t\t<\/section>\n\t\t\t\t<section class=\"elementor-section elementor-top-section elementor-element elementor-element-19d297e0 elementor-section-boxed elementor-section-height-default elementor-section-height-default\" data-id=\"19d297e0\" data-element_type=\"section\" data-e-type=\"section\">\n\t\t\t\t\t\t<div class=\"elementor-container elementor-column-gap-no\">\n\t\t\t\t\t<div class=\"elementor-column elementor-col-50 elementor-top-column elementor-element elementor-element-7a55ea0 elementor-invisible\" data-id=\"7a55ea0\" data-element_type=\"column\" data-e-type=\"column\" data-settings=\"{&quot;animation&quot;:&quot;fadeInUp&quot;}\">\n\t\t\t<div class=\"elementor-widget-wrap elementor-element-populated\">\n\t\t\t\t\t\t<div class=\"elementor-element elementor-element-67e2ad11 elementor-widget-divider--view-line elementor-widget elementor-widget-divider\" data-id=\"67e2ad11\" data-element_type=\"widget\" data-e-type=\"widget\" data-widget_type=\"divider.default\">\n\t\t\t\t<div class=\"elementor-widget-container\">\n\t\t\t\t\t\t\t<div class=\"elementor-divider\">\n\t\t\t<span class=\"elementor-divider-separator\">\n\t\t\t\t\t\t<\/span>\n\t\t<\/div>\n\t\t\t\t\t\t<\/div>\n\t\t\t\t<\/div>\n\t\t\t\t<div class=\"elementor-element elementor-element-52570aca elementor-widget elementor-widget-text-editor\" data-id=\"52570aca\" data-element_type=\"widget\" data-e-type=\"widget\" data-widget_type=\"text-editor.default\">\n\t\t\t\t<div class=\"elementor-widget-container\">\n\t\t\t\t\t\t\t\t\t<p><strong>Birgit Nilsson-days 4-10 augusti\u00a0<\/strong><\/p>\t\t\t\t\t\t\t\t<\/div>\n\t\t\t\t<\/div>\n\t\t\t\t<div class=\"elementor-element elementor-element-1c6f187f elementor-widget elementor-widget-text-editor\" data-id=\"1c6f187f\" data-element_type=\"widget\" data-e-type=\"widget\" data-widget_type=\"text-editor.default\">\n\t\t\t\t<div class=\"elementor-widget-container\">\n\t\t\t\t\t\t\t\t\t<p>The Birgit Nilsson Days 2023, August 6-12, will take place for the seventh year in a row in the great opera star&#8217;s home region in V\u00e4stra Karup. The concerts take place at three venues. In the Birgit Nilsson hall at Ravinen, in V\u00e4stra Karup&#8217;s church and at Center Courten in B\u00e5stad.<\/p><p>The Birgit Nilsson days begin with a Master Class. With an audience ticket, you can take part in the teaching on August 4-7, 10:30 a.m.-4:30 p.m. The work culminates in a closing concert in the Birgit Nilsson hall on August 8 at 19:00.<\/p><p>Recipients of this year&#8217;s Birgit Nilsson scholarship will be announced on May 17. The distribution with concert takes place on August 9 at 19:00 in V\u00e4stra Karup Church.<\/p><p>Program<\/p><p><a href=\"https:\/\/birgitnilsson.com\/museum\/wp-content\/uploads\/sites\/3\/2024\/08\/MasterClass.pdf\">MasterClass<\/a> <br \/><a href=\"https:\/\/birgitnilsson.com\/museum\/wp-content\/uploads\/sites\/3\/2024\/08\/stipendiekonsert.pdf\">stipendiekonsert<\/a><br \/><a href=\"https:\/\/birgitnilsson.com\/museum\/wp-content\/uploads\/sites\/3\/2024\/08\/Maskeradbalen.pdf\">Maskeradbalen<\/a><\/p>\t\t\t\t\t\t\t\t<\/div>\n\t\t\t\t<\/div>\n\t\t\t\t\t<\/div>\n\t\t<\/div>\n\t\t\t\t<div class=\"elementor-column elementor-col-50 elementor-top-column elementor-element elementor-element-2c3893d1 elementor-invisible\" data-id=\"2c3893d1\" data-element_type=\"column\" data-e-type=\"column\" data-settings=\"{&quot;animation&quot;:&quot;fadeInUp&quot;}\">\n\t\t\t<div class=\"elementor-widget-wrap elementor-element-populated\">\n\t\t\t\t\t\t<div class=\"elementor-element elementor-element-321f606 elementor-widget-divider--view-line elementor-widget elementor-widget-divider\" data-id=\"321f606\" data-element_type=\"widget\" data-e-type=\"widget\" data-widget_type=\"divider.default\">\n\t\t\t\t<div class=\"elementor-widget-container\">\n\t\t\t\t\t\t\t<div class=\"elementor-divider\">\n\t\t\t<span class=\"elementor-divider-separator\">\n\t\t\t\t\t\t<\/span>\n\t\t<\/div>\n\t\t\t\t\t\t<\/div>\n\t\t\t\t<\/div>\n\t\t\t\t<div class=\"elementor-element elementor-element-42819e13 elementor-widget elementor-widget-text-editor\" data-id=\"42819e13\" data-element_type=\"widget\" data-e-type=\"widget\" data-widget_type=\"text-editor.default\">\n\t\t\t\t<div class=\"elementor-widget-container\">\n\t\t\t\t\t\t\t\t\t<p><strong>Un Ballo in Maschera at Center court in B\u00e5stad<\/strong><\/p>\t\t\t\t\t\t\t\t<\/div>\n\t\t\t\t<\/div>\n\t\t\t\t<div class=\"elementor-element elementor-element-6e31baf3 elementor-widget elementor-widget-text-editor\" data-id=\"6e31baf3\" data-element_type=\"widget\" data-e-type=\"widget\" data-widget_type=\"text-editor.default\">\n\t\t\t\t<div class=\"elementor-widget-container\">\n\t\t\t\t\t\t\t\t\t<p>Saturday, August 10 at 19:00 a concertante outdoor performance-Un ballo I Maschera-Centercourten, B\u00e5stad<\/p><p>Top international singers take part in the performance, again this time together with the Helsingborg Symphony Orchestra and a choir with singers from Bj\u00e4re and Helsingborg &#8211; all under the direction of maestro Pier Giorgio Morandi, an expert in Italian opera who last year made an acclaimed appearance at Birgit Nilsson&#8217;s Tosca in Concert.<\/p><p><strong>Welcome at 18.15 in the Gallerian for a concert introduction with the opera director Anelia Kadieva Jonsson<span class=\"Apple-converted-space\">\u00a0<\/span><\/strong><\/p><p>Hear the vivid and insightful story of Giuseppe Verdi&#8217;s Un ballo in Maschera. Hear, among other things, about Verdi&#8217;s fight against censorship, the contrasting music and about his unusual use of humor in a tragic context. Don&#8217;t miss this introduction!<\/p><p>Tickets for all events are sold via<\/p><p><a href=\"https:\/\/www.juliusbiljettservice.se\/events\/1224\" target=\"_blank\" rel=\"noopener\">Julius Biljettservice<\/a><\/p>\t\t\t\t\t\t\t\t<\/div>\n\t\t\t\t<\/div>\n\t\t\t\t\t<\/div>\n\t\t<\/div>\n\t\t\t\t\t<\/div>\n\t\t<\/section>\n\t\t\t\t<section class=\"elementor-section elementor-top-section elementor-element elementor-element-329a7ab4 elementor-section-content-middle elementor-section-boxed elementor-section-height-default elementor-section-height-default\" data-id=\"329a7ab4\" data-element_type=\"section\" data-e-type=\"section\">\n\t\t\t\t\t\t<div class=\"elementor-container elementor-column-gap-no\">\n\t\t\t\t\t<div class=\"elementor-column elementor-col-50 elementor-top-column elementor-element elementor-element-6c1536e0 elementor-invisible\" data-id=\"6c1536e0\" data-element_type=\"column\" data-e-type=\"column\" data-settings=\"{&quot;animation&quot;:&quot;fadeIn&quot;}\">\n\t\t\t<div class=\"elementor-widget-wrap elementor-element-populated\">\n\t\t\t\t\t\t<div class=\"elementor-element elementor-element-31e5e987 elementor-invisible elementor-widget elementor-widget-image\" data-id=\"31e5e987\" data-element_type=\"widget\" data-e-type=\"widget\" data-settings=\"{&quot;_animation&quot;:&quot;fadeIn&quot;}\" data-widget_type=\"image.default\">\n\t\t\t\t<div class=\"elementor-widget-container\">\n\t\t\t\t\t\t\t\t\t\t\t\t\t\t\t<img fetchpriority=\"high\" decoding=\"async\" width=\"1024\" height=\"1024\" src=\"https:\/\/birgitnilsson.com\/museum\/wp-content\/uploads\/sites\/3\/2024\/08\/Namnlos-design-3-1024x1024.png\" class=\"attachment-large size-large wp-image-5443\" alt=\"\" srcset=\"https:\/\/birgitnilsson.com\/museum\/wp-content\/uploads\/sites\/3\/2024\/08\/Namnlos-design-3-1024x1024.png 1024w, https:\/\/birgitnilsson.com\/museum\/wp-content\/uploads\/sites\/3\/2024\/08\/Namnlos-design-3-300x300.png 300w, https:\/\/birgitnilsson.com\/museum\/wp-content\/uploads\/sites\/3\/2024\/08\/Namnlos-design-3-150x150.png 150w, https:\/\/birgitnilsson.com\/museum\/wp-content\/uploads\/sites\/3\/2024\/08\/Namnlos-design-3-768x768.png 768w, https:\/\/birgitnilsson.com\/museum\/wp-content\/uploads\/sites\/3\/2024\/08\/Namnlos-design-3-600x600.png 600w, https:\/\/birgitnilsson.com\/museum\/wp-content\/uploads\/sites\/3\/2024\/08\/Namnlos-design-3.png 1200w\" sizes=\"(max-width: 1024px) 100vw, 1024px\" \/>\t\t\t\t\t\t\t\t\t\t\t\t\t\t\t<\/div>\n\t\t\t\t<\/div>\n\t\t\t\t\t<\/div>\n\t\t<\/div>\n\t\t\t\t<div class=\"elementor-column elementor-col-50 elementor-top-column elementor-element elementor-element-5f34fcbb elementor-invisible\" data-id=\"5f34fcbb\" data-element_type=\"column\" data-e-type=\"column\" data-settings=\"{&quot;animation&quot;:&quot;fadeInRight&quot;,&quot;animation_mobile&quot;:&quot;fadeInUp&quot;}\">\n\t\t\t<div class=\"elementor-widget-wrap elementor-element-populated\">\n\t\t\t\t\t\t<div class=\"elementor-element elementor-element-68ac3f1d elementor-widget elementor-widget-heading\" data-id=\"68ac3f1d\" data-element_type=\"widget\" data-e-type=\"widget\" data-widget_type=\"heading.default\">\n\t\t\t\t<div class=\"elementor-widget-container\">\n\t\t\t\t\t<h2 class=\"elementor-heading-title elementor-size-default\">Un ballo in Maschera with world singers<\/h2>\t\t\t\t<\/div>\n\t\t\t\t<\/div>\n\t\t\t\t<div class=\"elementor-element elementor-element-6be8ac46 elementor-widget elementor-widget-text-editor\" data-id=\"6be8ac46\" data-element_type=\"widget\" data-e-type=\"widget\" data-widget_type=\"text-editor.default\">\n\t\t\t\t<div class=\"elementor-widget-container\">\n\t\t\t\t\t\t\t\t\t<p>World singers Joyce El-Khoury and Michael Fabiano make their long-awaited return to B\u00e5stad this summer together with Swedish star baritone Fredrik Zetterstr\u00f6m and master conductor Pier Giorgio Morandi.<\/p><p>After last year&#8217;s Tosca success, a special performance of Giuseppe Verdi&#8217;s opera Un Ballo in Maschera follows &#8211; this time the finale will take place on the Birgit Nilsson days in 2024 at B\u00e5stad Tennisstadion with Staffan Valdemar Holm as director.<\/p>\t\t\t\t\t\t\t\t<\/div>\n\t\t\t\t<\/div>\n\t\t\t\t\t<\/div>\n\t\t<\/div>\n\t\t\t\t\t<\/div>\n\t\t<\/section>\n\t\t\t\t<section class=\"elementor-section elementor-top-section elementor-element elementor-element-6a1f7b93 elementor-section-height-min-height elementor-section-boxed elementor-section-height-default elementor-section-items-middle\" data-id=\"6a1f7b93\" data-element_type=\"section\" data-e-type=\"section\">\n\t\t\t\t\t\t<div class=\"elementor-container elementor-column-gap-no\">\n\t\t\t\t\t<div class=\"elementor-column elementor-col-100 elementor-top-column elementor-element elementor-element-4d374769\" data-id=\"4d374769\" data-element_type=\"column\" data-e-type=\"column\">\n\t\t\t<div class=\"elementor-widget-wrap\">\n\t\t\t\t\t\t\t<\/div>\n\t\t<\/div>\n\t\t\t\t\t<\/div>\n\t\t<\/section>\n\t\t\t\t<section class=\"elementor-section elementor-top-section elementor-element elementor-element-1f70ce2e elementor-section-full_width elementor-section-stretched elementor-section-height-default elementor-section-height-default\" data-id=\"1f70ce2e\" data-element_type=\"section\" data-e-type=\"section\" data-settings=\"{&quot;stretch_section&quot;:&quot;section-stretched&quot;}\">\n\t\t\t\t\t\t<div class=\"elementor-container elementor-column-gap-default\">\n\t\t\t\t\t<div class=\"elementor-column elementor-col-100 elementor-top-column elementor-element elementor-element-76315c50 elementor-invisible\" data-id=\"76315c50\" data-element_type=\"column\" data-e-type=\"column\" data-settings=\"{&quot;animation&quot;:&quot;fadeIn&quot;}\">\n\t\t\t<div class=\"elementor-widget-wrap elementor-element-populated\">\n\t\t\t\t\t\t<div class=\"elementor-element elementor-element-1cf4677 elementor-widget elementor-widget-image\" data-id=\"1cf4677\" data-element_type=\"widget\" data-e-type=\"widget\" data-widget_type=\"image.default\">\n\t\t\t\t<div class=\"elementor-widget-container\">\n\t\t\t\t\t\t\t\t\t\t\t\t\t\t\t<img decoding=\"async\" width=\"1800\" height=\"1200\" src=\"https:\/\/birgitnilsson.com\/museum\/wp-content\/uploads\/sites\/3\/2023\/08\/Tosca_in_Concert_Photo_Gunilla_Hovenas.png\" class=\"attachment-full size-full wp-image-4680\" alt=\"Tosca in Concert\" srcset=\"https:\/\/birgitnilsson.com\/museum\/wp-content\/uploads\/sites\/3\/2023\/08\/Tosca_in_Concert_Photo_Gunilla_Hovenas.png 1800w, https:\/\/birgitnilsson.com\/museum\/wp-content\/uploads\/sites\/3\/2023\/08\/Tosca_in_Concert_Photo_Gunilla_Hovenas-300x200.png 300w, https:\/\/birgitnilsson.com\/museum\/wp-content\/uploads\/sites\/3\/2023\/08\/Tosca_in_Concert_Photo_Gunilla_Hovenas-1024x683.png 1024w, https:\/\/birgitnilsson.com\/museum\/wp-content\/uploads\/sites\/3\/2023\/08\/Tosca_in_Concert_Photo_Gunilla_Hovenas-768x512.png 768w, https:\/\/birgitnilsson.com\/museum\/wp-content\/uploads\/sites\/3\/2023\/08\/Tosca_in_Concert_Photo_Gunilla_Hovenas-1536x1024.png 1536w\" sizes=\"(max-width: 1800px) 100vw, 1800px\" \/>\t\t\t\t\t\t\t\t\t\t\t\t\t\t\t<\/div>\n\t\t\t\t<\/div>\n\t\t\t\t\t<\/div>\n\t\t<\/div>\n\t\t\t\t\t<\/div>\n\t\t<\/section>\n\t\t\t\t<section class=\"elementor-section elementor-top-section elementor-element elementor-element-1ebd2c85 elementor-section-height-min-height quote quote-long elementor-section-stretched elementor-section-boxed elementor-section-height-default elementor-section-items-middle\" data-id=\"1ebd2c85\" data-element_type=\"section\" data-e-type=\"section\" data-settings=\"{&quot;background_background&quot;:&quot;classic&quot;,&quot;stretch_section&quot;:&quot;section-stretched&quot;}\">\n\t\t\t\t\t\t\t<div class=\"elementor-background-overlay\"><\/div>\n\t\t\t\t\t\t\t<div class=\"elementor-container elementor-column-gap-no\">\n\t\t\t\t\t<div class=\"elementor-column elementor-col-100 elementor-top-column elementor-element elementor-element-47fc6203\" data-id=\"47fc6203\" data-element_type=\"column\" data-e-type=\"column\">\n\t\t\t<div class=\"elementor-widget-wrap elementor-element-populated\">\n\t\t\t\t\t\t<div class=\"elementor-element elementor-element-260750f elementor-widget elementor-widget-heading\" data-id=\"260750f\" data-element_type=\"widget\" data-e-type=\"widget\" data-widget_type=\"heading.default\">\n\t\t\t\t<div class=\"elementor-widget-container\">\n\t\t\t\t\t<h2 class=\"elementor-heading-title elementor-size-default\">Absolutely fantastic - despite the rain - what a show!<\/h2>\t\t\t\t<\/div>\n\t\t\t\t<\/div>\n\t\t\t\t<div class=\"elementor-element elementor-element-16f04949 elementor-widget elementor-widget-heading\" data-id=\"16f04949\" data-element_type=\"widget\" data-e-type=\"widget\" data-widget_type=\"heading.default\">\n\t\t\t\t<div class=\"elementor-widget-container\">\n\t\t\t\t\t<h3 class=\"elementor-heading-title elementor-size-default\">Jenny Littorin - Tosca in concert 2023<\/h3>\t\t\t\t<\/div>\n\t\t\t\t<\/div>\n\t\t\t\t\t<\/div>\n\t\t<\/div>\n\t\t\t\t\t<\/div>\n\t\t<\/section>\n\t\t\t\t<section class=\"elementor-section elementor-top-section elementor-element elementor-element-dd6e3b9 elementor-section-content-middle elementor-section-boxed elementor-section-height-default elementor-section-height-default\" data-id=\"dd6e3b9\" data-element_type=\"section\" data-e-type=\"section\">\n\t\t\t\t\t\t<div class=\"elementor-container elementor-column-gap-no\">\n\t\t\t\t\t<div class=\"elementor-column elementor-col-50 elementor-top-column elementor-element elementor-element-6072da49 elementor-invisible\" data-id=\"6072da49\" data-element_type=\"column\" data-e-type=\"column\" data-settings=\"{&quot;animation&quot;:&quot;fadeInLeft&quot;,&quot;animation_mobile&quot;:&quot;fadeInUp&quot;}\">\n\t\t\t<div class=\"elementor-widget-wrap elementor-element-populated\">\n\t\t\t\t\t\t<div class=\"elementor-element elementor-element-6f6f8d76 elementor-widget elementor-widget-heading\" data-id=\"6f6f8d76\" data-element_type=\"widget\" data-e-type=\"widget\" data-widget_type=\"heading.default\">\n\t\t\t\t<div class=\"elementor-widget-container\">\n\t\t\t\t\t<h2 class=\"elementor-heading-title elementor-size-default\">Good to know<\/h2>\t\t\t\t<\/div>\n\t\t\t\t<\/div>\n\t\t\t\t<div class=\"elementor-element elementor-element-5a711ced elementor-widget elementor-widget-text-editor\" data-id=\"5a711ced\" data-element_type=\"widget\" data-e-type=\"widget\" data-widget_type=\"text-editor.default\">\n\t\t\t\t<div class=\"elementor-widget-container\">\n\t\t\t\t\t\t\t\t\t<p><b>A warm welcome to Giuseppe Verdi&#8217;s &#8221;Un ballo in Maschera&#8221; at the center court in B\u00e5stad.<span class=\"Apple-converted-space\">\u00a0<\/span><\/b><\/p><p><b>As organizers, we want to take the opportunity to inform you who are coming as guests to B\u00e5stad on August 10.<\/b><\/p><p>-Open-air concert<\/p><p>-Entrane open from 5:00 pm<\/p><p>-Program is included in the ticket<\/p><p>-Sale of refreshments with snacks, coffee etc. in the concert area<\/p><p>-Cashless payment<\/p><p>-It is not permitted to bring your own food and drink<\/p><p>-Umbrellas not allowed<\/p>\t\t\t\t\t\t\t\t<\/div>\n\t\t\t\t<\/div>\n\t\t\t\t\t<\/div>\n\t\t<\/div>\n\t\t\t\t<div class=\"elementor-column elementor-col-50 elementor-top-column elementor-element elementor-element-21af7e4a elementor-invisible\" data-id=\"21af7e4a\" data-element_type=\"column\" data-e-type=\"column\" data-settings=\"{&quot;animation&quot;:&quot;fadeIn&quot;}\">\n\t\t\t<div class=\"elementor-widget-wrap elementor-element-populated\">\n\t\t\t\t\t\t<div class=\"elementor-element elementor-element-26925546 elementor-widget elementor-widget-image\" data-id=\"26925546\" data-element_type=\"widget\" data-e-type=\"widget\" data-widget_type=\"image.default\">\n\t\t\t\t<div class=\"elementor-widget-container\">\n\t\t\t\t\t\t\t\t\t\t\t\t\t\t\t<img decoding=\"async\" width=\"1024\" height=\"1024\" src=\"https:\/\/birgitnilsson.com\/museum\/wp-content\/uploads\/sites\/3\/2023\/12\/birgit_nilsson_days_2024-1024x1024.png\" class=\"attachment-large size-large wp-image-4888\" alt=\"\" srcset=\"https:\/\/birgitnilsson.com\/museum\/wp-content\/uploads\/sites\/3\/2023\/12\/birgit_nilsson_days_2024-1024x1024.png 1024w, https:\/\/birgitnilsson.com\/museum\/wp-content\/uploads\/sites\/3\/2023\/12\/birgit_nilsson_days_2024-300x300.png 300w, https:\/\/birgitnilsson.com\/museum\/wp-content\/uploads\/sites\/3\/2023\/12\/birgit_nilsson_days_2024-150x150.png 150w, https:\/\/birgitnilsson.com\/museum\/wp-content\/uploads\/sites\/3\/2023\/12\/birgit_nilsson_days_2024-768x768.png 768w, https:\/\/birgitnilsson.com\/museum\/wp-content\/uploads\/sites\/3\/2023\/12\/birgit_nilsson_days_2024-600x600.png 600w, https:\/\/birgitnilsson.com\/museum\/wp-content\/uploads\/sites\/3\/2023\/12\/birgit_nilsson_days_2024.png 1200w\" sizes=\"(max-width: 1024px) 100vw, 1024px\" \/>\t\t\t\t\t\t\t\t\t\t\t\t\t\t\t<\/div>\n\t\t\t\t<\/div>\n\t\t\t\t\t<\/div>\n\t\t<\/div>\n\t\t\t\t\t<\/div>\n\t\t<\/section>\n\t\t\t\t<section class=\"elementor-section elementor-top-section elementor-element elementor-element-6d49f90d elementor-section-boxed elementor-section-height-default elementor-section-height-default\" data-id=\"6d49f90d\" data-element_type=\"section\" data-e-type=\"section\">\n\t\t\t\t\t\t<div class=\"elementor-container elementor-column-gap-no\">\n\t\t\t\t\t<div class=\"elementor-column elementor-col-50 elementor-top-column elementor-element elementor-element-65f40c6e elementor-invisible\" data-id=\"65f40c6e\" data-element_type=\"column\" data-e-type=\"column\" data-settings=\"{&quot;animation&quot;:&quot;fadeInUp&quot;}\">\n\t\t\t<div class=\"elementor-widget-wrap elementor-element-populated\">\n\t\t\t\t\t\t<div class=\"elementor-element elementor-element-1f2be972 elementor-widget-divider--view-line elementor-widget elementor-widget-divider\" data-id=\"1f2be972\" data-element_type=\"widget\" data-e-type=\"widget\" data-widget_type=\"divider.default\">\n\t\t\t\t<div class=\"elementor-widget-container\">\n\t\t\t\t\t\t\t<div class=\"elementor-divider\">\n\t\t\t<span class=\"elementor-divider-separator\">\n\t\t\t\t\t\t<\/span>\n\t\t<\/div>\n\t\t\t\t\t\t<\/div>\n\t\t\t\t<\/div>\n\t\t\t\t<div class=\"elementor-element elementor-element-1baa9e8 elementor-widget elementor-widget-text-editor\" data-id=\"1baa9e8\" data-element_type=\"widget\" data-e-type=\"widget\" data-widget_type=\"text-editor.default\">\n\t\t\t\t<div class=\"elementor-widget-container\">\n\t\t\t\t\t\t\t\t\t<p><strong>Leave your bag at home<\/strong><\/p>\t\t\t\t\t\t\t\t<\/div>\n\t\t\t\t<\/div>\n\t\t\t\t<div class=\"elementor-element elementor-element-368e51e6 elementor-widget elementor-widget-text-editor\" data-id=\"368e51e6\" data-element_type=\"widget\" data-e-type=\"widget\" data-widget_type=\"text-editor.default\">\n\t\t\t\t<div class=\"elementor-widget-container\">\n\t\t\t\t\t\t\t\t\t<p>Based on the increased security level, the Police Authority has decided on a bag ban at major events in Sweden. The masquerade ball is included in this and there will be a ban on bags inside the arena area. No luggage storage is offered.<\/p><p>Exceptions may be made for people who for medical reasons need to bring a bag into the arena and for people with children who need a diaper bag.<\/p><p>Questions and answers<\/p><p>What can I bring into the arena?<\/p><p>You may bring things with you that fit in your pocket or that you hold in your hand, e.g. tickets. Bags with straps or stomach bags are not permitted.<\/p><p>Can I bring a bag?<\/p><p>No<\/p><p>Can I bring a toiletry bag?<\/p><p>Yes, if it fits in your pocket.<\/p><p>What about menstrual protection?<\/p><p>What fits in the pocket is OK. Free menstrual protection is offered inside the toilets in the arena area.<\/p><p>What about medical needs?<\/p><p>Bags for medical needs may be brought in. Nothing other than the medical needs may be kept in the bag. Prescription\/certificate may be required.<\/p><p>Can I bring a pram in?<\/p><p>Yes, but there must not be any bags other than a diaper bag in the stroller.<\/p><p>What about wheelchairs\/permobiles?<\/p><p>May be brought in but will be checked.<\/p><p>Can I bring an umbrella?<\/p><p>No<\/p><p>Can I bring a water bottle?<\/p><p>Yes<\/p><p>Is there a wardrobe?<\/p><p>No<\/p><p>What about what is traded inside the arena?<\/p><p>Purchased goods\/bags inside the arena are OK but may not be taken out and then re-entered.<\/p>\t\t\t\t\t\t\t\t<\/div>\n\t\t\t\t<\/div>\n\t\t\t\t\t<\/div>\n\t\t<\/div>\n\t\t\t\t<div class=\"elementor-column elementor-col-50 elementor-top-column elementor-element elementor-element-5d21d484 elementor-invisible\" data-id=\"5d21d484\" data-element_type=\"column\" data-e-type=\"column\" data-settings=\"{&quot;animation&quot;:&quot;fadeInUp&quot;}\">\n\t\t\t<div class=\"elementor-widget-wrap elementor-element-populated\">\n\t\t\t\t\t\t<div class=\"elementor-element elementor-element-52968f2a elementor-widget-divider--view-line elementor-widget elementor-widget-divider\" data-id=\"52968f2a\" data-element_type=\"widget\" data-e-type=\"widget\" data-widget_type=\"divider.default\">\n\t\t\t\t<div class=\"elementor-widget-container\">\n\t\t\t\t\t\t\t<div class=\"elementor-divider\">\n\t\t\t<span class=\"elementor-divider-separator\">\n\t\t\t\t\t\t<\/span>\n\t\t<\/div>\n\t\t\t\t\t\t<\/div>\n\t\t\t\t<\/div>\n\t\t\t\t<div class=\"elementor-element elementor-element-1d795a7b elementor-widget elementor-widget-text-editor\" data-id=\"1d795a7b\" data-element_type=\"widget\" data-e-type=\"widget\" data-widget_type=\"text-editor.default\">\n\t\t\t\t<div class=\"elementor-widget-container\">\n\t\t\t\t\t\t\t\t\t<p><strong>Be in time<\/strong><\/p>\t\t\t\t\t\t\t\t<\/div>\n\t\t\t\t<\/div>\n\t\t\t\t<div class=\"elementor-element elementor-element-2483c394 elementor-widget elementor-widget-text-editor\" data-id=\"2483c394\" data-element_type=\"widget\" data-e-type=\"widget\" data-widget_type=\"text-editor.default\">\n\t\t\t\t<div class=\"elementor-widget-container\">\n\t\t\t\t\t\t\t\t\t<p>The concert starts at 19.00.<span class=\"Apple-converted-space\">\u00a0<\/span><\/p><p>The area around the center court opens at 17.00 and refreshments are available for purchase.<\/p><p>If you come by car, it is a good reason to add a little extra time to find the right parking around B\u00e5stad. The distances are not that long in B\u00e5stad and there is perhaps a parking space a bit away from the center court. It is fine to let people with walking difficulties get off near the entrance to the center court and then park the car in a free parking space.<\/p><p>In the ticket for the concert at 19.00 also includes the concert introduction in the Gallerian at 18.15 with the opera director Anelia Kadieva Jonsson.<\/p><p>Our volunteers will greet you at the entrance to the center court and the program for the evening&#8217;s concert will be handed out.<\/p><p>Should it rain, there are rain ponchos available.<\/p><p>17.00<span class=\"Apple-converted-space\">\u00a0<\/span><\/p><p>The area around the center court opens.<span class=\"Apple-converted-space\">\u00a0<\/span><\/p><p>18.15<span class=\"Apple-converted-space\">\u00a0<\/span><\/p><p>Concert introduction in the Gallerian with opera director Anelia Kadieva Jonsson<span class=\"Apple-converted-space\">\u00a0<\/span><\/p><p>19.00<span class=\"Apple-converted-space\">\u00a0<\/span><\/p><p>ACT I<span class=\"Apple-converted-space\">\u00a0<\/span><\/p><p>Susanne Ryd\u00e9n, Birgit Nilsson Stiftelsen, welcomes you<span class=\"Apple-converted-space\">\u00a0<\/span><\/p><p>8:30 p.m<span class=\"Apple-converted-space\">\u00a0<\/span><\/p><p>Paus and mingle<\/p><p>About 21.15<\/p><p>ACT II<span class=\"Apple-converted-space\">\u00a0<\/span><\/p><p>About 22.15<span class=\"Apple-converted-space\">\u00a0<\/span><\/p><p>The concert is over.<\/p>\t\t\t\t\t\t\t\t<\/div>\n\t\t\t\t<\/div>\n\t\t\t\t\t<\/div>\n\t\t<\/div>\n\t\t\t\t\t<\/div>\n\t\t<\/section>\n\t\t\t\t<section class=\"elementor-section elementor-top-section elementor-element elementor-element-34708a7d elementor-section-content-middle elementor-section-boxed elementor-section-height-default elementor-section-height-default\" data-id=\"34708a7d\" data-element_type=\"section\" data-e-type=\"section\">\n\t\t\t\t\t\t<div class=\"elementor-container elementor-column-gap-no\">\n\t\t\t\t\t<div class=\"elementor-column elementor-col-50 elementor-top-column elementor-element elementor-element-3e3f74ad elementor-invisible\" data-id=\"3e3f74ad\" data-element_type=\"column\" data-e-type=\"column\" data-settings=\"{&quot;animation&quot;:&quot;fadeIn&quot;}\">\n\t\t\t<div class=\"elementor-widget-wrap elementor-element-populated\">\n\t\t\t\t\t\t<div class=\"elementor-element elementor-element-33ff42b3 elementor-invisible elementor-widget elementor-widget-image\" data-id=\"33ff42b3\" data-element_type=\"widget\" data-e-type=\"widget\" data-settings=\"{&quot;_animation&quot;:&quot;fadeIn&quot;}\" data-widget_type=\"image.default\">\n\t\t\t\t<div class=\"elementor-widget-container\">\n\t\t\t\t\t\t\t\t\t\t\t\t\t\t\t<img loading=\"lazy\" decoding=\"async\" width=\"1024\" height=\"1024\" src=\"https:\/\/birgitnilsson.com\/museum\/wp-content\/uploads\/sites\/3\/2024\/01\/Bastad_centercourt_maskeradbalen_foto_Anders_Karolyi-1024x1024.png\" class=\"attachment-large size-large wp-image-4929\" alt=\"B\u00e5stad Centercourt Foto:Anders Karolyi\" srcset=\"https:\/\/birgitnilsson.com\/museum\/wp-content\/uploads\/sites\/3\/2024\/01\/Bastad_centercourt_maskeradbalen_foto_Anders_Karolyi-1024x1024.png 1024w, https:\/\/birgitnilsson.com\/museum\/wp-content\/uploads\/sites\/3\/2024\/01\/Bastad_centercourt_maskeradbalen_foto_Anders_Karolyi-300x300.png 300w, https:\/\/birgitnilsson.com\/museum\/wp-content\/uploads\/sites\/3\/2024\/01\/Bastad_centercourt_maskeradbalen_foto_Anders_Karolyi-150x150.png 150w, https:\/\/birgitnilsson.com\/museum\/wp-content\/uploads\/sites\/3\/2024\/01\/Bastad_centercourt_maskeradbalen_foto_Anders_Karolyi-768x768.png 768w, https:\/\/birgitnilsson.com\/museum\/wp-content\/uploads\/sites\/3\/2024\/01\/Bastad_centercourt_maskeradbalen_foto_Anders_Karolyi-600x600.png 600w, https:\/\/birgitnilsson.com\/museum\/wp-content\/uploads\/sites\/3\/2024\/01\/Bastad_centercourt_maskeradbalen_foto_Anders_Karolyi.png 1200w\" sizes=\"(max-width: 1024px) 100vw, 1024px\" \/>\t\t\t\t\t\t\t\t\t\t\t\t\t\t\t<\/div>\n\t\t\t\t<\/div>\n\t\t\t\t\t<\/div>\n\t\t<\/div>\n\t\t\t\t<div class=\"elementor-column elementor-col-50 elementor-top-column elementor-element elementor-element-3a01b044 elementor-invisible\" data-id=\"3a01b044\" data-element_type=\"column\" data-e-type=\"column\" data-settings=\"{&quot;animation&quot;:&quot;fadeInRight&quot;,&quot;animation_mobile&quot;:&quot;fadeInUp&quot;}\">\n\t\t\t<div class=\"elementor-widget-wrap elementor-element-populated\">\n\t\t\t\t\t\t<div class=\"elementor-element elementor-element-62487a3d elementor-widget elementor-widget-heading\" data-id=\"62487a3d\" data-element_type=\"widget\" data-e-type=\"widget\" data-widget_type=\"heading.default\">\n\t\t\t\t<div class=\"elementor-widget-container\">\n\t\t\t\t\t<h2 class=\"elementor-heading-title elementor-size-default\">Birgit Nilsson-package<\/h2>\t\t\t\t<\/div>\n\t\t\t\t<\/div>\n\t\t\t\t<div class=\"elementor-element elementor-element-3f7a8356 elementor-widget elementor-widget-text-editor\" data-id=\"3f7a8356\" data-element_type=\"widget\" data-e-type=\"widget\" data-widget_type=\"text-editor.default\">\n\t\t\t\t<div class=\"elementor-widget-container\">\n\t\t\t\t\t\t\t\t\t<p>Stay at Hotel Skansen 10\/8 when Verdi&#8217;s opera Un ballo in maschera is staged in a open-air concert version on the center court, directly outside the hotel. The perfect end to the 2024 Birgit Nilsson days.<\/p><p>The package includes a concert ticket, a two-course dinner before the concert, overnight stay, breakfast buffet and access to the spa, rooftop and cold bathhouse.<\/p>\t\t\t\t\t\t\t\t<\/div>\n\t\t\t\t<\/div>\n\t\t\t\t<div class=\"elementor-element elementor-element-2816749 red elementor-view-default elementor-widget elementor-widget-icon\" data-id=\"2816749\" data-element_type=\"widget\" data-e-type=\"widget\" data-widget_type=\"icon.default\">\n\t\t\t\t<div class=\"elementor-widget-container\">\n\t\t\t\t\t\t\t<div class=\"elementor-icon-wrapper\">\n\t\t\t<a class=\"elementor-icon\" href=\"https:\/\/hotelskansen.se\/en\/packages\/birgit-nilsson\/\" target=\"_blank\">\n\t\t\t<i aria-hidden=\"true\" class=\"fas fa-long-arrow-alt-right\"><\/i>\t\t\t<\/a>\n\t\t<\/div>\n\t\t\t\t\t\t<\/div>\n\t\t\t\t<\/div>\n\t\t\t\t\t<\/div>\n\t\t<\/div>\n\t\t\t\t\t<\/div>\n\t\t<\/section>\n\t\t\t\t<section class=\"elementor-section elementor-top-section elementor-element elementor-element-4734d30b elementor-section-height-min-height elementor-section-boxed elementor-section-height-default elementor-section-items-middle\" data-id=\"4734d30b\" data-element_type=\"section\" data-e-type=\"section\">\n\t\t\t\t\t\t<div class=\"elementor-container elementor-column-gap-no\">\n\t\t\t\t\t<div class=\"elementor-column elementor-col-100 elementor-top-column elementor-element elementor-element-5ce0d2b7\" data-id=\"5ce0d2b7\" data-element_type=\"column\" data-e-type=\"column\">\n\t\t\t<div class=\"elementor-widget-wrap\">\n\t\t\t\t\t\t\t<\/div>\n\t\t<\/div>\n\t\t\t\t\t<\/div>\n\t\t<\/section>\n\t\t\t\t<\/div>\n\t\t","protected":false},"excerpt":{"rendered":"<p>Birgit Nilsson-days 2024 Birgit Nilsson-days 4-10 augusti\u00a0 The Birgit Nilsson Days 2023, August 6-12, will take place for the seventh year in a row in the great opera star&#8217;s home region in V\u00e4stra Karup. The concerts take place at three venues. In the Birgit Nilsson hall at Ravinen, in V\u00e4stra Karup&#8217;s church and at Center [&hellip;]<\/p>\n","protected":false},"author":12,"featured_media":0,"parent":0,"menu_order":0,"comment_status":"closed","ping_status":"closed","template":"","meta":{"_acf_changed":false,"ocean_post_layout":"","ocean_both_sidebars_style":"","ocean_both_sidebars_content_width":0,"ocean_both_sidebars_sidebars_width":0,"ocean_sidebar":"","ocean_second_sidebar":"","ocean_disable_margins":"enable","ocean_add_body_class":"","ocean_shortcode_before_top_bar":"","ocean_shortcode_after_top_bar":"","ocean_shortcode_before_header":"","ocean_shortcode_after_header":"","ocean_has_shortcode":"","ocean_shortcode_after_title":"","ocean_shortcode_before_footer_widgets":"","ocean_shortcode_after_footer_widgets":"","ocean_shortcode_before_footer_bottom":"","ocean_shortcode_after_footer_bottom":"","ocean_display_top_bar":"default","ocean_display_header":"default","ocean_header_style":"","ocean_center_header_left_menu":"","ocean_custom_header_template":"","ocean_custom_logo":0,"ocean_custom_retina_logo":0,"ocean_custom_logo_max_width":0,"ocean_custom_logo_tablet_max_width":0,"ocean_custom_logo_mobile_max_width":0,"ocean_custom_logo_max_height":0,"ocean_custom_logo_tablet_max_height":0,"ocean_custom_logo_mobile_max_height":0,"ocean_header_custom_menu":"","ocean_menu_typo_font_family":"","ocean_menu_typo_font_subset":"","ocean_menu_typo_font_size":0,"ocean_menu_typo_font_size_tablet":0,"ocean_menu_typo_font_size_mobile":0,"ocean_menu_typo_font_size_unit":"px","ocean_menu_typo_font_weight":"","ocean_menu_typo_font_weight_tablet":"","ocean_menu_typo_font_weight_mobile":"","ocean_menu_typo_transform":"","ocean_menu_typo_transform_tablet":"","ocean_menu_typo_transform_mobile":"","ocean_menu_typo_line_height":0,"ocean_menu_typo_line_height_tablet":0,"ocean_menu_typo_line_height_mobile":0,"ocean_menu_typo_line_height_unit":"","ocean_menu_typo_spacing":0,"ocean_menu_typo_spacing_tablet":0,"ocean_menu_typo_spacing_mobile":0,"ocean_menu_typo_spacing_unit":"","ocean_menu_link_color":"","ocean_menu_link_color_hover":"","ocean_menu_link_color_active":"","ocean_menu_link_background":"","ocean_menu_link_hover_background":"","ocean_menu_link_active_background":"","ocean_menu_social_links_bg":"","ocean_menu_social_hover_links_bg":"","ocean_menu_social_links_color":"","ocean_menu_social_hover_links_color":"","ocean_disable_title":"default","ocean_disable_heading":"default","ocean_post_title":"","ocean_post_subheading":"","ocean_post_title_style":"","ocean_post_title_background_color":"","ocean_post_title_background":0,"ocean_post_title_bg_image_position":"","ocean_post_title_bg_image_attachment":"","ocean_post_title_bg_image_repeat":"","ocean_post_title_bg_image_size":"","ocean_post_title_height":0,"ocean_post_title_bg_overlay":0.5,"ocean_post_title_bg_overlay_color":"","ocean_disable_breadcrumbs":"default","ocean_breadcrumbs_color":"","ocean_breadcrumbs_separator_color":"","ocean_breadcrumbs_links_color":"","ocean_breadcrumbs_links_hover_color":"","ocean_display_footer_widgets":"default","ocean_display_footer_bottom":"default","ocean_custom_footer_template":"","footnotes":""},"class_list":["post-5176","page","type-page","status-publish","hentry","entry"],"acf":[],"yoast_head":"<!-- This site is optimized with the Yoast SEO plugin v27.4 - https:\/\/yoast.com\/product\/yoast-seo-wordpress\/ -->\n<title>Birgit Nilsson Days The Legacy - Birgit Nilsson Museum<\/title>\n<meta name=\"robots\" content=\"index, follow, max-snippet:-1, max-image-preview:large, max-video-preview:-1\" \/>\n<link rel=\"canonical\" href=\"https:\/\/birgitnilsson.com\/museum\/en\/birgit-nilsson-days-the-legacy\/\" \/>\n<meta property=\"og:locale\" content=\"sv_SE\" \/>\n<meta property=\"og:type\" content=\"article\" \/>\n<meta property=\"og:title\" content=\"Birgit Nilsson Days The Legacy - Birgit Nilsson Museum\" \/>\n<meta property=\"og:description\" content=\"Birgit Nilsson-days 2024 Birgit Nilsson-days 4-10 augusti\u00a0 The Birgit Nilsson Days 2023, August 6-12, will take place for the seventh year in a row in the great opera star&#8217;s home region in V\u00e4stra Karup. The concerts take place at three venues. In the Birgit Nilsson hall at Ravinen, in V\u00e4stra Karup&#8217;s church and at Center [&hellip;]\" \/>\n<meta property=\"og:url\" content=\"https:\/\/birgitnilsson.com\/museum\/en\/birgit-nilsson-days-the-legacy\/\" \/>\n<meta property=\"og:site_name\" content=\"Birgit Nilsson Museum\" \/>\n<meta property=\"article:modified_time\" content=\"2024-08-08T11:34:49+00:00\" \/>\n<meta property=\"og:image\" content=\"https:\/\/birgitnilsson.com\/museum\/wp-content\/uploads\/sites\/3\/2024\/08\/Namnlos-design-3-1024x1024.png\" \/>\n<meta name=\"twitter:card\" content=\"summary_large_image\" \/>\n<meta name=\"twitter:label1\" content=\"Ber\u00e4knad l\u00e4stid\" \/>\n\t<meta name=\"twitter:data1\" content=\"6 minuter\" \/>\n<script type=\"application\/ld+json\" class=\"yoast-schema-graph\">{\"@context\":\"https:\\\/\\\/schema.org\",\"@graph\":[{\"@type\":\"WebPage\",\"@id\":\"https:\\\/\\\/birgitnilsson.com\\\/museum\\\/en\\\/birgit-nilsson-days-the-legacy\\\/\",\"url\":\"https:\\\/\\\/birgitnilsson.com\\\/museum\\\/en\\\/birgit-nilsson-days-the-legacy\\\/\",\"name\":\"Birgit Nilsson Days The Legacy - Birgit Nilsson Museum\",\"isPartOf\":{\"@id\":\"https:\\\/\\\/birgitnilsson.com\\\/museum\\\/#website\"},\"primaryImageOfPage\":{\"@id\":\"https:\\\/\\\/birgitnilsson.com\\\/museum\\\/en\\\/birgit-nilsson-days-the-legacy\\\/#primaryimage\"},\"image\":{\"@id\":\"https:\\\/\\\/birgitnilsson.com\\\/museum\\\/en\\\/birgit-nilsson-days-the-legacy\\\/#primaryimage\"},\"thumbnailUrl\":\"https:\\\/\\\/birgitnilsson.com\\\/museum\\\/wp-content\\\/uploads\\\/sites\\\/3\\\/2024\\\/08\\\/Namnlos-design-3-1024x1024.png\",\"datePublished\":\"2024-01-29T14:28:22+00:00\",\"dateModified\":\"2024-08-08T11:34:49+00:00\",\"breadcrumb\":{\"@id\":\"https:\\\/\\\/birgitnilsson.com\\\/museum\\\/en\\\/birgit-nilsson-days-the-legacy\\\/#breadcrumb\"},\"inLanguage\":\"sv-SE\",\"potentialAction\":[{\"@type\":\"ReadAction\",\"target\":[\"https:\\\/\\\/birgitnilsson.com\\\/museum\\\/en\\\/birgit-nilsson-days-the-legacy\\\/\"]}]},{\"@type\":\"ImageObject\",\"inLanguage\":\"sv-SE\",\"@id\":\"https:\\\/\\\/birgitnilsson.com\\\/museum\\\/en\\\/birgit-nilsson-days-the-legacy\\\/#primaryimage\",\"url\":\"https:\\\/\\\/birgitnilsson.com\\\/museum\\\/wp-content\\\/uploads\\\/sites\\\/3\\\/2024\\\/08\\\/Namnlos-design-3.png\",\"contentUrl\":\"https:\\\/\\\/birgitnilsson.com\\\/museum\\\/wp-content\\\/uploads\\\/sites\\\/3\\\/2024\\\/08\\\/Namnlos-design-3.png\",\"width\":1200,\"height\":1200},{\"@type\":\"BreadcrumbList\",\"@id\":\"https:\\\/\\\/birgitnilsson.com\\\/museum\\\/en\\\/birgit-nilsson-days-the-legacy\\\/#breadcrumb\",\"itemListElement\":[{\"@type\":\"ListItem\",\"position\":1,\"name\":\"Hem\",\"item\":\"https:\\\/\\\/birgitnilsson.com\\\/museum\\\/\"},{\"@type\":\"ListItem\",\"position\":2,\"name\":\"Birgit Nilsson Days The Legacy\"}]},{\"@type\":\"WebSite\",\"@id\":\"https:\\\/\\\/birgitnilsson.com\\\/museum\\\/#website\",\"url\":\"https:\\\/\\\/birgitnilsson.com\\\/museum\\\/\",\"name\":\"Birgit Nilsson Museum\",\"description\":\"The official website\",\"publisher\":{\"@id\":\"https:\\\/\\\/birgitnilsson.com\\\/museum\\\/#organization\"},\"potentialAction\":[{\"@type\":\"SearchAction\",\"target\":{\"@type\":\"EntryPoint\",\"urlTemplate\":\"https:\\\/\\\/birgitnilsson.com\\\/museum\\\/?s={search_term_string}\"},\"query-input\":{\"@type\":\"PropertyValueSpecification\",\"valueRequired\":true,\"valueName\":\"search_term_string\"}}],\"inLanguage\":\"sv-SE\"},{\"@type\":\"Organization\",\"@id\":\"https:\\\/\\\/birgitnilsson.com\\\/museum\\\/#organization\",\"name\":\"Birgit Nilsson Museum\",\"url\":\"https:\\\/\\\/birgitnilsson.com\\\/museum\\\/\",\"logo\":{\"@type\":\"ImageObject\",\"inLanguage\":\"sv-SE\",\"@id\":\"https:\\\/\\\/birgitnilsson.com\\\/museum\\\/#\\\/schema\\\/logo\\\/image\\\/\",\"url\":\"https:\\\/\\\/birgitnilsson.com\\\/museum\\\/wp-content\\\/uploads\\\/sites\\\/3\\\/2021\\\/03\\\/Birgit-Nilsson-logotype-light.png\",\"contentUrl\":\"https:\\\/\\\/birgitnilsson.com\\\/museum\\\/wp-content\\\/uploads\\\/sites\\\/3\\\/2021\\\/03\\\/Birgit-Nilsson-logotype-light.png\",\"width\":876,\"height\":387,\"caption\":\"Birgit Nilsson Museum\"},\"image\":{\"@id\":\"https:\\\/\\\/birgitnilsson.com\\\/museum\\\/#\\\/schema\\\/logo\\\/image\\\/\"}}]}<\/script>\n<!-- \/ Yoast SEO plugin. -->","yoast_head_json":{"title":"Birgit Nilsson Days The Legacy - Birgit Nilsson Museum","robots":{"index":"index","follow":"follow","max-snippet":"max-snippet:-1","max-image-preview":"max-image-preview:large","max-video-preview":"max-video-preview:-1"},"canonical":"https:\/\/birgitnilsson.com\/museum\/en\/birgit-nilsson-days-the-legacy\/","og_locale":"sv_SE","og_type":"article","og_title":"Birgit Nilsson Days The Legacy - Birgit Nilsson Museum","og_description":"Birgit Nilsson-days 2024 Birgit Nilsson-days 4-10 augusti\u00a0 The Birgit Nilsson Days 2023, August 6-12, will take place for the seventh year in a row in the great opera star&#8217;s home region in V\u00e4stra Karup. The concerts take place at three venues. In the Birgit Nilsson hall at Ravinen, in V\u00e4stra Karup&#8217;s church and at Center [&hellip;]","og_url":"https:\/\/birgitnilsson.com\/museum\/en\/birgit-nilsson-days-the-legacy\/","og_site_name":"Birgit Nilsson Museum","article_modified_time":"2024-08-08T11:34:49+00:00","og_image":[{"url":"https:\/\/birgitnilsson.com\/museum\/wp-content\/uploads\/sites\/3\/2024\/08\/Namnlos-design-3-1024x1024.png","type":"","width":"","height":""}],"twitter_card":"summary_large_image","twitter_misc":{"Ber\u00e4knad l\u00e4stid":"6 minuter"},"schema":{"@context":"https:\/\/schema.org","@graph":[{"@type":"WebPage","@id":"https:\/\/birgitnilsson.com\/museum\/en\/birgit-nilsson-days-the-legacy\/","url":"https:\/\/birgitnilsson.com\/museum\/en\/birgit-nilsson-days-the-legacy\/","name":"Birgit Nilsson Days The Legacy - Birgit Nilsson Museum","isPartOf":{"@id":"https:\/\/birgitnilsson.com\/museum\/#website"},"primaryImageOfPage":{"@id":"https:\/\/birgitnilsson.com\/museum\/en\/birgit-nilsson-days-the-legacy\/#primaryimage"},"image":{"@id":"https:\/\/birgitnilsson.com\/museum\/en\/birgit-nilsson-days-the-legacy\/#primaryimage"},"thumbnailUrl":"https:\/\/birgitnilsson.com\/museum\/wp-content\/uploads\/sites\/3\/2024\/08\/Namnlos-design-3-1024x1024.png","datePublished":"2024-01-29T14:28:22+00:00","dateModified":"2024-08-08T11:34:49+00:00","breadcrumb":{"@id":"https:\/\/birgitnilsson.com\/museum\/en\/birgit-nilsson-days-the-legacy\/#breadcrumb"},"inLanguage":"sv-SE","potentialAction":[{"@type":"ReadAction","target":["https:\/\/birgitnilsson.com\/museum\/en\/birgit-nilsson-days-the-legacy\/"]}]},{"@type":"ImageObject","inLanguage":"sv-SE","@id":"https:\/\/birgitnilsson.com\/museum\/en\/birgit-nilsson-days-the-legacy\/#primaryimage","url":"https:\/\/birgitnilsson.com\/museum\/wp-content\/uploads\/sites\/3\/2024\/08\/Namnlos-design-3.png","contentUrl":"https:\/\/birgitnilsson.com\/museum\/wp-content\/uploads\/sites\/3\/2024\/08\/Namnlos-design-3.png","width":1200,"height":1200},{"@type":"BreadcrumbList","@id":"https:\/\/birgitnilsson.com\/museum\/en\/birgit-nilsson-days-the-legacy\/#breadcrumb","itemListElement":[{"@type":"ListItem","position":1,"name":"Hem","item":"https:\/\/birgitnilsson.com\/museum\/"},{"@type":"ListItem","position":2,"name":"Birgit Nilsson Days The Legacy"}]},{"@type":"WebSite","@id":"https:\/\/birgitnilsson.com\/museum\/#website","url":"https:\/\/birgitnilsson.com\/museum\/","name":"Birgit Nilsson Museum","description":"The official website","publisher":{"@id":"https:\/\/birgitnilsson.com\/museum\/#organization"},"potentialAction":[{"@type":"SearchAction","target":{"@type":"EntryPoint","urlTemplate":"https:\/\/birgitnilsson.com\/museum\/?s={search_term_string}"},"query-input":{"@type":"PropertyValueSpecification","valueRequired":true,"valueName":"search_term_string"}}],"inLanguage":"sv-SE"},{"@type":"Organization","@id":"https:\/\/birgitnilsson.com\/museum\/#organization","name":"Birgit Nilsson Museum","url":"https:\/\/birgitnilsson.com\/museum\/","logo":{"@type":"ImageObject","inLanguage":"sv-SE","@id":"https:\/\/birgitnilsson.com\/museum\/#\/schema\/logo\/image\/","url":"https:\/\/birgitnilsson.com\/museum\/wp-content\/uploads\/sites\/3\/2021\/03\/Birgit-Nilsson-logotype-light.png","contentUrl":"https:\/\/birgitnilsson.com\/museum\/wp-content\/uploads\/sites\/3\/2021\/03\/Birgit-Nilsson-logotype-light.png","width":876,"height":387,"caption":"Birgit Nilsson Museum"},"image":{"@id":"https:\/\/birgitnilsson.com\/museum\/#\/schema\/logo\/image\/"}}]}},"_links":{"self":[{"href":"https:\/\/birgitnilsson.com\/museum\/wp-json\/wp\/v2\/pages\/5176","targetHints":{"allow":["GET"]}}],"collection":[{"href":"https:\/\/birgitnilsson.com\/museum\/wp-json\/wp\/v2\/pages"}],"about":[{"href":"https:\/\/birgitnilsson.com\/museum\/wp-json\/wp\/v2\/types\/page"}],"author":[{"embeddable":true,"href":"https:\/\/birgitnilsson.com\/museum\/wp-json\/wp\/v2\/users\/12"}],"replies":[{"embeddable":true,"href":"https:\/\/birgitnilsson.com\/museum\/wp-json\/wp\/v2\/comments?post=5176"}],"version-history":[{"count":37,"href":"https:\/\/birgitnilsson.com\/museum\/wp-json\/wp\/v2\/pages\/5176\/revisions"}],"predecessor-version":[{"id":5449,"href":"https:\/\/birgitnilsson.com\/museum\/wp-json\/wp\/v2\/pages\/5176\/revisions\/5449"}],"wp:attachment":[{"href":"https:\/\/birgitnilsson.com\/museum\/wp-json\/wp\/v2\/media?parent=5176"}],"curies":[{"name":"wp","href":"https:\/\/api.w.org\/{rel}","templated":true}]}}