{"id":629,"date":"2026-02-05T11:28:39","date_gmt":"2026-02-05T10:28:39","guid":{"rendered":"https:\/\/birgitnilsson.com\/festival\/?page_id=629"},"modified":"2026-03-23T16:14:45","modified_gmt":"2026-03-23T15:14:45","slug":"english-program","status":"publish","type":"page","link":"https:\/\/birgitnilsson.com\/festival\/en\/english-program\/","title":{"rendered":"Program"},"content":{"rendered":"<div class=\"em em-view-container\" id=\"em-view-1261927207\" data-view=\"event\">\r\n\t<div class=\"em pixelbones em-item em-item-single em-event em-event-single em-event-45 \" id=\"em-event-1261927207\" data-view-id=\"1261927207\">\r\n\t\t<section class=\"em-item-header\" style=\"--default-border:#80b538\">\r\n\t\r\n\t<div class=\"em-item-image \">\r\n\t\t<img src='https:\/\/birgitnilsson.com\/festival\/wp-content\/uploads\/sites\/10\/2026\/01\/Birgit-Nilsson-Festival-2026-Den_flygande-Hollandaren-2500x1667px.png' alt='Der fliegende Holl\u00e4nder'\/>\r\n\t<\/div>\r\n\t\r\n\t\r\n\t<div class=\"em-item-meta\">\r\n\t\t<section class=\"em-item-meta-column\">\r\n\t\t\t<section class=\"em-event-when\">\r\n\t\t\t\t<h3>N\u00e4r<\/h3>\r\n\t\t\t\t<div class=\"em-item-meta-line em-event-date em-event-meta-datetime\">\r\n\t\t\t\t\t<span class=\"em-icon-calendar em-icon\"><\/span>\r\n\t\t\t\t\t8 augusti, 2026\u00a0\u00a0\u00a0\u00a0\r\n\t\t\t\t<\/div>\r\n\t\t\t\t<div class=\"em-item-meta-line em-event-time em-event-meta-datetime\">\r\n\t\t\t\t\t<span class=\"em-icon-clock em-icon\"><\/span>\r\n\t\t\t\t\t19:00 - 22:00\r\n\t\t\t\t<\/div>\r\n\t\t\t\t\t\t\t\t\t<button type=\"button\" class=\"em-event-add-to-calendar em-tooltip-ddm em-clickable input\" data-button-width=\"match\" data-tooltip-class=\"em-add-to-calendar-tooltip\" data-content=\"em-event-add-to-colendar-content-1053791083\"><span class=\"em-icon em-icon-calendar\"><\/span> L\u00e4gg till i kalender<\/button>\r\n\t\t\t\t\t<div class=\"em-tooltip-ddm-content em-event-add-to-calendar-content\" id=\"em-event-add-to-colendar-content-1053791083\">\r\n\t\t\t\t\t\t<a class=\"em-a2c-download\" href=\"https:\/\/birgitnilsson.com\/festival\/en\/events\/der-fliegende-hollander\/ical\/\" target=\"_blank\">Ladda ner ICS<\/a>\r\n\t\t\t\t\t\t<a class=\"em-a2c-google\" href=\"https:\/\/www.google.com\/calendar\/event?action=TEMPLATE&#038;text=Der+fliegende+Holl%C3%A4nder&#038;dates=20260808T190000\/20260808T220000&#038;details=%09%09%09%09%09%09%09%09%09%09%09%09%09%09%09%09%09%09%09%09%09%09%09%09%09%09%09%09%09%09%09%09%09Festival+schedule%09%09%09%09%09%09%09%09%09%09%09%09%09%09%09%09%09Download+the+festival+program+for+2026+here+%28PDF%29%09%09%09%09%09%09%09%09%09%09%09%09%09%09%09%09%09%09%09%09%09%09%3Ca+href%3D%22http%3A%2F%2Fbirgitnilsson.com%2Ffestival%2Fwp-content%2Fuploads%2Fsites%2F10%2F2026%2F03%2FBirgitNilssonFestival2026_Program_A4_GB_updated.pdf%22%3E%09%09%09%09%09%09%09%09%09%09%09%09%09%09%09%09%09%09%09%09%09%09%09%09%09%09%09%09Download+program%09%09%09%09%09%09%09%09%09%09%3C%2Fa%3E%09%09%09%09%09%09%09%09%09%09%09%09%09%09%09%09%09%09%09%09%09%09%09%09%09%09%09%09%09%09%09%09%09%09%09%09%09%09%09%09%09%09%09%09%09%09%09%09%09%09%09%09%09%09%09%09%09%09%09%09%09%09%09%09%09%09%09%09%09%09%09%09%09%09%09%09%3C%21--Tar+bort+dubbla+shortcodes+i+elementor--%3E%09%09%09%09m%C3%A5ndag+-+3+augusti%09%09%09%09%09%09%09%09%09%09%09%09%09%09%09%09%3Ca+href%3D%22https%3A%2F%2Fbirgitnilsson.com%2Ffestival%2Fevents%2Fbirgit-nilsson-museum%2F%22%3E%09%09%09%09%09%09%09%09%3C%21--event+img--%3E%09%09%09%09%09%09%09%09%09%09%09%09%09%09%09%09%09%09%09%09%09%09%09%09%09%09%09%09%09%09%09%09%09%09%09%09%09%09%09%09%09%3Cb%3EEn+v%C3%A5g+av+framg%C3%A5ng%3C%2Fb%3E3+augusti+Kl+11%3A00+-+17%3A00%3C%2Fa%3E%09%09%09%09%09%09%09%09%09%09%09%09%09%09%09%09%09%09%09%3Ca+href%3D%22https%3A%2F%2Fbirgitnilsson.com%2Ffestival%2Fen%2Fevents%2Fbirgit-nilsson-museum-2%2F%22%3E%09%09%09%09%09%09%09%09%3C%21--event+img--%3E%09%09%09%09%09%09%09%09%09%09%09%09%09%09%09%09%09%09%09%09%09%09%09%09%09%09%09%09%09%09%09%09%09%09%09%09%09%09%09%09%09%3Cb%3EA+Wave+of+Success%3C%2Fb%3E3+augusti+Kl+11%3A00+-+17%3A00%3C%2Fa%3E%09%09%09%09%09%09%09%09%09%09%09%09%09%09%09%09%09%09%09%3Ca+href%3D%22https%3A%2F%2Fbirgi...&#038;location=Kyrkogatan+3%2C+B%C3%A5stad%2C+Sverige&#038;trp=false&#038;sprop=https%3A%2F%2Fbirgitnilsson.com%2Ffestival%2Fen%2Fevents%2Fder-fliegende-hollander%2F&#038;sprop=name:Birgit+Nilsson+Festival&#038;ctz=Europe%2FStockholm\" target=\"_blank\">Google Kalender<\/a>\r\n\t\t\t\t\t\t<a class=\"em-a2c-apple\" href=\"webcal:\/\/birgitnilsson.com\/festival\/en\/events\/der-fliegende-hollander\/ical\/\" target=\"_blank\">iCalendar<\/a>\r\n\t\t\t\t\t\t<a class=\"em-a2c-office\" href=\"https:\/\/outlook.office.com\/calendar\/0\/deeplink\/compose?allday=false&#038;body=%09%09%09%09%09%09%09%09%09%09%09%09%09%09%09%09%09%09%09%09%09%09%09%09%09%09%09%09%09%09%09%09%09Festival+schedule%09%09%09%09%09%09%09%09%09%09%09%09%09%09%09%09%09Download+the+festival+program+for+2026+here+%28PDF%29%09%09%09%09%09%09%09%09%09%09%09%09%09%09%09%09%09%09%09%09%09%09%3Ca+href%3D%22http%3A%2F%2Fbirgitnilsson.com%2Ffestival%2Fwp-content%2Fuploads%2Fsites%2F10%2F2026%2F03%2FBirgitNilssonFestival2026_Program_A4_GB_updated.pdf%22%3E%09%09%09%09%09%09%09%09%09%09%09%09%09%09%09%09%09%09%09%09%09%09%09%09%09%09%09%09Download+program%09%09%09%09%09%09%09%09%09%09%3C%2Fa%3E%09%09%09%09%09%09%09%09%09%09%09%09%09%09%09%09%09%09%09%09%09%09%09%09%09%09%09%09%09%09%09%09%09%09%09%09%09%09%09%09%09%09%09%09%09%09%09%09%09%09%09%09%09%09%09%09%09%09%09%09%09%09%09%09%09%09%09%09%09%09%09%09%09%09%09%09%3C%21--Tar+bort+dubbla+shortcodes+i+elementor--%3E%09%09%09%09m%C3%A5ndag+-+3+augusti%09%09%09%09%09%09%09%09%09%09%09%09%09%09%09%09%3Ca+href%3D%22https%3A%2F%2Fbirgitnilsson.com%2Ffestival%2Fevents%2Fbirgit-nilsson-museum%2F%22%3E%09%09%09%09%09%09%09%09%3C%21--event+img--%3E%09%09%09%09%09%09%09%09%09%09%09%09%09%09%09%09%09%09%09%09%09%09%09%09%09%09%09%09%09%09%09%09%09%09%09%09%09%09%09%09%09%3Cb%3EEn+v%C3%A5g+av+framg%C3%A5ng%3C%2Fb%3E3+augusti+Kl+11%3A00+-+17%3A00%3C%2Fa%3E%09%09%09%09%09%09%09%09%09%09%09%09%09%09%09%09%09%09%09%3Ca+href%3D%22https%3A%2F%2Fbirgitnilsson.com%2Ffestival%2Fen%2Fevents%2Fbirgit-nilsson-museum-2%2F%22%3E%09%09%09%09%09%09%09%09%3C%21--event+img--%3E%09%09%09%09%09%09%09%09%09%09%09%09%09%09%09%09%09%09%09%09%09%09%09%09%09%09%09%09%09%09%09%09%09%09%09%09%09%09%09%09%09%3Cb%3EA+Wave+of+Success%3C%2Fb%3E3+augusti+Kl+11%3A00+-+17%3A00%3C%2Fa%3E%09%09%09%09%09%09%09%09%09%09%09%09%09%09%09%09%09%09%09%3Ca+href%3D%22https%3A%2F%2Fbirgitnilsson.com%2Ffestival%2Fevents%2Ffestivallounge%2F%22%3E%09%09%09%09%09%09%09%09%3C%21--...&#038;location=Kyrkogatan+3%2C+B%C3%A5stad%2C+Sverige&#038;path=\/calendar\/action\/compose&#038;rru=addevent&#038;startdt=2026-08-08T19%3A00%3A00%2B02%3A00&#038;enddt=2026-08-08T22%3A00%3A00%2B02%3A00&#038;subject=Der+fliegende+Holl%C3%A4nder\" target=\"_blank\">Office 365<\/a>\r\n\t\t\t\t\t\t<a class=\"em-a2c-outlook\" href=\"https:\/\/outlook.live.com\/calendar\/0\/deeplink\/compose?allday=false&#038;body=%09%09%09%09%09%09%09%09%09%09%09%09%09%09%09%09%09%09%09%09%09%09%09%09%09%09%09%09%09%09%09%09%09Festival+schedule%09%09%09%09%09%09%09%09%09%09%09%09%09%09%09%09%09Download+the+festival+program+for+2026+here+%28PDF%29%09%09%09%09%09%09%09%09%09%09%09%09%09%09%09%09%09%09%09%09%09%09%3Ca+href%3D%22http%3A%2F%2Fbirgitnilsson.com%2Ffestival%2Fwp-content%2Fuploads%2Fsites%2F10%2F2026%2F03%2FBirgitNilssonFestival2026_Program_A4_GB_updated.pdf%22%3E%09%09%09%09%09%09%09%09%09%09%09%09%09%09%09%09%09%09%09%09%09%09%09%09%09%09%09%09Download+program%09%09%09%09%09%09%09%09%09%09%3C%2Fa%3E%09%09%09%09%09%09%09%09%09%09%09%09%09%09%09%09%09%09%09%09%09%09%09%09%09%09%09%09%09%09%09%09%09%09%09%09%09%09%09%09%09%09%09%09%09%09%09%09%09%09%09%09%09%09%09%09%09%09%09%09%09%09%09%09%09%09%09%09%09%09%09%09%09%09%09%09%3C%21--Tar+bort+dubbla+shortcodes+i+elementor--%3E%09%09%09%09m%C3%A5ndag+-+3+augusti%09%09%09%09%09%09%09%09%09%09%09%09%09%09%09%09%3Ca+href%3D%22https%3A%2F%2Fbirgitnilsson.com%2Ffestival%2Fevents%2Fbirgit-nilsson-museum%2F%22%3E%09%09%09%09%09%09%09%09%3C%21--event+img--%3E%09%09%09%09%09%09%09%09%09%09%09%09%09%09%09%09%09%09%09%09%09%09%09%09%09%09%09%09%09%09%09%09%09%09%09%09%09%09%09%09%09%3Cb%3EEn+v%C3%A5g+av+framg%C3%A5ng%3C%2Fb%3E3+augusti+Kl+11%3A00+-+17%3A00%3C%2Fa%3E%09%09%09%09%09%09%09%09%09%09%09%09%09%09%09%09%09%09%09%3Ca+href%3D%22https%3A%2F%2Fbirgitnilsson.com%2Ffestival%2Fen%2Fevents%2Fbirgit-nilsson-museum-2%2F%22%3E%09%09%09%09%09%09%09%09%3C%21--event+img--%3E%09%09%09%09%09%09%09%09%09%09%09%09%09%09%09%09%09%09%09%09%09%09%09%09%09%09%09%09%09%09%09%09%09%09%09%09%09%09%09%09%09%3Cb%3EA+Wave+of+Success%3C%2Fb%3E3+augusti+Kl+11%3A00+-+17%3A00%3C%2Fa%3E%09%09%09%09%09%09%09%09%09%09%09%09%09%09%09%09%09%09%09%3Ca+href%3D%22https%3A%2F%2Fbirgitnilsson.com%2Ffestival%2Fevents%2Ffestivallounge%2F%22%3E%09%09%09%09%09%09%09%09%3C%21--ev...&#038;location=Kyrkogatan+3%2C+B%C3%A5stad%2C+Sverige&#038;path=\/calendar\/action\/compose&#038;rru=addevent&#038;startdt=2026-08-08T19%3A00%3A00%2B02%3A00&#038;enddt=2026-08-08T22%3A00%3A00%2B02%3A00&#038;subject=Der+fliegende+Holl%C3%A4nder\" target=\"_blank\">Outlook Live<\/a>\r\n\t\t\t\t\t<\/div>\r\n\t\t\t\t\t\r\n\t\t\t<\/section>\r\n\t\r\n\t\t\t\r\n\t\t<\/section>\r\n\r\n\t\t<section class=\"em-item-meta-column\">\r\n\t\t\t\r\n\t\t\t<section class=\"em-event-where\">\r\n\t\t\t\t<h3>Var<\/h3>\r\n\t\t\t\t<div class=\"em-item-meta-line em-event-location\">\r\n\t\t\t\t\t<span class=\"em-icon-location em-icon\"><\/span>\r\n\t\t\t\t\t<div>\r\n\t\t\t\t\t\t<a href=\"https:\/\/birgitnilsson.com\/locations\/centercourten-bastad\/\">Centercourten B\u00e5stad<\/a><br>\r\n\t\t\t\t\t\tKyrkogatan 3, B\u00e5stad\r\n\t\t\t\t\t<\/div>\r\n\t\t\t\t<\/div>\r\n\t\t\t<\/section>\r\n\t\t\t\r\n\t\t\t\r\n\t\t\t\r\n\t\t\t\r\n\t\t\t<section class=\"em-item-taxonomies\">\r\n\t\t\t\t<h3>Event Type<\/h3>\r\n\t\t\t\t\r\n\t\t\t\t<div class=\"em-item-meta-line em-item-taxonomy em-event-categories\">\r\n\t\t\t\t\t<span class=\"em-icon-category em-icon\"><\/span>\r\n\t\t\t\t\t<div>Inga Kategorier<\/div>\r\n\t\t\t\t<\/div>\r\n\t\t\t\t\r\n\t\t\t\t\r\n\t\t\t\t<div class=\"em-item-meta-line em-item-taxonomy em-event-tags\">\r\n\t\t\t\t\t<span class=\"em-icon-tag em-icon\"><\/span>\r\n\t\t\t\t\t<div><a href=\"https:\/\/birgitnilsson.com\/festival\/en\/events\/tags\/concert\/\">Concert<\/a><\/div>\r\n\t\t\t\t<\/div>\r\n\t\t\t\t\r\n\t\t\t<\/section>\r\n\t\t\t\r\n\t\t<\/section>\r\n\t<\/div>\r\n<\/section>\r\n\r\n<section class=\"em-event-location\">\r\n\t\r\n<\/section>\r\n\r\n<section class=\"em-event-content\">\r\n\t\n<div data-elementor-type=\"wp-page\" data-elementor-id=\"629\" class=\"elementor elementor-629\">\n<section class=\"elementor-section elementor-top-section elementor-element elementor-element-ac843d2 elementor-section-boxed elementor-section-height-default elementor-section-height-default elementor-invisible\" data-id=\"ac843d2\" data-element_type=\"section\" data-e-type=\"section\" data-settings=\"{&quot;animation&quot;:&quot;fadeInUp&quot;}\">\n<div class=\"elementor-container elementor-column-gap-no\">\n<div class=\"elementor-column elementor-col-100 elementor-top-column elementor-element elementor-element-cb08afb\" data-id=\"cb08afb\" data-element_type=\"column\" data-e-type=\"column\">\n<div class=\"elementor-widget-wrap elementor-element-populated\">\n<div class=\"elementor-element elementor-element-81a1454 elementor-widget elementor-widget-heading\" data-id=\"81a1454\" data-element_type=\"widget\" data-e-type=\"widget\" data-widget_type=\"heading.default\">\n<h2 class=\"elementor-heading-title elementor-size-default\">Festival schedule<\/h2>\n<\/p><\/div>\n<div class=\"elementor-element elementor-element-e00d51a elementor-widget elementor-widget-text-editor\" data-id=\"e00d51a\" data-element_type=\"widget\" data-e-type=\"widget\" data-widget_type=\"text-editor.default\">\n<p>Download the festival program for 2026 here (PDF)<\/p>\n<\/p><\/div>\n<div class=\"elementor-element elementor-element-f3821cd elementor-align-center elementor-widget elementor-widget-button\" data-id=\"f3821cd\" data-element_type=\"widget\" data-e-type=\"widget\" data-widget_type=\"button.default\">\n\t\t\t\t\t\t\t\t\t\t<a class=\"elementor-button elementor-button-link elementor-size-sm\" href=\"http:\/\/birgitnilsson.com\/festival\/wp-content\/uploads\/sites\/10\/2026\/03\/BirgitNilssonFestival2026_Program_A4_GB_updated.pdf\"><br \/>\n\t\t\t\t\t\t<span class=\"elementor-button-content-wrapper\"><br \/>\n\t\t\t\t\t\t<span class=\"elementor-button-icon\"><br \/>\n\t\t\t\t<svg aria-hidden=\"true\" class=\"e-font-icon-svg e-far-file-pdf\" viewBox=\"0 0 384 512\" xmlns=\"http:\/\/www.w3.org\/2000\/svg\"><path d=\"M369.9 97.9L286 14C277 5 264.8-.1 252.1-.1H48C21.5 0 0 21.5 0 48v416c0 26.5 21.5 48 48 48h288c26.5 0 48-21.5 48-48V131.9c0-12.7-5.1-25-14.1-34zM332.1 128H256V51.9l76.1 76.1zM48 464V48h160v104c0 13.3 10.7 24 24 24h104v288H48zm250.2-143.7c-12.2-12-47-8.7-64.4-6.5-17.2-10.5-28.7-25-36.8-46.3 3.9-16.1 10.1-40.6 5.4-56-4.2-26.2-37.8-23.6-42.6-5.9-4.4 16.1-.4 38.5 7 67.1-10 23.9-24.9 56-35.4 74.4-20 10.3-47 26.2-51 46.2-3.3 15.8 26 55.2 76.1-31.2 22.4-7.4 46.8-16.5 68.4-20.1 18.9 10.2 41 17 55.8 17 25.5 0 28-28.2 17.5-38.7zm-198.1 77.8c5.1-13.7 24.5-29.5 30.4-35-19 30.3-30.4 35.7-30.4 35zm81.6-190.6c7.4 0 6.7 32.1 1.8 40.8-4.4-13.9-4.3-40.8-1.8-40.8zm-24.4 136.6c9.7-16.9 18-37 24.7-54.7 8.3 15.1 18.9 27.2 30.1 35.5-20.8 4.3-38.9 13.1-54.8 19.2zm131.6-5s-5 6-37.3-7.8c35.1-2.6 40.9 5.4 37.3 7.8z\"><\/path><\/svg>\t\t\t<\/span><br \/>\n\t\t\t\t\t\t\t\t\t<span class=\"elementor-button-text\">Download program<\/span><br \/>\n\t\t\t\t\t<\/span><br \/>\n\t\t\t\t\t<\/a>\n\t\t\t\t\t\t\t\t<\/div>\n<\/p><\/div>\n<\/p><\/div>\n<\/p><\/div>\n<\/section>\n<section class=\"elementor-section elementor-top-section elementor-element elementor-element-87e6f52 elementor-section-height-min-height elementor-section-boxed elementor-section-height-default elementor-section-items-middle\" data-id=\"87e6f52\" data-element_type=\"section\" data-e-type=\"section\" data-settings=\"{&quot;background_background&quot;:&quot;classic&quot;}\">\n<div class=\"elementor-container elementor-column-gap-no\">\n<div class=\"elementor-column elementor-col-100 elementor-top-column elementor-element elementor-element-399dfbb\" data-id=\"399dfbb\" data-element_type=\"column\" data-e-type=\"column\">\n<div class=\"elementor-widget-wrap\">\n\t\t\t\t\t\t\t<\/div>\n<\/p><\/div>\n<\/p><\/div>\n<\/section>\n<div class=\"elementor-element elementor-element-cee0a87 e-con-full festival-program e-flex e-con e-parent\" data-id=\"cee0a87\" data-element_type=\"container\" data-e-type=\"container\" data-settings=\"{&quot;background_background&quot;:&quot;classic&quot;}\">\n<div class=\"elementor-element elementor-element-0846884 e-flex e-con-boxed e-con e-child\" data-id=\"0846884\" data-element_type=\"container\" data-e-type=\"container\">\n<div class=\"e-con-inner\">\n<div class=\"elementor-element elementor-element-bc84dcf elementor-widget elementor-widget-shortcode\" data-id=\"bc84dcf\" data-element_type=\"widget\" data-e-type=\"widget\" data-widget_type=\"shortcode.default\">\n<div class=\"elementor-shortcode\"><!--Tar bort dubbla shortcodes i elementor--><\/p>\n<div id=\"programpunkter\">\n<div class=\"event-slots-grid\">\n<h3>m\u00e5ndag &#8211; 3 augusti<\/h3>\n<div class=\"event-group\">\n<div class=\"single-event-slot\">\n<div class=\"event-slot-content\"><a href=\"https:\/\/birgitnilsson.com\/festival\/events\/birgit-nilsson-museum\/\"><br \/>\n\t\t\t\t<!--event img--><\/p>\n<div class=\"event-slot-image\" style=\"background-image: url('https:\/\/birgitnilsson.com\/festival\/wp-content\/uploads\/sites\/10\/2026\/02\/Namnlos-design-5.png'); background-position: center center; background-size: cover;\">\n\t\t\t\t\t<\/div>\n<p><b>En v\u00e5g av framg\u00e5ng<\/b><br \/><span class=\"program-time-stamp\">3 augusti Kl 11:00 &#8211; 17:00<\/span><\/p>\n<p><\/a><\/div>\n<\/div>\n<div class=\"single-event-slot\">\n<div class=\"event-slot-content\"><a href=\"https:\/\/birgitnilsson.com\/festival\/en\/events\/birgit-nilsson-museum-2\/\"><br \/>\n\t\t\t\t<!--event img--><\/p>\n<div class=\"event-slot-image\" style=\"background-image: url('https:\/\/birgitnilsson.com\/festival\/wp-content\/uploads\/sites\/10\/2026\/02\/Namnlos-design-5.png'); background-position: center center; background-size: cover;\">\n\t\t\t\t\t<\/div>\n<p><b>A Wave of Success<\/b><br \/><span class=\"program-time-stamp\">3 augusti Kl 11:00 &#8211; 17:00<\/span><\/p>\n<p><\/a><\/div>\n<\/div>\n<div class=\"single-event-slot\">\n<div class=\"event-slot-content\"><a href=\"https:\/\/birgitnilsson.com\/festival\/events\/festivallounge\/\"><br \/>\n\t\t\t\t<!--event img--><\/p>\n<div class=\"event-slot-image\" style=\"background-image: url('https:\/\/birgitnilsson.com\/festival\/wp-content\/uploads\/sites\/10\/2026\/02\/Namnlos-design-11.png'); background-position: center center; background-size: cover;\">\n\t\t\t\t\t<\/div>\n<p><b>Festival Lounge<\/b><br \/><span class=\"program-time-stamp\">3 augusti Kl 11:00 &#8211; 16:00<\/span><\/p>\n<p><\/a><\/div>\n<\/div>\n<div class=\"single-event-slot\">\n<div class=\"event-slot-content\"><a href=\"https:\/\/birgitnilsson.com\/festival\/en\/events\/festival-lounge\/\"><br \/>\n\t\t\t\t<!--event img--><\/p>\n<div class=\"event-slot-image\" style=\"background-image: url('https:\/\/birgitnilsson.com\/festival\/wp-content\/uploads\/sites\/10\/2026\/02\/Namnlos-design-11.png'); background-position: center center; background-size: cover;\">\n\t\t\t\t\t<\/div>\n<p><b>Festival Lounge<\/b><br \/><span class=\"program-time-stamp\">3 augusti Kl 11:00 &#8211; 16:00<\/span><\/p>\n<p><\/a><\/div>\n<\/div>\n<div class=\"single-event-slot\">\n<div class=\"event-slot-content\"><a href=\"https:\/\/birgitnilsson.com\/festival\/events\/stjarna-mot-stjarna-ett-samtal-om-birgit-och-zarah\/\"><br \/>\n\t\t\t\t<!--event img--><\/p>\n<div class=\"event-slot-image\" style=\"background-image: url('https:\/\/birgitnilsson.com\/festival\/wp-content\/uploads\/sites\/10\/2026\/02\/Namnlos-design-7-1.png'); background-position: center center; background-size: cover;\">\n\t\t\t\t\t<\/div>\n<p><b>Stj\u00e4rna mot Stj\u00e4rna \u2028\u2013 ett samtal om Birgit och Zarah<\/b><br \/><span class=\"program-time-stamp\">3 augusti Kl 17:00 &#8211; 18:00<\/span><\/p>\n<p><\/a><\/div>\n<\/div>\n<div class=\"single-event-slot\">\n<div class=\"event-slot-content\"><a href=\"https:\/\/birgitnilsson.com\/festival\/en\/events\/star-to-star-a-conversation-about-birgit-and-zarah\/\"><br \/>\n\t\t\t\t<!--event img--><\/p>\n<div class=\"event-slot-image\" style=\"background-image: url('https:\/\/birgitnilsson.com\/festival\/wp-content\/uploads\/sites\/10\/2026\/02\/Namnlos-design-7-1.png'); background-position: center center; background-size: cover;\">\n\t\t\t\t\t<\/div>\n<p><b>Star to Star \u2013 a conversation about Birgit and Zarah<\/b><br \/><span class=\"program-time-stamp\">3 augusti Kl 17:00 &#8211; 18:00<\/span><\/p>\n<p><\/a><\/div>\n<\/div>\n<div class=\"single-event-slot\">\n<div class=\"event-slot-content\"><a href=\"https:\/\/birgitnilsson.com\/festival\/events\/zarah-leander-fran-topp-till-ta-richard-hamrin-och-eric-skarby\/\"><br \/>\n\t\t\t\t<!--event img--><\/p>\n<div class=\"event-slot-image\" style=\"background-image: url('https:\/\/birgitnilsson.com\/festival\/wp-content\/uploads\/sites\/10\/2026\/02\/Namnlos-design-7.png'); background-position: center center; background-size: cover;\">\n\t\t\t\t\t<\/div>\n<p><b>Zarah Leander \u2013 fr\u00e5n topp till t\u00e5!<\/b><br \/><span class=\"program-time-stamp\">3 augusti Kl 19:00 &#8211; 20:00<\/span><\/p>\n<p><\/a><\/div>\n<\/div>\n<div class=\"single-event-slot\">\n<div class=\"event-slot-content\"><a href=\"https:\/\/birgitnilsson.com\/festival\/en\/events\/zarah-leander-from-head-to-toe\/\"><br \/>\n\t\t\t\t<!--event img--><\/p>\n<div class=\"event-slot-image\" style=\"background-image: url('https:\/\/birgitnilsson.com\/festival\/wp-content\/uploads\/sites\/10\/2026\/02\/Namnlos-design-7.png'); background-position: center center; background-size: cover;\">\n\t\t\t\t\t<\/div>\n<p><b>Zarah Leander &#8211; from head to toe!<\/b><br \/><span class=\"program-time-stamp\">3 augusti Kl 19:00 &#8211; 20:00<\/span><\/p>\n<p><\/a><\/div>\n<\/div><\/div>\n<hr>\n<h3>tisdag &#8211; 4 augusti<\/h3>\n<div class=\"event-group\">\n<div class=\"single-event-slot\">\n<div class=\"event-slot-content\"><a href=\"https:\/\/birgitnilsson.com\/festival\/events\/birgit-nilsson-master-class\/\"><br \/>\n\t\t\t\t<!--event img--><\/p>\n<div class=\"event-slot-image\" style=\"background-image: url('https:\/\/birgitnilsson.com\/festival\/wp-content\/uploads\/sites\/10\/2026\/02\/Namnlos-design-15.png'); background-position: center center; background-size: cover;\">\n\t\t\t\t\t<\/div>\n<p><b>Birgit Nilsson Masterclass<\/b><br \/><span class=\"program-time-stamp\">4 augusti Kl 11:00 &#8211; 16:15<\/span><\/p>\n<p><\/a><\/div>\n<\/div>\n<div class=\"single-event-slot\">\n<div class=\"event-slot-content\"><a href=\"https:\/\/birgitnilsson.com\/festival\/en\/events\/birgit-nilsson-master-class-4\/\"><br \/>\n\t\t\t\t<!--event img--><\/p>\n<div class=\"event-slot-image\" style=\"background-image: url('https:\/\/birgitnilsson.com\/festival\/wp-content\/uploads\/sites\/10\/2026\/02\/Namnlos-design-15.png'); background-position: center center; background-size: cover;\">\n\t\t\t\t\t<\/div>\n<p><b>Birgit Nilsson Master Class<\/b><br \/><span class=\"program-time-stamp\">4 augusti Kl 11:00 &#8211; 16:15<\/span><\/p>\n<p><\/a><\/div>\n<\/div>\n<div class=\"single-event-slot\">\n<div class=\"event-slot-content\"><a href=\"https:\/\/birgitnilsson.com\/festival\/events\/birgit-nilsson-museum-3\/\"><br \/>\n\t\t\t\t<!--event img--><\/p>\n<div class=\"event-slot-image\" style=\"background-image: url('https:\/\/birgitnilsson.com\/festival\/wp-content\/uploads\/sites\/10\/2026\/02\/Namnlos-design-5.png'); background-position: center center; background-size: cover;\">\n\t\t\t\t\t<\/div>\n<p><b>En v\u00e5g av framg\u00e5ng\u2028<\/b><br \/><span class=\"program-time-stamp\">4 augusti Kl 11:00 &#8211; 17:00<\/span><\/p>\n<p><\/a><\/div>\n<\/div>\n<div class=\"single-event-slot\">\n<div class=\"event-slot-content\"><a href=\"https:\/\/birgitnilsson.com\/festival\/en\/events\/birgit-nilsson-museum-4\/\"><br \/>\n\t\t\t\t<!--event img--><\/p>\n<div class=\"event-slot-image\" style=\"background-image: url('https:\/\/birgitnilsson.com\/festival\/wp-content\/uploads\/sites\/10\/2026\/02\/Namnlos-design-5.png'); background-position: center center; background-size: cover;\">\n\t\t\t\t\t<\/div>\n<p><b>A Wave of Success<\/b><br \/><span class=\"program-time-stamp\">4 augusti Kl 11:00 &#8211; 17:00<\/span><\/p>\n<p><\/a><\/div>\n<\/div>\n<div class=\"single-event-slot\">\n<div class=\"event-slot-content\"><a href=\"https:\/\/birgitnilsson.com\/festival\/events\/festivallounge-2\/\"><br \/>\n\t\t\t\t<!--event img--><\/p>\n<div class=\"event-slot-image\" style=\"background-image: url('https:\/\/birgitnilsson.com\/festival\/wp-content\/uploads\/sites\/10\/2026\/02\/Namnlos-design-11.png'); background-position: center center; background-size: cover;\">\n\t\t\t\t\t<\/div>\n<p><b>Festival Lounge<\/b><br \/><span class=\"program-time-stamp\">4 augusti Kl 11:00 &#8211; 16:00<\/span><\/p>\n<p><\/a><\/div>\n<\/div>\n<div class=\"single-event-slot\">\n<div class=\"event-slot-content\"><a href=\"https:\/\/birgitnilsson.com\/festival\/en\/events\/festival-lounge-2\/\"><br \/>\n\t\t\t\t<!--event img--><\/p>\n<div class=\"event-slot-image\" style=\"background-image: url('https:\/\/birgitnilsson.com\/festival\/wp-content\/uploads\/sites\/10\/2026\/02\/Namnlos-design-11.png'); background-position: center center; background-size: cover;\">\n\t\t\t\t\t<\/div>\n<p><b>Festival Lounge<\/b><br \/><span class=\"program-time-stamp\">4 augusti Kl 11:00 &#8211; 16:00<\/span><\/p>\n<p><\/a><\/div>\n<\/div>\n<div class=\"single-event-slot\">\n<div class=\"event-slot-content\"><a href=\"https:\/\/birgitnilsson.com\/festival\/events\/rickard-soderberg-malena-ernman-om-stjarnglans-sang-och-skandaler\/\"><br \/>\n\t\t\t\t<!--event img--><\/p>\n<div class=\"event-slot-image\" style=\"background-image: url('https:\/\/birgitnilsson.com\/festival\/wp-content\/uploads\/sites\/10\/2026\/02\/Namnlos-design-6-2.png'); background-position: center center; background-size: cover;\">\n\t\t\t\t\t<\/div>\n<p><b>Stj\u00e4rnglans, S\u00e5ng och Skandaler<\/b><br \/><span class=\"program-time-stamp\">4 augusti Kl 17:00 &#8211; 18:00<\/span><\/p>\n<p><\/a><\/div>\n<\/div>\n<div class=\"single-event-slot\">\n<div class=\"event-slot-content\"><a href=\"https:\/\/birgitnilsson.com\/festival\/en\/events\/stardom-songs-and-scandals\/\"><br \/>\n\t\t\t\t<!--event img--><\/p>\n<div class=\"event-slot-image\" style=\"background-image: url('https:\/\/birgitnilsson.com\/festival\/wp-content\/uploads\/sites\/10\/2026\/02\/Namnlos-design-6-2.png'); background-position: center center; background-size: cover;\">\n\t\t\t\t\t<\/div>\n<p><b>Stardom, Songs and Scandals<\/b><br \/><span class=\"program-time-stamp\">4 augusti Kl 17:00 &#8211; 18:00<\/span><\/p>\n<p><\/a><\/div>\n<\/div>\n<div class=\"single-event-slot\">\n<div class=\"event-slot-content\"><a href=\"https:\/\/birgitnilsson.com\/festival\/events\/operaallsang\/\"><br \/>\n\t\t\t\t<!--event img--><\/p>\n<div class=\"event-slot-image\" style=\"background-image: url('https:\/\/birgitnilsson.com\/festival\/wp-content\/uploads\/sites\/10\/2026\/02\/Namnlos-design-11-2.png'); background-position: center center; background-size: cover;\">\n\t\t\t\t\t<\/div>\n<p><b>Opera-alls\u00e5ng<\/b><br \/><span class=\"program-time-stamp\">4 augusti Kl 19:00 &#8211; 20:00<\/span><\/p>\n<p><\/a><\/div>\n<\/div>\n<div class=\"single-event-slot\">\n<div class=\"event-slot-content\"><a href=\"https:\/\/birgitnilsson.com\/festival\/en\/events\/opera-sing-along\/\"><br \/>\n\t\t\t\t<!--event img--><\/p>\n<div class=\"event-slot-image\" style=\"background-image: url('https:\/\/birgitnilsson.com\/festival\/wp-content\/uploads\/sites\/10\/2026\/02\/Namnlos-design-11-2.png'); background-position: center center; background-size: cover;\">\n\t\t\t\t\t<\/div>\n<p><b>Opera Sing-Along<\/b><br \/><span class=\"program-time-stamp\">4 augusti Kl 19:00 &#8211; 20:00<\/span><\/p>\n<p><\/a><\/div>\n<\/div><\/div>\n<hr>\n<h3>onsdag &#8211; 5 augusti<\/h3>\n<div class=\"event-group\">\n<div class=\"single-event-slot\">\n<div class=\"event-slot-content\"><a href=\"https:\/\/birgitnilsson.com\/festival\/events\/birgit-nilsson-master-class-2\/\"><br \/>\n\t\t\t\t<!--event img--><\/p>\n<div class=\"event-slot-image\" style=\"background-image: url('https:\/\/birgitnilsson.com\/festival\/wp-content\/uploads\/sites\/10\/2026\/02\/Namnlos-design-16.png'); background-position: center center; background-size: cover;\">\n\t\t\t\t\t<\/div>\n<p><b>Birgit Nilsson Masterclass<\/b><br \/><span class=\"program-time-stamp\">5 augusti Kl 11:00 &#8211; 16:15<\/span><\/p>\n<p><\/a><\/div>\n<\/div>\n<div class=\"single-event-slot\">\n<div class=\"event-slot-content\"><a href=\"https:\/\/birgitnilsson.com\/festival\/en\/events\/birgit-nilsson-master-class-5\/\"><br \/>\n\t\t\t\t<!--event img--><\/p>\n<div class=\"event-slot-image\" style=\"background-image: url('https:\/\/birgitnilsson.com\/festival\/wp-content\/uploads\/sites\/10\/2026\/02\/Namnlos-design-16.png'); background-position: center center; background-size: cover;\">\n\t\t\t\t\t<\/div>\n<p><b>Birgit Nilsson Master Class<\/b><br \/><span class=\"program-time-stamp\">5 augusti Kl 11:00 &#8211; 16:15<\/span><\/p>\n<p><\/a><\/div>\n<\/div>\n<div class=\"single-event-slot\">\n<div class=\"event-slot-content\"><a href=\"https:\/\/birgitnilsson.com\/festival\/events\/birgit-nilsson-museum-5\/\"><br \/>\n\t\t\t\t<!--event img--><\/p>\n<div class=\"event-slot-image\" style=\"background-image: url('https:\/\/birgitnilsson.com\/festival\/wp-content\/uploads\/sites\/10\/2026\/02\/Namnlos-design-5.png'); background-position: center center; background-size: cover;\">\n\t\t\t\t\t<\/div>\n<p><b>En v\u00e5g av framg\u00e5ng<\/b><br \/><span class=\"program-time-stamp\">5 augusti Kl 11:00 &#8211; 17:00<\/span><\/p>\n<p><\/a><\/div>\n<\/div>\n<div class=\"single-event-slot\">\n<div class=\"event-slot-content\"><a href=\"https:\/\/birgitnilsson.com\/festival\/en\/events\/birgit-nilsson-museum-6\/\"><br \/>\n\t\t\t\t<!--event img--><\/p>\n<div class=\"event-slot-image\" style=\"background-image: url('https:\/\/birgitnilsson.com\/festival\/wp-content\/uploads\/sites\/10\/2026\/02\/Namnlos-design-5.png'); background-position: center center; background-size: cover;\">\n\t\t\t\t\t<\/div>\n<p><b>A Wave of Success<\/b><br \/><span class=\"program-time-stamp\">5 augusti Kl 11:00 &#8211; 17:00<\/span><\/p>\n<p><\/a><\/div>\n<\/div>\n<div class=\"single-event-slot\">\n<div class=\"event-slot-content\"><a href=\"https:\/\/birgitnilsson.com\/festival\/events\/festivallounge-3\/\"><br \/>\n\t\t\t\t<!--event img--><\/p>\n<div class=\"event-slot-image\" style=\"background-image: url('https:\/\/birgitnilsson.com\/festival\/wp-content\/uploads\/sites\/10\/2026\/02\/Namnlos-design-11.png'); background-position: center center; background-size: cover;\">\n\t\t\t\t\t<\/div>\n<p><b>Festival Lounge<\/b><br \/><span class=\"program-time-stamp\">5 augusti Kl 11:00 &#8211; 16:00<\/span><\/p>\n<p><\/a><\/div>\n<\/div>\n<div class=\"single-event-slot\">\n<div class=\"event-slot-content\"><a href=\"https:\/\/birgitnilsson.com\/festival\/en\/events\/festival-lounge-3\/\"><br \/>\n\t\t\t\t<!--event img--><\/p>\n<div class=\"event-slot-image\" style=\"background-image: url('https:\/\/birgitnilsson.com\/festival\/wp-content\/uploads\/sites\/10\/2026\/02\/Namnlos-design-11.png'); background-position: center center; background-size: cover;\">\n\t\t\t\t\t<\/div>\n<p><b>Festival Lounge<\/b><br \/><span class=\"program-time-stamp\">5 augusti Kl 11:00 &#8211; 16:00<\/span><\/p>\n<p><\/a><\/div>\n<\/div>\n<div class=\"single-event-slot\">\n<div class=\"event-slot-content\"><a href=\"https:\/\/birgitnilsson.com\/festival\/events\/familjedag-pa-museet\/\"><br \/>\n\t\t\t\t<!--event img--><\/p>\n<div class=\"event-slot-image\" style=\"background-image: url('https:\/\/birgitnilsson.com\/festival\/wp-content\/uploads\/sites\/10\/2026\/02\/Namnlos-design-10.png'); background-position: center center; background-size: cover;\">\n\t\t\t\t\t<\/div>\n<p><b>Familjedag p\u00e5 museet<\/b><br \/><span class=\"program-time-stamp\">5 augusti Kl 13:00 &#8211; 17:00<\/span><\/p>\n<p><\/a><\/div>\n<\/div>\n<div class=\"single-event-slot\">\n<div class=\"event-slot-content\"><a href=\"https:\/\/birgitnilsson.com\/festival\/en\/events\/family-day-at-the-museum\/\"><br \/>\n\t\t\t\t<!--event img--><\/p>\n<div class=\"event-slot-image\" style=\"background-image: url('https:\/\/birgitnilsson.com\/festival\/wp-content\/uploads\/sites\/10\/2026\/02\/Namnlos-design-10.png'); background-position: center center; background-size: cover;\">\n\t\t\t\t\t<\/div>\n<p><b>Family Day at the Museum<\/b><br \/><span class=\"program-time-stamp\">5 augusti Kl 13:00 &#8211; 17:00<\/span><\/p>\n<p><\/a><\/div>\n<\/div>\n<div class=\"single-event-slot\">\n<div class=\"event-slot-content\"><a href=\"https:\/\/birgitnilsson.com\/festival\/events\/lilla-hollandaren\/\"><br \/>\n\t\t\t\t<!--event img--><\/p>\n<div class=\"event-slot-image\" style=\"background-image: url('https:\/\/birgitnilsson.com\/festival\/wp-content\/uploads\/sites\/10\/2026\/02\/Namnlos-design-6.png'); background-position: center center; background-size: cover;\">\n\t\t\t\t\t<\/div>\n<p><b>Lilla holl\u00e4ndaren<\/b><br \/><span class=\"program-time-stamp\">5 augusti Kl 15:00 &#8211; 15:45<\/span><\/p>\n<p><\/a><\/div>\n<\/div>\n<div class=\"single-event-slot\">\n<div class=\"event-slot-content\"><a href=\"https:\/\/birgitnilsson.com\/festival\/en\/events\/the-little-dutchman\/\"><br \/>\n\t\t\t\t<!--event img--><\/p>\n<div class=\"event-slot-image\" style=\"background-image: url('https:\/\/birgitnilsson.com\/festival\/wp-content\/uploads\/sites\/10\/2026\/02\/Namnlos-design-6.png'); background-position: center center; background-size: cover;\">\n\t\t\t\t\t<\/div>\n<p><b>The Little Dutchman<\/b><br \/><span class=\"program-time-stamp\">5 augusti Kl 15:00 &#8211; 16:00<\/span><\/p>\n<p><\/a><\/div>\n<\/div>\n<div class=\"single-event-slot\">\n<div class=\"event-slot-content\"><a href=\"https:\/\/birgitnilsson.com\/festival\/events\/konsert-med-matthias-goerne\/\"><br \/>\n\t\t\t\t<!--event img--><\/p>\n<div class=\"event-slot-image\" style=\"background-image: url('https:\/\/birgitnilsson.com\/festival\/wp-content\/uploads\/sites\/10\/2026\/02\/Namnlos-design-9.png'); background-position: center center; background-size: cover;\">\n\t\t\t\t\t<\/div>\n<p><b>Konsert med Matthias Goerne\u00a0<\/b><br \/><span class=\"program-time-stamp\">5 augusti Kl 19:00 &#8211; 20:00<\/span><\/p>\n<p><\/a><\/div>\n<\/div>\n<div class=\"single-event-slot\">\n<div class=\"event-slot-content\"><a href=\"https:\/\/birgitnilsson.com\/festival\/en\/events\/concert-with-matthias-goerne\/\"><br \/>\n\t\t\t\t<!--event img--><\/p>\n<div class=\"event-slot-image\" style=\"background-image: url('https:\/\/birgitnilsson.com\/festival\/wp-content\/uploads\/sites\/10\/2026\/02\/Namnlos-design-9.png'); background-position: center center; background-size: cover;\">\n\t\t\t\t\t<\/div>\n<p><b>Concert with Matthias Goerne<\/b><br \/><span class=\"program-time-stamp\">5 augusti Kl 19:00 &#8211; 20:00<\/span><\/p>\n<p><\/a><\/div>\n<\/div><\/div>\n<hr>\n<h3>torsdag &#8211; 6 augusti<\/h3>\n<div class=\"event-group\">\n<div class=\"single-event-slot\">\n<div class=\"event-slot-content\"><a href=\"https:\/\/birgitnilsson.com\/festival\/events\/birgit-nilsson-master-class-3\/\"><br \/>\n\t\t\t\t<!--event img--><\/p>\n<div class=\"event-slot-image\" style=\"background-image: url('https:\/\/birgitnilsson.com\/festival\/wp-content\/uploads\/sites\/10\/2026\/02\/Namnlos-design-22.png'); background-position: center center; background-size: cover;\">\n\t\t\t\t\t<\/div>\n<p><b>Birgit Nilsson Masterclass<\/b><br \/><span class=\"program-time-stamp\">6 augusti Kl 11:00 &#8211; 16:15<\/span><\/p>\n<p><\/a><\/div>\n<\/div>\n<div class=\"single-event-slot\">\n<div class=\"event-slot-content\"><a href=\"https:\/\/birgitnilsson.com\/festival\/en\/events\/birgit-nilsson-master-class-6\/\"><br \/>\n\t\t\t\t<!--event img--><\/p>\n<div class=\"event-slot-image\" style=\"background-image: url('https:\/\/birgitnilsson.com\/festival\/wp-content\/uploads\/sites\/10\/2026\/02\/Namnlos-design-22.png'); background-position: center center; background-size: cover;\">\n\t\t\t\t\t<\/div>\n<p><b>Birgit Nilsson Master Class<\/b><br \/><span class=\"program-time-stamp\">6 augusti Kl 11:00 &#8211; 16:15<\/span><\/p>\n<p><\/a><\/div>\n<\/div>\n<div class=\"single-event-slot\">\n<div class=\"event-slot-content\"><a href=\"https:\/\/birgitnilsson.com\/festival\/events\/birgit-nilsson-museum-7\/\"><br \/>\n\t\t\t\t<!--event img--><\/p>\n<div class=\"event-slot-image\" style=\"background-image: url('https:\/\/birgitnilsson.com\/festival\/wp-content\/uploads\/sites\/10\/2026\/02\/Namnlos-design-5.png'); background-position: center center; background-size: cover;\">\n\t\t\t\t\t<\/div>\n<p><b>En v\u00e5g av framg\u00e5ng<\/b><br \/><span class=\"program-time-stamp\">6 augusti Kl 11:00 &#8211; 17:00<\/span><\/p>\n<p><\/a><\/div>\n<\/div>\n<div class=\"single-event-slot\">\n<div class=\"event-slot-content\"><a href=\"https:\/\/birgitnilsson.com\/festival\/en\/events\/birgit-nilsson-museum-8\/\"><br \/>\n\t\t\t\t<!--event img--><\/p>\n<div class=\"event-slot-image\" style=\"background-image: url('https:\/\/birgitnilsson.com\/festival\/wp-content\/uploads\/sites\/10\/2026\/02\/Namnlos-design-5.png'); background-position: center center; background-size: cover;\">\n\t\t\t\t\t<\/div>\n<p><b>A Wave of Success<\/b><br \/><span class=\"program-time-stamp\">6 augusti Kl 11:00 &#8211; 17:00<\/span><\/p>\n<p><\/a><\/div>\n<\/div>\n<div class=\"single-event-slot\">\n<div class=\"event-slot-content\"><a href=\"https:\/\/birgitnilsson.com\/festival\/events\/festivallounge-4\/\"><br \/>\n\t\t\t\t<!--event img--><\/p>\n<div class=\"event-slot-image\" style=\"background-image: url('https:\/\/birgitnilsson.com\/festival\/wp-content\/uploads\/sites\/10\/2026\/02\/Namnlos-design-11.png'); background-position: center center; background-size: cover;\">\n\t\t\t\t\t<\/div>\n<p><b>Festival Lounge<\/b><br \/><span class=\"program-time-stamp\">6 augusti Kl 11:00 &#8211; 16:00<\/span><\/p>\n<p><\/a><\/div>\n<\/div>\n<div class=\"single-event-slot\">\n<div class=\"event-slot-content\"><a href=\"https:\/\/birgitnilsson.com\/festival\/en\/events\/festival-lounge-4\/\"><br \/>\n\t\t\t\t<!--event img--><\/p>\n<div class=\"event-slot-image\" style=\"background-image: url('https:\/\/birgitnilsson.com\/festival\/wp-content\/uploads\/sites\/10\/2026\/02\/Namnlos-design-11.png'); background-position: center center; background-size: cover;\">\n\t\t\t\t\t<\/div>\n<p><b>Festival Lounge<\/b><br \/><span class=\"program-time-stamp\">6 augusti Kl 11:00 &#8211; 16:00<\/span><\/p>\n<p><\/a><\/div>\n<\/div>\n<div class=\"single-event-slot\">\n<div class=\"event-slot-content\"><a href=\"https:\/\/birgitnilsson.com\/festival\/events\/sanger-vid-havet-matilda-sterby\/\"><br \/>\n\t\t\t\t<!--event img--><\/p>\n<div class=\"event-slot-image\" style=\"background-image: url('https:\/\/birgitnilsson.com\/festival\/wp-content\/uploads\/sites\/10\/2026\/02\/Namnlos-design-4-1.png'); background-position: center center; background-size: cover;\">\n\t\t\t\t\t<\/div>\n<p><b>S\u00e5nger vid havet &#8211; Matilda Sterby<\/b><br \/><span class=\"program-time-stamp\">6 augusti Kl 19:00 &#8211; 21:00<\/span><\/p>\n<p><\/a><\/div>\n<\/div>\n<div class=\"single-event-slot\">\n<div class=\"event-slot-content\"><a href=\"https:\/\/birgitnilsson.com\/festival\/en\/events\/songs-by-the-sea-matilda-sterby\/\"><br \/>\n\t\t\t\t<!--event img--><\/p>\n<div class=\"event-slot-image\" style=\"background-image: url('https:\/\/birgitnilsson.com\/festival\/wp-content\/uploads\/sites\/10\/2026\/02\/Namnlos-design-4-1.png'); background-position: center center; background-size: cover;\">\n\t\t\t\t\t<\/div>\n<p><b>Songs by the Sea \u2028- Matilda Sterby<\/b><br \/><span class=\"program-time-stamp\">6 augusti Kl 19:00 &#8211; 21:00<\/span><\/p>\n<p><\/a><\/div>\n<\/div><\/div>\n<hr>\n<h3>fredag &#8211; 7 augusti<\/h3>\n<div class=\"event-group\">\n<div class=\"single-event-slot\">\n<div class=\"event-slot-content\"><a href=\"https:\/\/birgitnilsson.com\/festival\/events\/birgit-nilsson-museum-9\/\"><br \/>\n\t\t\t\t<!--event img--><\/p>\n<div class=\"event-slot-image\" style=\"background-image: url('https:\/\/birgitnilsson.com\/festival\/wp-content\/uploads\/sites\/10\/2026\/02\/Namnlos-design-5.png'); background-position: center center; background-size: cover;\">\n\t\t\t\t\t<\/div>\n<p><b>En v\u00e5g av framg\u00e5ng<\/b><br \/><span class=\"program-time-stamp\">7 augusti Kl 11:00 &#8211; 17:00<\/span><\/p>\n<p><\/a><\/div>\n<\/div>\n<div class=\"single-event-slot\">\n<div class=\"event-slot-content\"><a href=\"https:\/\/birgitnilsson.com\/festival\/en\/events\/birgit-nilsson-museum-10\/\"><br \/>\n\t\t\t\t<!--event img--><\/p>\n<div class=\"event-slot-image\" style=\"background-image: url('https:\/\/birgitnilsson.com\/festival\/wp-content\/uploads\/sites\/10\/2026\/02\/Namnlos-design-5.png'); background-position: center center; background-size: cover;\">\n\t\t\t\t\t<\/div>\n<p><b>A Wave of Success\u2028<\/b><br \/><span class=\"program-time-stamp\">7 augusti Kl 11:00 &#8211; 17:00<\/span><\/p>\n<p><\/a><\/div>\n<\/div>\n<div class=\"single-event-slot\">\n<div class=\"event-slot-content\"><a href=\"https:\/\/birgitnilsson.com\/festival\/events\/festivallounge-5\/\"><br \/>\n\t\t\t\t<!--event img--><\/p>\n<div class=\"event-slot-image\" style=\"background-image: url('https:\/\/birgitnilsson.com\/festival\/wp-content\/uploads\/sites\/10\/2026\/02\/Namnlos-design-11.png'); background-position: center center; background-size: cover;\">\n\t\t\t\t\t<\/div>\n<p><b>Festival Lounge<\/b><br \/><span class=\"program-time-stamp\">7 augusti Kl 11:00 &#8211; 16:00<\/span><\/p>\n<p><\/a><\/div>\n<\/div>\n<div class=\"single-event-slot\">\n<div class=\"event-slot-content\"><a href=\"https:\/\/birgitnilsson.com\/festival\/en\/events\/festival-lounge-5\/\"><br \/>\n\t\t\t\t<!--event img--><\/p>\n<div class=\"event-slot-image\" style=\"background-image: url('https:\/\/birgitnilsson.com\/festival\/wp-content\/uploads\/sites\/10\/2026\/02\/Namnlos-design-11.png'); background-position: center center; background-size: cover;\">\n\t\t\t\t\t<\/div>\n<p><b>Festival Lounge<\/b><br \/><span class=\"program-time-stamp\">7 augusti Kl 11:00 &#8211; 17:00<\/span><\/p>\n<p><\/a><\/div>\n<\/div>\n<div class=\"single-event-slot\">\n<div class=\"event-slot-content\"><a href=\"https:\/\/birgitnilsson.com\/festival\/events\/opera-pa-menyn\/\"><br \/>\n\t\t\t\t<!--event img--><\/p>\n<div class=\"event-slot-image\" style=\"background-image: url('https:\/\/birgitnilsson.com\/festival\/wp-content\/uploads\/sites\/10\/2026\/02\/Namnlos-design-14.png'); background-position: center center; background-size: cover;\">\n\t\t\t\t\t<\/div>\n<p><b>Opera p\u00e5 menyn<\/b><br \/><span class=\"program-time-stamp\">7 augusti Kl 12:30 &#8211; 15:00<\/span><\/p>\n<p><\/a><\/div>\n<\/div>\n<div class=\"single-event-slot\">\n<div class=\"event-slot-content\"><a href=\"https:\/\/birgitnilsson.com\/festival\/en\/events\/opera-on-the-menu\/\"><br \/>\n\t\t\t\t<!--event img--><\/p>\n<div class=\"event-slot-image\" style=\"background-image: url('https:\/\/birgitnilsson.com\/festival\/wp-content\/uploads\/sites\/10\/2026\/02\/Namnlos-design-14.png'); background-position: center center; background-size: cover;\">\n\t\t\t\t\t<\/div>\n<p><b>Opera on the Menu<\/b><br \/><span class=\"program-time-stamp\">7 augusti Kl 12:30 &#8211; 15:00<\/span><\/p>\n<p><\/a><\/div>\n<\/div>\n<div class=\"single-event-slot\">\n<div class=\"event-slot-content\"><a href=\"https:\/\/birgitnilsson.com\/festival\/events\/masterclass-avslutningskonsert\/\"><br \/>\n\t\t\t\t<!--event img--><\/p>\n<div class=\"event-slot-image\" style=\"background-image: url('https:\/\/birgitnilsson.com\/festival\/wp-content\/uploads\/sites\/10\/2026\/02\/Namnlos-design-18.png'); background-position: center center; background-size: cover;\">\n\t\t\t\t\t<\/div>\n<p><b>Masterclass-konsert<\/b><br \/><span class=\"program-time-stamp\">7 augusti Kl 15:00 &#8211; 16:30<\/span><\/p>\n<p><\/a><\/div>\n<\/div>\n<div class=\"single-event-slot\">\n<div class=\"event-slot-content\"><a href=\"https:\/\/birgitnilsson.com\/festival\/en\/events\/masterclass-concert\/\"><br \/>\n\t\t\t\t<!--event img--><\/p>\n<div class=\"event-slot-image\" style=\"background-image: url('https:\/\/birgitnilsson.com\/festival\/wp-content\/uploads\/sites\/10\/2026\/02\/Namnlos-design-18.png'); background-position: center center; background-size: cover;\">\n\t\t\t\t\t<\/div>\n<p><b>Masterclass Concert<\/b><br \/><span class=\"program-time-stamp\">7 augusti Kl 15:00 &#8211; 16:30<\/span><\/p>\n<p><\/a><\/div>\n<\/div>\n<div class=\"single-event-slot\">\n<div class=\"event-slot-content\"><a href=\"https:\/\/birgitnilsson.com\/festival\/events\/birgit-nilsson-stipendium\/\"><br \/>\n\t\t\t\t<!--event img--><\/p>\n<div class=\"event-slot-image\" style=\"background-image: url('https:\/\/birgitnilsson.com\/festival\/wp-content\/uploads\/sites\/10\/2026\/02\/Namnlos-design-20.png'); background-position: center center; background-size: cover;\">\n\t\t\t\t\t<\/div>\n<p><b>Stipendieutdelning &#038; konsert<\/b><br \/><span class=\"program-time-stamp\">7 augusti Kl 19:00 &#8211; 20:00<\/span><\/p>\n<p><\/a><\/div>\n<\/div>\n<div class=\"single-event-slot\">\n<div class=\"event-slot-content\"><a href=\"https:\/\/birgitnilsson.com\/festival\/en\/events\/birgit-nilsson-stipendium-2\/\"><br \/>\n\t\t\t\t<!--event img--><\/p>\n<div class=\"event-slot-image\" style=\"background-image: url('https:\/\/birgitnilsson.com\/festival\/wp-content\/uploads\/sites\/10\/2026\/02\/Namnlos-design-19.png'); background-position: center center; background-size: cover;\">\n\t\t\t\t\t<\/div>\n<p><b>Stipendium Presentation &#038; Recital<\/b><br \/><span class=\"program-time-stamp\">7 augusti Kl 19:00 &#8211; 20:00<\/span><\/p>\n<p><\/a><\/div>\n<\/div><\/div>\n<hr>\n<h3>l\u00f6rdag &#8211; 8 augusti<\/h3>\n<div class=\"event-group\">\n<div class=\"single-event-slot\">\n<div class=\"event-slot-content\"><a href=\"https:\/\/birgitnilsson.com\/festival\/events\/birgit-nilsson-museum-11\/\"><br \/>\n\t\t\t\t<!--event img--><\/p>\n<div class=\"event-slot-image\" style=\"background-image: url('https:\/\/birgitnilsson.com\/festival\/wp-content\/uploads\/sites\/10\/2026\/02\/Namnlos-design-5.png'); background-position: center center; background-size: cover;\">\n\t\t\t\t\t<\/div>\n<p><b>En v\u00e5g av framg\u00e5ng<\/b><br \/><span class=\"program-time-stamp\">8 augusti Kl 11:00 &#8211; 17:00<\/span><\/p>\n<p><\/a><\/div>\n<\/div>\n<div class=\"single-event-slot\">\n<div class=\"event-slot-content\"><a href=\"https:\/\/birgitnilsson.com\/festival\/en\/events\/birgit-nilsson-museum-12\/\"><br \/>\n\t\t\t\t<!--event img--><\/p>\n<div class=\"event-slot-image\" style=\"background-image: url('https:\/\/birgitnilsson.com\/festival\/wp-content\/uploads\/sites\/10\/2026\/02\/Namnlos-design-5.png'); background-position: center center; background-size: cover;\">\n\t\t\t\t\t<\/div>\n<p><b>A Wave of Success<\/b><br \/><span class=\"program-time-stamp\">8 augusti Kl 11:00 &#8211; 17:00<\/span><\/p>\n<p><\/a><\/div>\n<\/div>\n<div class=\"single-event-slot\">\n<div class=\"event-slot-content\"><a href=\"https:\/\/birgitnilsson.com\/festival\/events\/den-flygande-hollandaren\/\"><br \/>\n\t\t\t\t<!--event img--><\/p>\n<div class=\"event-slot-image\" style=\"background-image: url('https:\/\/birgitnilsson.com\/festival\/wp-content\/uploads\/sites\/10\/2026\/01\/Birgit-Nilsson-Festival-2026-Den_flygande-Hollandaren-2500x1667px.png'); background-position: center center; background-size: cover;\">\n\t\t\t\t\t<\/div>\n<p><b>Den flygande holl\u00e4ndaren<\/b><br \/><span class=\"program-time-stamp\">8 augusti Kl 19:00 &#8211; 22:00<\/span><\/p>\n<p><\/a><\/div>\n<\/div>\n<div class=\"single-event-slot\">\n<div class=\"event-slot-content\"><a href=\"https:\/\/birgitnilsson.com\/festival\/en\/events\/der-fliegende-hollander\/\"><br \/>\n\t\t\t\t<!--event img--><\/p>\n<div class=\"event-slot-image\" style=\"background-image: url('https:\/\/birgitnilsson.com\/festival\/wp-content\/uploads\/sites\/10\/2026\/01\/Birgit-Nilsson-Festival-2026-Den_flygande-Hollandaren-2500x1667px.png'); background-position: center center; background-size: cover;\">\n\t\t\t\t\t<\/div>\n<p><b>Der fliegende Holl\u00e4nder<\/b><br \/><span class=\"program-time-stamp\">8 augusti Kl 19:00 &#8211; 22:00<\/span><\/p>\n<p><\/a><\/div>\n<\/div><\/div>\n<\/p><\/div>\n<\/div>\n<\/div><\/div>\n<\/p><\/div>\n<\/p><\/div>\n<\/p><\/div>\n<section class=\"elementor-section elementor-top-section elementor-element elementor-element-6b7a887a elementor-section-boxed elementor-section-height-default elementor-section-height-default\" data-id=\"6b7a887a\" data-element_type=\"section\" data-e-type=\"section\">\n<div class=\"elementor-container elementor-column-gap-default\">\n<div class=\"elementor-column elementor-col-100 elementor-top-column elementor-element elementor-element-2483c2ff\" data-id=\"2483c2ff\" data-element_type=\"column\" data-e-type=\"column\">\n<div class=\"elementor-widget-wrap elementor-element-populated\">\n<div class=\"elementor-element elementor-element-fd605f2 elementor-widget elementor-widget-heading\" data-id=\"fd605f2\" data-element_type=\"widget\" data-e-type=\"widget\" data-widget_type=\"heading.default\">\n<h2 class=\"elementor-heading-title elementor-size-default\">Before your visit<\/h2>\n<\/p><\/div>\n<\/p><\/div>\n<\/p><\/div>\n<\/p><\/div>\n<\/section>\n<section class=\"elementor-section elementor-top-section elementor-element elementor-element-4733a36 elementor-section-boxed elementor-section-height-default elementor-section-height-default\" data-id=\"4733a36\" data-element_type=\"section\" data-e-type=\"section\">\n<div class=\"elementor-container elementor-column-gap-no\">\n<div class=\"elementor-column elementor-col-33 elementor-top-column elementor-element elementor-element-e06976c elementor-invisible\" data-id=\"e06976c\" data-element_type=\"column\" data-e-type=\"column\" data-settings=\"{&quot;animation&quot;:&quot;fadeInUp&quot;}\">\n<div class=\"elementor-widget-wrap elementor-element-populated\">\n<div class=\"elementor-element elementor-element-7f7f9ec elementor-widget-divider--view-line elementor-widget elementor-widget-divider\" data-id=\"7f7f9ec\" data-element_type=\"widget\" data-e-type=\"widget\" data-widget_type=\"divider.default\">\n<div class=\"elementor-divider\">\n\t\t\t<span class=\"elementor-divider-separator\"><br \/>\n\t\t\t\t\t\t<\/span>\n\t\t<\/div>\n<\/p><\/div>\n<p>\t\t<a class=\"elementor-element elementor-element-8d377e2 e-flex e-con-boxed e-con e-parent\" data-id=\"8d377e2\" data-element_type=\"container\" data-e-type=\"container\" href=\"https:\/\/birgitnilsson.com\/festival\/en\/before-your-visit\/#FAQ\"><\/p>\n<div class=\"e-con-inner\">\n<div class=\"elementor-element elementor-element-7ff7a8e elementor-widget elementor-widget-text-editor\" data-id=\"7ff7a8e\" data-element_type=\"widget\" data-e-type=\"widget\" data-widget_type=\"text-editor.default\">\n<p><strong>FAQ<\/strong><\/p>\n<\/p><\/div>\n<div class=\"elementor-element elementor-element-9f2b8aa blue elementor-view-default elementor-widget elementor-widget-icon\" data-id=\"9f2b8aa\" data-element_type=\"widget\" data-e-type=\"widget\" data-widget_type=\"icon.default\">\n<div class=\"elementor-icon-wrapper\">\n<div class=\"elementor-icon\">\n\t\t\t<svg aria-hidden=\"true\" class=\"e-font-icon-svg e-fas-long-arrow-alt-right\" viewBox=\"0 0 448 512\" xmlns=\"http:\/\/www.w3.org\/2000\/svg\"><path d=\"M313.941 216H12c-6.627 0-12 5.373-12 12v56c0 6.627 5.373 12 12 12h301.941v46.059c0 21.382 25.851 32.09 40.971 16.971l86.059-86.059c9.373-9.373 9.373-24.569 0-33.941l-86.059-86.059c-15.119-15.119-40.971-4.411-40.971 16.971V216z\"><\/path><\/svg>\t\t\t<\/div>\n<\/p><\/div>\n<\/p><\/div>\n<\/p><\/div>\n<p>\t\t\t\t<\/a>\n\t\t\t\t\t<\/div>\n<\/p><\/div>\n<div class=\"elementor-column elementor-col-33 elementor-top-column elementor-element elementor-element-db65580 elementor-invisible\" data-id=\"db65580\" data-element_type=\"column\" data-e-type=\"column\" data-settings=\"{&quot;animation&quot;:&quot;fadeInUp&quot;}\">\n<div class=\"elementor-widget-wrap elementor-element-populated\">\n<div class=\"elementor-element elementor-element-dc2500c elementor-widget-divider--view-line elementor-widget elementor-widget-divider\" data-id=\"dc2500c\" data-element_type=\"widget\" data-e-type=\"widget\" data-widget_type=\"divider.default\">\n<div class=\"elementor-divider\">\n\t\t\t<span class=\"elementor-divider-separator\"><br \/>\n\t\t\t\t\t\t<\/span>\n\t\t<\/div>\n<\/p><\/div>\n<p>\t\t<a class=\"elementor-element elementor-element-92935d2 e-flex e-con-boxed e-con e-parent\" data-id=\"92935d2\" data-element_type=\"container\" data-e-type=\"container\" href=\"https:\/\/birgitnilsson.com\/festival\/en\/before-your-visit\/#food\"><\/p>\n<div class=\"e-con-inner\">\n<div class=\"elementor-element elementor-element-7c0ba88 elementor-widget elementor-widget-text-editor\" data-id=\"7c0ba88\" data-element_type=\"widget\" data-e-type=\"widget\" data-widget_type=\"text-editor.default\">\n<p><b>Food &amp; Drinks<\/b><\/p>\n<\/p><\/div>\n<div class=\"elementor-element elementor-element-d383065 blue elementor-view-default elementor-widget elementor-widget-icon\" data-id=\"d383065\" data-element_type=\"widget\" data-e-type=\"widget\" data-widget_type=\"icon.default\">\n<div class=\"elementor-icon-wrapper\">\n<div class=\"elementor-icon\">\n\t\t\t<svg aria-hidden=\"true\" class=\"e-font-icon-svg e-fas-long-arrow-alt-right\" viewBox=\"0 0 448 512\" xmlns=\"http:\/\/www.w3.org\/2000\/svg\"><path d=\"M313.941 216H12c-6.627 0-12 5.373-12 12v56c0 6.627 5.373 12 12 12h301.941v46.059c0 21.382 25.851 32.09 40.971 16.971l86.059-86.059c9.373-9.373 9.373-24.569 0-33.941l-86.059-86.059c-15.119-15.119-40.971-4.411-40.971 16.971V216z\"><\/path><\/svg>\t\t\t<\/div>\n<\/p><\/div>\n<\/p><\/div>\n<\/p><\/div>\n<p>\t\t\t\t<\/a>\n\t\t\t\t\t<\/div>\n<\/p><\/div>\n<div class=\"elementor-column elementor-col-33 elementor-top-column elementor-element elementor-element-9c4a24b elementor-invisible\" data-id=\"9c4a24b\" data-element_type=\"column\" data-e-type=\"column\" data-settings=\"{&quot;animation&quot;:&quot;fadeInUp&quot;}\">\n<div class=\"elementor-widget-wrap elementor-element-populated\">\n<div class=\"elementor-element elementor-element-165db5e elementor-widget-divider--view-line elementor-widget elementor-widget-divider\" data-id=\"165db5e\" data-element_type=\"widget\" data-e-type=\"widget\" data-widget_type=\"divider.default\">\n<div class=\"elementor-divider\">\n\t\t\t<span class=\"elementor-divider-separator\"><br \/>\n\t\t\t\t\t\t<\/span>\n\t\t<\/div>\n<\/p><\/div>\n<p>\t\t<a class=\"elementor-element elementor-element-946e5e6 e-flex e-con-boxed e-con e-parent\" data-id=\"946e5e6\" data-element_type=\"container\" data-e-type=\"container\" href=\"https:\/\/birgitnilsson.com\/festival\/en\/before-your-visit\/#hotel\"><\/p>\n<div class=\"e-con-inner\">\n<div class=\"elementor-element elementor-element-8bfea61 elementor-widget elementor-widget-text-editor\" data-id=\"8bfea61\" data-element_type=\"widget\" data-e-type=\"widget\" data-widget_type=\"text-editor.default\">\n<p><strong>Accommodation<\/strong><\/p>\n<\/p><\/div>\n<div class=\"elementor-element elementor-element-7917caf blue elementor-view-default elementor-widget elementor-widget-icon\" data-id=\"7917caf\" data-element_type=\"widget\" data-e-type=\"widget\" data-widget_type=\"icon.default\">\n<div class=\"elementor-icon-wrapper\">\n<div class=\"elementor-icon\">\n\t\t\t<svg aria-hidden=\"true\" class=\"e-font-icon-svg e-fas-long-arrow-alt-right\" viewBox=\"0 0 448 512\" xmlns=\"http:\/\/www.w3.org\/2000\/svg\"><path d=\"M313.941 216H12c-6.627 0-12 5.373-12 12v56c0 6.627 5.373 12 12 12h301.941v46.059c0 21.382 25.851 32.09 40.971 16.971l86.059-86.059c9.373-9.373 9.373-24.569 0-33.941l-86.059-86.059c-15.119-15.119-40.971-4.411-40.971 16.971V216z\"><\/path><\/svg>\t\t\t<\/div>\n<\/p><\/div>\n<\/p><\/div>\n<\/p><\/div>\n<p>\t\t\t\t<\/a>\n\t\t\t\t\t<\/div>\n<\/p><\/div>\n<\/p><\/div>\n<\/section>\n<section class=\"elementor-section elementor-top-section elementor-element elementor-element-39ff841d elementor-section-height-min-height elementor-section-boxed elementor-section-height-default elementor-section-items-middle\" data-id=\"39ff841d\" data-element_type=\"section\" data-e-type=\"section\">\n<div class=\"elementor-container elementor-column-gap-no\">\n<div class=\"elementor-column elementor-col-100 elementor-top-column elementor-element elementor-element-58a53692\" data-id=\"58a53692\" data-element_type=\"column\" data-e-type=\"column\">\n<div class=\"elementor-widget-wrap\">\n\t\t\t\t\t\t\t<\/div>\n<\/p><\/div>\n<\/p><\/div>\n<\/section><\/div>\n\r\n<\/section>\r\n\t<\/div>\r\n<\/div>\r\n\t","protected":false},"excerpt":{"rendered":"<p>8 augusti, 2026 @ 19:00 &#8211; 22:00 &#8211; Festival schedule Download the festival program for 2026 here (PDF) Download program m\u00e5ndag &#8211; 3 augusti En v\u00e5g av framg\u00e5ng3 augusti Kl 11:00 &#8211; 17:00 A Wave of Success3 augusti Kl 11:00 &#8211; 17:00 Festival Lounge3 augusti Kl 11:00 &#8211; 16:00 Festival Lounge3 augusti Kl 11:00 &#8211; 16:00 Stj\u00e4rna mot Stj\u00e4rna \u2028\u2013 ett samtal om [&#8230;]<\/p>\n","protected":false},"author":1,"featured_media":0,"parent":0,"menu_order":0,"comment_status":"closed","ping_status":"closed","template":"","meta":{"_acf_changed":false,"ocean_post_layout":"","ocean_both_sidebars_style":"","ocean_both_sidebars_content_width":0,"ocean_both_sidebars_sidebars_width":0,"ocean_sidebar":"","ocean_second_sidebar":"","ocean_disable_margins":"enable","ocean_add_body_class":"","ocean_shortcode_before_top_bar":"","ocean_shortcode_after_top_bar":"","ocean_shortcode_before_header":"","ocean_shortcode_after_header":"","ocean_has_shortcode":"","ocean_shortcode_after_title":"","ocean_shortcode_before_footer_widgets":"","ocean_shortcode_after_footer_widgets":"","ocean_shortcode_before_footer_bottom":"","ocean_shortcode_after_footer_bottom":"","ocean_display_top_bar":"default","ocean_display_header":"default","ocean_header_style":"","ocean_center_header_left_menu":"","ocean_custom_header_template":"","ocean_custom_logo":0,"ocean_custom_retina_logo":0,"ocean_custom_logo_max_width":0,"ocean_custom_logo_tablet_max_width":0,"ocean_custom_logo_mobile_max_width":0,"ocean_custom_logo_max_height":0,"ocean_custom_logo_tablet_max_height":0,"ocean_custom_logo_mobile_max_height":0,"ocean_header_custom_menu":"","ocean_menu_typo_font_family":"","ocean_menu_typo_font_subset":"","ocean_menu_typo_font_size":0,"ocean_menu_typo_font_size_tablet":0,"ocean_menu_typo_font_size_mobile":0,"ocean_menu_typo_font_size_unit":"px","ocean_menu_typo_font_weight":"","ocean_menu_typo_font_weight_tablet":"","ocean_menu_typo_font_weight_mobile":"","ocean_menu_typo_transform":"","ocean_menu_typo_transform_tablet":"","ocean_menu_typo_transform_mobile":"","ocean_menu_typo_line_height":0,"ocean_menu_typo_line_height_tablet":0,"ocean_menu_typo_line_height_mobile":0,"ocean_menu_typo_line_height_unit":"","ocean_menu_typo_spacing":0,"ocean_menu_typo_spacing_tablet":0,"ocean_menu_typo_spacing_mobile":0,"ocean_menu_typo_spacing_unit":"","ocean_menu_link_color":"","ocean_menu_link_color_hover":"","ocean_menu_link_color_active":"","ocean_menu_link_background":"","ocean_menu_link_hover_background":"","ocean_menu_link_active_background":"","ocean_menu_social_links_bg":"","ocean_menu_social_hover_links_bg":"","ocean_menu_social_links_color":"","ocean_menu_social_hover_links_color":"","ocean_disable_title":"default","ocean_disable_heading":"default","ocean_post_title":"","ocean_post_subheading":"","ocean_post_title_style":"","ocean_post_title_background_color":"","ocean_post_title_background":0,"ocean_post_title_bg_image_position":"","ocean_post_title_bg_image_attachment":"","ocean_post_title_bg_image_repeat":"","ocean_post_title_bg_image_size":"","ocean_post_title_height":0,"ocean_post_title_bg_overlay":0.5,"ocean_post_title_bg_overlay_color":"","ocean_disable_breadcrumbs":"default","ocean_breadcrumbs_color":"","ocean_breadcrumbs_separator_color":"","ocean_breadcrumbs_links_color":"","ocean_breadcrumbs_links_hover_color":"","ocean_display_footer_widgets":"default","ocean_display_footer_bottom":"default","ocean_custom_footer_template":"","footnotes":""},"class_list":["post-629","page","type-page","status-publish","hentry","entry","has-media"],"acf":[],"yoast_head":"<!-- This site is optimized with the Yoast SEO plugin v27.4 - https:\/\/yoast.com\/product\/yoast-seo-wordpress\/ -->\n<title>Program - Birgit Nilsson Festival<\/title>\n<meta name=\"robots\" content=\"index, follow, max-snippet:-1, max-image-preview:large, max-video-preview:-1\" \/>\n<link rel=\"canonical\" href=\"https:\/\/birgitnilsson.com\/festival\/en\/english-program\/\" \/>\n<meta property=\"og:locale\" content=\"sv_SE\" \/>\n<meta property=\"og:type\" content=\"article\" \/>\n<meta property=\"og:title\" content=\"Program - Birgit Nilsson Festival\" \/>\n<meta property=\"og:description\" content=\"8 augusti, 2026 @ 19:00 - 22:00 - Festival schedule Download the festival program for 2026 here (PDF) Download program m\u00e5ndag - 3 augusti En v\u00e5g av framg\u00e5ng3 augusti Kl 11:00 - 17:00 A Wave of Success3 augusti Kl 11:00 - 17:00 Festival Lounge3 augusti Kl 11:00 - 16:00 Festival Lounge3 augusti Kl 11:00 - 16:00 Stj\u00e4rna mot Stj\u00e4rna \u2028\u2013 ett samtal om [...]\" \/>\n<meta property=\"og:url\" content=\"https:\/\/birgitnilsson.com\/festival\/en\/english-program\/\" \/>\n<meta property=\"og:site_name\" content=\"Birgit Nilsson Festival\" \/>\n<meta property=\"article:modified_time\" content=\"2026-03-23T15:14:45+00:00\" \/>\n<meta name=\"twitter:card\" content=\"summary_large_image\" \/>\n<meta name=\"twitter:label1\" content=\"Ber\u00e4knad l\u00e4stid\" \/>\n\t<meta name=\"twitter:data1\" content=\"2 minuter\" \/>\n<script type=\"application\/ld+json\" class=\"yoast-schema-graph\">{\"@context\":\"https:\\\/\\\/schema.org\",\"@graph\":[{\"@type\":\"WebPage\",\"@id\":\"https:\\\/\\\/birgitnilsson.com\\\/festival\\\/en\\\/english-program\\\/\",\"url\":\"https:\\\/\\\/birgitnilsson.com\\\/festival\\\/en\\\/english-program\\\/\",\"name\":\"Program - Birgit Nilsson Festival\",\"isPartOf\":{\"@id\":\"https:\\\/\\\/birgitnilsson.com\\\/festival\\\/#website\"},\"datePublished\":\"2026-02-05T10:28:39+00:00\",\"dateModified\":\"2026-03-23T15:14:45+00:00\",\"breadcrumb\":{\"@id\":\"https:\\\/\\\/birgitnilsson.com\\\/festival\\\/en\\\/english-program\\\/#breadcrumb\"},\"inLanguage\":\"sv-SE\",\"potentialAction\":[{\"@type\":\"ReadAction\",\"target\":[\"https:\\\/\\\/birgitnilsson.com\\\/festival\\\/en\\\/english-program\\\/\"]}]},{\"@type\":\"BreadcrumbList\",\"@id\":\"https:\\\/\\\/birgitnilsson.com\\\/festival\\\/en\\\/english-program\\\/#breadcrumb\",\"itemListElement\":[{\"@type\":\"ListItem\",\"position\":1,\"name\":\"Hem\",\"item\":\"https:\\\/\\\/birgitnilsson.com\\\/festival\\\/\"},{\"@type\":\"ListItem\",\"position\":2,\"name\":\"Program\"}]},{\"@type\":\"WebSite\",\"@id\":\"https:\\\/\\\/birgitnilsson.com\\\/festival\\\/#website\",\"url\":\"https:\\\/\\\/birgitnilsson.com\\\/festival\\\/\",\"name\":\"Birgit Nilsson Festival\",\"description\":\"The Official Website\",\"publisher\":{\"@id\":\"https:\\\/\\\/birgitnilsson.com\\\/festival\\\/#organization\"},\"potentialAction\":[{\"@type\":\"SearchAction\",\"target\":{\"@type\":\"EntryPoint\",\"urlTemplate\":\"https:\\\/\\\/birgitnilsson.com\\\/festival\\\/?s={search_term_string}\"},\"query-input\":{\"@type\":\"PropertyValueSpecification\",\"valueRequired\":true,\"valueName\":\"search_term_string\"}}],\"inLanguage\":\"sv-SE\"},{\"@type\":\"Organization\",\"@id\":\"https:\\\/\\\/birgitnilsson.com\\\/festival\\\/#organization\",\"name\":\"Birgit Nilsson Festival\",\"url\":\"https:\\\/\\\/birgitnilsson.com\\\/festival\\\/\",\"logo\":{\"@type\":\"ImageObject\",\"inLanguage\":\"sv-SE\",\"@id\":\"https:\\\/\\\/birgitnilsson.com\\\/festival\\\/#\\\/schema\\\/logo\\\/image\\\/\",\"url\":\"https:\\\/\\\/birgitnilsson.com\\\/festival\\\/wp-content\\\/uploads\\\/sites\\\/10\\\/2026\\\/01\\\/Birgit-nilsson-stiftelsen-logotype.png\",\"contentUrl\":\"https:\\\/\\\/birgitnilsson.com\\\/festival\\\/wp-content\\\/uploads\\\/sites\\\/10\\\/2026\\\/01\\\/Birgit-nilsson-stiftelsen-logotype.png\",\"width\":650,\"height\":384,\"caption\":\"Birgit Nilsson Festival\"},\"image\":{\"@id\":\"https:\\\/\\\/birgitnilsson.com\\\/festival\\\/#\\\/schema\\\/logo\\\/image\\\/\"}}]}<\/script>\n<!-- \/ Yoast SEO plugin. -->","yoast_head_json":{"title":"Program - Birgit Nilsson Festival","robots":{"index":"index","follow":"follow","max-snippet":"max-snippet:-1","max-image-preview":"max-image-preview:large","max-video-preview":"max-video-preview:-1"},"canonical":"https:\/\/birgitnilsson.com\/festival\/en\/english-program\/","og_locale":"sv_SE","og_type":"article","og_title":"Program - Birgit Nilsson Festival","og_description":"8 augusti, 2026 @ 19:00 - 22:00 - Festival schedule Download the festival program for 2026 here (PDF) Download program m\u00e5ndag - 3 augusti En v\u00e5g av framg\u00e5ng3 augusti Kl 11:00 - 17:00 A Wave of Success3 augusti Kl 11:00 - 17:00 Festival Lounge3 augusti Kl 11:00 - 16:00 Festival Lounge3 augusti Kl 11:00 - 16:00 Stj\u00e4rna mot Stj\u00e4rna \u2028\u2013 ett samtal om [...]","og_url":"https:\/\/birgitnilsson.com\/festival\/en\/english-program\/","og_site_name":"Birgit Nilsson Festival","article_modified_time":"2026-03-23T15:14:45+00:00","twitter_card":"summary_large_image","twitter_misc":{"Ber\u00e4knad l\u00e4stid":"2 minuter"},"schema":{"@context":"https:\/\/schema.org","@graph":[{"@type":"WebPage","@id":"https:\/\/birgitnilsson.com\/festival\/en\/english-program\/","url":"https:\/\/birgitnilsson.com\/festival\/en\/english-program\/","name":"Program - Birgit Nilsson Festival","isPartOf":{"@id":"https:\/\/birgitnilsson.com\/festival\/#website"},"datePublished":"2026-02-05T10:28:39+00:00","dateModified":"2026-03-23T15:14:45+00:00","breadcrumb":{"@id":"https:\/\/birgitnilsson.com\/festival\/en\/english-program\/#breadcrumb"},"inLanguage":"sv-SE","potentialAction":[{"@type":"ReadAction","target":["https:\/\/birgitnilsson.com\/festival\/en\/english-program\/"]}]},{"@type":"BreadcrumbList","@id":"https:\/\/birgitnilsson.com\/festival\/en\/english-program\/#breadcrumb","itemListElement":[{"@type":"ListItem","position":1,"name":"Hem","item":"https:\/\/birgitnilsson.com\/festival\/"},{"@type":"ListItem","position":2,"name":"Program"}]},{"@type":"WebSite","@id":"https:\/\/birgitnilsson.com\/festival\/#website","url":"https:\/\/birgitnilsson.com\/festival\/","name":"Birgit Nilsson Festival","description":"The Official Website","publisher":{"@id":"https:\/\/birgitnilsson.com\/festival\/#organization"},"potentialAction":[{"@type":"SearchAction","target":{"@type":"EntryPoint","urlTemplate":"https:\/\/birgitnilsson.com\/festival\/?s={search_term_string}"},"query-input":{"@type":"PropertyValueSpecification","valueRequired":true,"valueName":"search_term_string"}}],"inLanguage":"sv-SE"},{"@type":"Organization","@id":"https:\/\/birgitnilsson.com\/festival\/#organization","name":"Birgit Nilsson Festival","url":"https:\/\/birgitnilsson.com\/festival\/","logo":{"@type":"ImageObject","inLanguage":"sv-SE","@id":"https:\/\/birgitnilsson.com\/festival\/#\/schema\/logo\/image\/","url":"https:\/\/birgitnilsson.com\/festival\/wp-content\/uploads\/sites\/10\/2026\/01\/Birgit-nilsson-stiftelsen-logotype.png","contentUrl":"https:\/\/birgitnilsson.com\/festival\/wp-content\/uploads\/sites\/10\/2026\/01\/Birgit-nilsson-stiftelsen-logotype.png","width":650,"height":384,"caption":"Birgit Nilsson Festival"},"image":{"@id":"https:\/\/birgitnilsson.com\/festival\/#\/schema\/logo\/image\/"}}]}},"_links":{"self":[{"href":"https:\/\/birgitnilsson.com\/festival\/wp-json\/wp\/v2\/pages\/629","targetHints":{"allow":["GET"]}}],"collection":[{"href":"https:\/\/birgitnilsson.com\/festival\/wp-json\/wp\/v2\/pages"}],"about":[{"href":"https:\/\/birgitnilsson.com\/festival\/wp-json\/wp\/v2\/types\/page"}],"author":[{"embeddable":true,"href":"https:\/\/birgitnilsson.com\/festival\/wp-json\/wp\/v2\/users\/1"}],"replies":[{"embeddable":true,"href":"https:\/\/birgitnilsson.com\/festival\/wp-json\/wp\/v2\/comments?post=629"}],"version-history":[{"count":33,"href":"https:\/\/birgitnilsson.com\/festival\/wp-json\/wp\/v2\/pages\/629\/revisions"}],"predecessor-version":[{"id":1699,"href":"https:\/\/birgitnilsson.com\/festival\/wp-json\/wp\/v2\/pages\/629\/revisions\/1699"}],"wp:attachment":[{"href":"https:\/\/birgitnilsson.com\/festival\/wp-json\/wp\/v2\/media?parent=629"}],"curies":[{"name":"wp","href":"https:\/\/api.w.org\/{rel}","templated":true}]}}