{"id":6,"date":"2026-01-21T09:57:51","date_gmt":"2026-01-21T08:57:51","guid":{"rendered":"https:\/\/birgitnilsson.com\/festival\/?page_id=6"},"modified":"2026-03-03T09:53:11","modified_gmt":"2026-03-03T08:53:11","slug":"birgit-nilsson-festival","status":"publish","type":"page","link":"https:\/\/birgitnilsson.com\/festival\/","title":{"rendered":"Birgit Nilsson Festival"},"content":{"rendered":"<div class=\"em em-view-container\" id=\"em-view-2000365388\" data-view=\"event\">\r\n\t<div class=\"em pixelbones em-item em-item-single em-event em-event-single em-event-87 \" id=\"em-event-2000365388\" data-view-id=\"2000365388\">\r\n\t\t<section class=\"em-item-header\" style=\"--default-border:#80b538\">\r\n\t\r\n\t<div class=\"em-item-image \">\r\n\t\t<img src='https:\/\/birgitnilsson.com\/festival\/wp-content\/uploads\/sites\/10\/2026\/02\/Namnlos-design-11.png' alt='Festival Lounge'\/>\r\n\t<\/div>\r\n\t\r\n\t\r\n\t<div class=\"em-item-meta\">\r\n\t\t<section class=\"em-item-meta-column\">\r\n\t\t\t<section class=\"em-event-when\">\r\n\t\t\t\t<h3>N\u00e4r<\/h3>\r\n\t\t\t\t<div class=\"em-item-meta-line em-event-date em-event-meta-datetime\">\r\n\t\t\t\t\t<span class=\"em-icon-calendar em-icon\"><\/span>\r\n\t\t\t\t\t3 augusti, 2026\u00a0\u00a0\u00a0\u00a0\r\n\t\t\t\t<\/div>\r\n\t\t\t\t<div class=\"em-item-meta-line em-event-time em-event-meta-datetime\">\r\n\t\t\t\t\t<span class=\"em-icon-clock em-icon\"><\/span>\r\n\t\t\t\t\t11:00 - 16:00\r\n\t\t\t\t<\/div>\r\n\t\t\t\t\t\t\t\t\t<button type=\"button\" class=\"em-event-add-to-calendar em-tooltip-ddm em-clickable input\" data-button-width=\"match\" data-tooltip-class=\"em-add-to-calendar-tooltip\" data-content=\"em-event-add-to-colendar-content-1312545815\"><span class=\"em-icon em-icon-calendar\"><\/span> L\u00e4gg till i kalender<\/button>\r\n\t\t\t\t\t<div class=\"em-tooltip-ddm-content em-event-add-to-calendar-content\" id=\"em-event-add-to-colendar-content-1312545815\">\r\n\t\t\t\t\t\t<a class=\"em-a2c-download\" href=\"https:\/\/birgitnilsson.com\/festival\/en\/events\/festival-lounge\/ical\/\" target=\"_blank\">Ladda ner ICS<\/a>\r\n\t\t\t\t\t\t<a class=\"em-a2c-google\" href=\"https:\/\/www.google.com\/calendar\/event?action=TEMPLATE&#038;text=Festival+Lounge&#038;dates=20260803T110000\/20260803T160000&#038;details=%09%09%09%09%09%09%09%09%09%09%09%09%09%09%09%09%09%09%09%09%09%09%09%09%09%09%09%09%09%09%09%09%09%09%09%3C%21--Tar+bort+dubbla+shortcodes+i+elementor--%3E%09%09%09%09%09%09%3C%21--Om+eventet+%C3%A4r+listat+som+featured+f%C3%B6r+landningssidan--%3E%09%09%09%09%09%09%09%09%09%09%09%09%09%09%09%09%09%09%09%09%09%09%09%3Ca+href%3D%22https%3A%2F%2Fbirgitnilsson.com%2Ffestival%2Fevents%2Fden-flygande-hollandaren%2F%22%3E%09%09%09%09%09%09%09%09%3C%21--event+img--%3E%09%09%09%09%09%09%09%09%09%09%09%09%09%09%09%09%09%09%09%09%09%09%09%09%09%09%09%09%09%09%09%09%09%09%09%09%09%09%09%09%09%09%09%09%09%09%09%09%09%09%09%09%09%09%09%09Den+flygande+holl%C3%A4ndaren%09%09%09%09%09%09%09%09%09%09%09%09%09%09%09%098+augusti%09%09%09%09%09%09%09%09%09%09%09%09%09%09%09%09%09%09%09%09%09%09%09%3C%2Fa%3E%09%09%09%09%09%09%3C%21--.ticket-content--%3E%09%09%09%09%09%09%09%09%09%09%09%09%09%09%3C%21--Om+eventet+%C3%A4r+listat+som+featured+f%C3%B6r+landningssidan--%3E%09%09%09%09%09%09%09%09%09%09%09%09%09%09%09%09%09%09%09%09%09%09%09%3Ca+href%3D%22https%3A%2F%2Fbirgitnilsson.com%2Ffestival%2Fen%2Fevents%2Fder-fliegende-hollander%2F%22%3E%09%09%09%09%09%09%09%09%3C%21--event+img--%3E%09%09%09%09%09%09%09%09%09%09%09%09%09%09%09%09%09%09%09%09%09%09%09%09%09%09%09%09%09%09%09%09%09%09%09%09%09%09%09%09%09%09%09%09%09%09%09%09%09%09%09%09%09%09%09%09Der+fliegende+Holl%C3%A4nder%09%09%09%09%09%09%09%09%09%09%09%09%09%09%09%098+augusti%09%09%09%09%09%09%09%09%09%09%09%09%09%09%09%09%09%09%09%09%09%09%09%3C%2Fa%3E%09%09%09%09%09%09%3C%21--.ticket-content--%3E%09%09%09%09%09%09%09%09%09%09%09%09%09%09%3C%21--Om+eventet+%C3%A4r+listat+som+featured+f%C3%B6r+landningssidan--%3E%09%09%09%09%09%09%09%09%3C%21--Om+eventet+%C3%A4r+listat+som+featured+f%C3%B6r+landningssidan--%3E%09%09%09%09%09%09%09%09%3C%21--Om+eventet+%C3%A4r+listat+som+featu...&#038;location=Kyrkogatan+3%2C+B%C3%A5stad%2C+Sverige&#038;trp=false&#038;sprop=https%3A%2F%2Fbirgitnilsson.com%2Ffestival%2Fen%2Fevents%2Ffestival-lounge%2F&#038;sprop=name:Birgit+Nilsson+Festival&#038;ctz=Europe%2FStockholm\" target=\"_blank\">Google Kalender<\/a>\r\n\t\t\t\t\t\t<a class=\"em-a2c-apple\" href=\"webcal:\/\/birgitnilsson.com\/festival\/en\/events\/festival-lounge\/ical\/\" target=\"_blank\">iCalendar<\/a>\r\n\t\t\t\t\t\t<a class=\"em-a2c-office\" href=\"https:\/\/outlook.office.com\/calendar\/0\/deeplink\/compose?allday=false&#038;body=%09%09%09%09%09%09%09%09%09%09%09%09%09%09%09%09%09%09%09%09%09%09%09%09%09%09%09%09%09%09%09%09%09%09%09%3C%21--Tar+bort+dubbla+shortcodes+i+elementor--%3E%09%09%09%09%09%09%3C%21--Om+eventet+%C3%A4r+listat+som+featured+f%C3%B6r+landningssidan--%3E%09%09%09%09%09%09%09%09%09%09%09%09%09%09%09%09%09%09%09%09%09%09%09%3Ca+href%3D%22https%3A%2F%2Fbirgitnilsson.com%2Ffestival%2Fevents%2Fden-flygande-hollandaren%2F%22%3E%09%09%09%09%09%09%09%09%3C%21--event+img--%3E%09%09%09%09%09%09%09%09%09%09%09%09%09%09%09%09%09%09%09%09%09%09%09%09%09%09%09%09%09%09%09%09%09%09%09%09%09%09%09%09%09%09%09%09%09%09%09%09%09%09%09%09%09%09%09%09Den+flygande+holl%C3%A4ndaren%09%09%09%09%09%09%09%09%09%09%09%09%09%09%09%098+augusti%09%09%09%09%09%09%09%09%09%09%09%09%09%09%09%09%09%09%09%09%09%09%09%3C%2Fa%3E%09%09%09%09%09%09%3C%21--.ticket-content--%3E%09%09%09%09%09%09%09%09%09%09%09%09%09%09%3C%21--Om+eventet+%C3%A4r+listat+som+featured+f%C3%B6r+landningssidan--%3E%09%09%09%09%09%09%09%09%09%09%09%09%09%09%09%09%09%09%09%09%09%09%09%3Ca+href%3D%22https%3A%2F%2Fbirgitnilsson.com%2Ffestival%2Fen%2Fevents%2Fder-fliegende-hollander%2F%22%3E%09%09%09%09%09%09%09%09%3C%21--event+img--%3E%09%09%09%09%09%09%09%09%09%09%09%09%09%09%09%09%09%09%09%09%09%09%09%09%09%09%09%09%09%09%09%09%09%09%09%09%09%09%09%09%09%09%09%09%09%09%09%09%09%09%09%09%09%09%09%09Der+fliegende+Holl%C3%A4nder%09%09%09%09%09%09%09%09%09%09%09%09%09%09%09%098+augusti%09%09%09%09%09%09%09%09%09%09%09%09%09%09%09%09%09%09%09%09%09%09%09%3C%2Fa%3E%09%09%09%09%09%09%3C%21--.ticket-content--%3E%09%09%09%09%09%09%09%09%09%09%09%09%09%09%3C%21--Om+eventet+%C3%A4r+listat+som+featured+f%C3%B6r+landningssidan--%3E%09%09%09%09%09%09%09%09%3C%21--Om+eventet+%C3%A4r+listat+som+featured+f%C3%B6r+landningssidan--%3E%09%09%09%09%09%09%09%09%3C%21--Om+eventet+%C3%A4r+listat+som+featured+f%C3%B6r+landningssidan--%3E%09%09%09%09%09%09%09%09%09%09%09%09%09%09%09%09%09%09%09%09%09...&#038;location=Kyrkogatan+3%2C+B%C3%A5stad%2C+Sverige&#038;path=\/calendar\/action\/compose&#038;rru=addevent&#038;startdt=2026-08-03T11%3A00%3A00%2B02%3A00&#038;enddt=2026-08-03T16%3A00%3A00%2B02%3A00&#038;subject=Festival+Lounge\" target=\"_blank\">Office 365<\/a>\r\n\t\t\t\t\t\t<a class=\"em-a2c-outlook\" href=\"https:\/\/outlook.live.com\/calendar\/0\/deeplink\/compose?allday=false&#038;body=%09%09%09%09%09%09%09%09%09%09%09%09%09%09%09%09%09%09%09%09%09%09%09%09%09%09%09%09%09%09%09%09%09%09%09%3C%21--Tar+bort+dubbla+shortcodes+i+elementor--%3E%09%09%09%09%09%09%3C%21--Om+eventet+%C3%A4r+listat+som+featured+f%C3%B6r+landningssidan--%3E%09%09%09%09%09%09%09%09%09%09%09%09%09%09%09%09%09%09%09%09%09%09%09%3Ca+href%3D%22https%3A%2F%2Fbirgitnilsson.com%2Ffestival%2Fevents%2Fden-flygande-hollandaren%2F%22%3E%09%09%09%09%09%09%09%09%3C%21--event+img--%3E%09%09%09%09%09%09%09%09%09%09%09%09%09%09%09%09%09%09%09%09%09%09%09%09%09%09%09%09%09%09%09%09%09%09%09%09%09%09%09%09%09%09%09%09%09%09%09%09%09%09%09%09%09%09%09%09Den+flygande+holl%C3%A4ndaren%09%09%09%09%09%09%09%09%09%09%09%09%09%09%09%098+augusti%09%09%09%09%09%09%09%09%09%09%09%09%09%09%09%09%09%09%09%09%09%09%09%3C%2Fa%3E%09%09%09%09%09%09%3C%21--.ticket-content--%3E%09%09%09%09%09%09%09%09%09%09%09%09%09%09%3C%21--Om+eventet+%C3%A4r+listat+som+featured+f%C3%B6r+landningssidan--%3E%09%09%09%09%09%09%09%09%09%09%09%09%09%09%09%09%09%09%09%09%09%09%09%3Ca+href%3D%22https%3A%2F%2Fbirgitnilsson.com%2Ffestival%2Fen%2Fevents%2Fder-fliegende-hollander%2F%22%3E%09%09%09%09%09%09%09%09%3C%21--event+img--%3E%09%09%09%09%09%09%09%09%09%09%09%09%09%09%09%09%09%09%09%09%09%09%09%09%09%09%09%09%09%09%09%09%09%09%09%09%09%09%09%09%09%09%09%09%09%09%09%09%09%09%09%09%09%09%09%09Der+fliegende+Holl%C3%A4nder%09%09%09%09%09%09%09%09%09%09%09%09%09%09%09%098+augusti%09%09%09%09%09%09%09%09%09%09%09%09%09%09%09%09%09%09%09%09%09%09%09%3C%2Fa%3E%09%09%09%09%09%09%3C%21--.ticket-content--%3E%09%09%09%09%09%09%09%09%09%09%09%09%09%09%3C%21--Om+eventet+%C3%A4r+listat+som+featured+f%C3%B6r+landningssidan--%3E%09%09%09%09%09%09%09%09%3C%21--Om+eventet+%C3%A4r+listat+som+featured+f%C3%B6r+landningssidan--%3E%09%09%09%09%09%09%09%09%3C%21--Om+eventet+%C3%A4r+listat+som+featured+f%C3%B6r+landningssidan--%3E%09%09%09%09%09%09%09%09%09%09%09%09%09%09%09%09%09%09%09%09%09%09%09...&#038;location=Kyrkogatan+3%2C+B%C3%A5stad%2C+Sverige&#038;path=\/calendar\/action\/compose&#038;rru=addevent&#038;startdt=2026-08-03T11%3A00%3A00%2B02%3A00&#038;enddt=2026-08-03T16%3A00%3A00%2B02%3A00&#038;subject=Festival+Lounge\" target=\"_blank\">Outlook Live<\/a>\r\n\t\t\t\t\t<\/div>\r\n\t\t\t\t\t\r\n\t\t\t<\/section>\r\n\t\r\n\t\t\t\r\n\t\t<\/section>\r\n\r\n\t\t<section class=\"em-item-meta-column\">\r\n\t\t\t\r\n\t\t\t<section class=\"em-event-where\">\r\n\t\t\t\t<h3>Var<\/h3>\r\n\t\t\t\t<div class=\"em-item-meta-line em-event-location\">\r\n\t\t\t\t\t<span class=\"em-icon-location em-icon\"><\/span>\r\n\t\t\t\t\t<div>\r\n\t\t\t\t\t\t<a href=\"https:\/\/birgitnilsson.com\/locations\/centercourten-bastad\/\">Centercourten B\u00e5stad<\/a><br>\r\n\t\t\t\t\t\tKyrkogatan 3, B\u00e5stad\r\n\t\t\t\t\t<\/div>\r\n\t\t\t\t<\/div>\r\n\t\t\t<\/section>\r\n\t\t\t\r\n\t\t\t\r\n\t\t\t\r\n\t\t\t\r\n\t\t\t<section class=\"em-item-taxonomies\">\r\n\t\t\t\t<h3>Event Type<\/h3>\r\n\t\t\t\t\r\n\t\t\t\t<div class=\"em-item-meta-line em-item-taxonomy em-event-categories\">\r\n\t\t\t\t\t<span class=\"em-icon-category em-icon\"><\/span>\r\n\t\t\t\t\t<div>Inga Kategorier<\/div>\r\n\t\t\t\t<\/div>\r\n\t\t\t\t\r\n\t\t\t\t\r\n\t\t\t<\/section>\r\n\t\t\t\r\n\t\t<\/section>\r\n\t<\/div>\r\n<\/section>\r\n\r\n<section class=\"em-event-location\">\r\n\t\r\n<\/section>\r\n\r\n<section class=\"em-event-content\">\r\n\t\n<div data-elementor-type=\"wp-page\" data-elementor-id=\"6\" class=\"elementor elementor-6\">\n<section class=\"elementor-section elementor-top-section elementor-element elementor-element-715bd1c elementor-section-stretched elementor-section-height-min-height event-slots elementor-section-boxed elementor-section-height-default elementor-section-items-middle\" data-id=\"715bd1c\" data-element_type=\"section\" data-e-type=\"section\" data-settings=\"{&quot;stretch_section&quot;:&quot;section-stretched&quot;,&quot;background_background&quot;:&quot;classic&quot;}\">\n<div class=\"elementor-container elementor-column-gap-default\">\n<div class=\"elementor-column elementor-col-100 elementor-top-column elementor-element elementor-element-fd62296 elementor-invisible\" data-id=\"fd62296\" data-element_type=\"column\" data-e-type=\"column\" data-settings=\"{&quot;animation&quot;:&quot;fadeIn&quot;}\">\n<div class=\"elementor-widget-wrap elementor-element-populated\">\n<div class=\"elementor-element elementor-element-3fcb78a elementor-widget elementor-widget-shortcode\" data-id=\"3fcb78a\" data-element_type=\"widget\" data-e-type=\"widget\" data-widget_type=\"shortcode.default\">\n<div class=\"elementor-shortcode\"><!--Tar bort dubbla shortcodes i elementor--><\/p>\n<div class=\"event-slots-grid\">\n\t\t\t\t\t<!--Om eventet \u00e4r listat som featured f\u00f6r landningssidan--><\/p>\n<div class=\"single-event-slot\">\n<div class=\"event-slot-content\">\n\t\t\t\t\t\t\t<a href=\"https:\/\/birgitnilsson.com\/festival\/events\/den-flygande-hollandaren\/\"><br \/>\n\t\t\t\t\t\t\t\t<!--event img--><\/p>\n<div class=\"event-slot-image\" style=\"background-image: url('https:\/\/birgitnilsson.com\/festival\/wp-content\/uploads\/sites\/10\/2026\/01\/Birgit-Nilsson-Festival-2026-Den_flygande-Hollandaren-2500x1667px.png'); background-position: center center; background-size: cover;\">\n\t\t\t\t\t\t\t\t<\/div>\n<h3>Den flygande holl\u00e4ndaren<\/h3>\n<p>\t\t\t\t\t\t\t\t<span><br \/>\n\t\t\t\t\t\t\t\t8 augusti\t\t\t\t\t\t\t\t\t\t\t\t\t\t\t\t<\/span><br \/>\n\t\t\t\t\t\t\t<\/a>\n\t\t\t\t\t\t<\/div>\n<p><!--.ticket-content-->\n\t\t\t\t\t<\/div>\n<p>\t\t\t\t\t\t\t\t\t<!--Om eventet \u00e4r listat som featured f\u00f6r landningssidan--><\/p>\n<div class=\"single-event-slot\">\n<div class=\"event-slot-content\">\n\t\t\t\t\t\t\t<a href=\"https:\/\/birgitnilsson.com\/festival\/en\/events\/der-fliegende-hollander\/\"><br \/>\n\t\t\t\t\t\t\t\t<!--event img--><\/p>\n<div class=\"event-slot-image\" style=\"background-image: url('https:\/\/birgitnilsson.com\/festival\/wp-content\/uploads\/sites\/10\/2026\/01\/Birgit-Nilsson-Festival-2026-Den_flygande-Hollandaren-2500x1667px.png'); background-position: center center; background-size: cover;\">\n\t\t\t\t\t\t\t\t<\/div>\n<h3>Der fliegende Holl\u00e4nder<\/h3>\n<p>\t\t\t\t\t\t\t\t<span><br \/>\n\t\t\t\t\t\t\t\t8 augusti\t\t\t\t\t\t\t\t\t\t\t\t\t\t\t\t<\/span><br \/>\n\t\t\t\t\t\t\t<\/a>\n\t\t\t\t\t\t<\/div>\n<p><!--.ticket-content-->\n\t\t\t\t\t<\/div>\n<p>\t\t\t\t\t\t\t\t\t<!--Om eventet \u00e4r listat som featured f\u00f6r landningssidan--><br \/>\n\t\t\t\t\t\t\t\t<!--Om eventet \u00e4r listat som featured f\u00f6r landningssidan--><br \/>\n\t\t\t\t\t\t\t\t<!--Om eventet \u00e4r listat som featured f\u00f6r landningssidan--><\/p>\n<div class=\"single-event-slot\">\n<div class=\"event-slot-content\">\n\t\t\t\t\t\t\t<a href=\"https:\/\/birgitnilsson.com\/festival\/events\/birgit-nilsson-stipendium\/\"><br \/>\n\t\t\t\t\t\t\t\t<!--event img--><\/p>\n<div class=\"event-slot-image\" style=\"background-image: url('https:\/\/birgitnilsson.com\/festival\/wp-content\/uploads\/sites\/10\/2026\/02\/Namnlos-design-20.png'); background-position: center center; background-size: cover;\">\n\t\t\t\t\t\t\t\t<\/div>\n<h3>Stipendieutdelning &#038; konsert<\/h3>\n<p>\t\t\t\t\t\t\t\t<span><br \/>\n\t\t\t\t\t\t\t\t7 augusti\t\t\t\t\t\t\t\t\t\t\t\t\t\t\t\t<\/span><br \/>\n\t\t\t\t\t\t\t<\/a>\n\t\t\t\t\t\t<\/div>\n<p><!--.ticket-content-->\n\t\t\t\t\t<\/div>\n<p>\t\t\t\t\t\t\t\t\t<!--Om eventet \u00e4r listat som featured f\u00f6r landningssidan--><br \/>\n\t\t\t\t\t\t\t\t<!--Om eventet \u00e4r listat som featured f\u00f6r landningssidan--><br \/>\n\t\t\t\t\t\t\t\t<!--Om eventet \u00e4r listat som featured f\u00f6r landningssidan--><\/p>\n<div class=\"single-event-slot\">\n<div class=\"event-slot-content\">\n\t\t\t\t\t\t\t<a href=\"https:\/\/birgitnilsson.com\/festival\/en\/events\/birgit-nilsson-stipendium-2\/\"><br \/>\n\t\t\t\t\t\t\t\t<!--event img--><\/p>\n<div class=\"event-slot-image\" style=\"background-image: url('https:\/\/birgitnilsson.com\/festival\/wp-content\/uploads\/sites\/10\/2026\/02\/Namnlos-design-19.png'); background-position: center center; background-size: cover;\">\n\t\t\t\t\t\t\t\t<\/div>\n<h3>Stipendium Presentation &#038; Recital<\/h3>\n<p>\t\t\t\t\t\t\t\t<span><br \/>\n\t\t\t\t\t\t\t\t7 augusti\t\t\t\t\t\t\t\t\t\t\t\t\t\t\t\t<\/span><br \/>\n\t\t\t\t\t\t\t<\/a>\n\t\t\t\t\t\t<\/div>\n<p><!--.ticket-content-->\n\t\t\t\t\t<\/div>\n<p>\t\t\t\t\t\t\t\t\t<!--Om eventet \u00e4r listat som featured f\u00f6r landningssidan--><br \/>\n\t\t\t\t\t\t\t\t<!--Om eventet \u00e4r listat som featured f\u00f6r landningssidan--><br \/>\n\t\t\t\t\t\t\t\t<!--Om eventet \u00e4r listat som featured f\u00f6r landningssidan--><br \/>\n\t\t\t\t\t\t\t\t<!--Om eventet \u00e4r listat som featured f\u00f6r landningssidan--><br \/>\n\t\t\t\t\t\t\t\t<!--Om eventet \u00e4r listat som featured f\u00f6r landningssidan--><br \/>\n\t\t\t\t\t\t\t\t<!--Om eventet \u00e4r listat som featured f\u00f6r landningssidan--><br \/>\n\t\t\t\t\t\t\t\t<!--Om eventet \u00e4r listat som featured f\u00f6r landningssidan--><br \/>\n\t\t\t\t\t\t\t\t<!--Om eventet \u00e4r listat som featured f\u00f6r landningssidan--><br \/>\n\t\t\t\t\t\t\t\t<!--Om eventet \u00e4r listat som featured f\u00f6r landningssidan--><br \/>\n\t\t\t\t\t\t\t\t<!--Om eventet \u00e4r listat som featured f\u00f6r landningssidan--><br \/>\n\t\t\t\t\t\t\t\t<!--Om eventet \u00e4r listat som featured f\u00f6r landningssidan--><br \/>\n\t\t\t\t\t\t\t\t<!--Om eventet \u00e4r listat som featured f\u00f6r landningssidan--><br \/>\n\t\t\t\t\t\t\t\t<!--Om eventet \u00e4r listat som featured f\u00f6r landningssidan--><br \/>\n\t\t\t\t\t\t\t\t<!--Om eventet \u00e4r listat som featured f\u00f6r landningssidan--><br \/>\n\t\t\t\t\t\t\t\t<!--Om eventet \u00e4r listat som featured f\u00f6r landningssidan--><br \/>\n\t\t\t\t\t\t\t\t<!--Om eventet \u00e4r listat som featured f\u00f6r landningssidan--><br \/>\n\t\t\t\t\t\t\t\t<!--Om eventet \u00e4r listat som featured f\u00f6r landningssidan--><br \/>\n\t\t\t\t\t\t\t\t<!--Om eventet \u00e4r listat som featured f\u00f6r landningssidan--><br \/>\n\t\t\t\t\t\t\t\t<!--Om eventet \u00e4r listat som featured f\u00f6r landningssidan--><br \/>\n\t\t\t\t\t\t\t\t<!--Om eventet \u00e4r listat som featured f\u00f6r landningssidan--><br \/>\n\t\t\t\t\t\t\t\t<!--Om eventet \u00e4r listat som featured f\u00f6r landningssidan--><\/p>\n<div class=\"single-event-slot\">\n<div class=\"event-slot-content\">\n\t\t\t\t\t\t\t<a href=\"https:\/\/birgitnilsson.com\/festival\/events\/konsert-med-matthias-goerne\/\"><br \/>\n\t\t\t\t\t\t\t\t<!--event img--><\/p>\n<div class=\"event-slot-image\" style=\"background-image: url('https:\/\/birgitnilsson.com\/festival\/wp-content\/uploads\/sites\/10\/2026\/02\/Namnlos-design-9.png'); background-position: center center; background-size: cover;\">\n\t\t\t\t\t\t\t\t<\/div>\n<h3>Konsert med Matthias Goerne\u00a0<\/h3>\n<p>\t\t\t\t\t\t\t\t<span><br \/>\n\t\t\t\t\t\t\t\t5 augusti\t\t\t\t\t\t\t\t\t\t\t\t\t\t\t\t<\/span><br \/>\n\t\t\t\t\t\t\t<\/a>\n\t\t\t\t\t\t<\/div>\n<p><!--.ticket-content-->\n\t\t\t\t\t<\/div>\n<p>\t\t\t\t\t\t\t\t\t<!--Om eventet \u00e4r listat som featured f\u00f6r landningssidan--><br \/>\n\t\t\t\t\t\t\t\t<!--Om eventet \u00e4r listat som featured f\u00f6r landningssidan--><br \/>\n\t\t\t\t\t\t\t\t<!--Om eventet \u00e4r listat som featured f\u00f6r landningssidan--><\/p>\n<div class=\"single-event-slot\">\n<div class=\"event-slot-content\">\n\t\t\t\t\t\t\t<a href=\"https:\/\/birgitnilsson.com\/festival\/en\/events\/concert-with-matthias-goerne\/\"><br \/>\n\t\t\t\t\t\t\t\t<!--event img--><\/p>\n<div class=\"event-slot-image\" style=\"background-image: url('https:\/\/birgitnilsson.com\/festival\/wp-content\/uploads\/sites\/10\/2026\/02\/Namnlos-design-9.png'); background-position: center center; background-size: cover;\">\n\t\t\t\t\t\t\t\t<\/div>\n<h3>Concert with Matthias Goerne<\/h3>\n<p>\t\t\t\t\t\t\t\t<span><br \/>\n\t\t\t\t\t\t\t\t5 augusti\t\t\t\t\t\t\t\t\t\t\t\t\t\t\t\t<\/span><br \/>\n\t\t\t\t\t\t\t<\/a>\n\t\t\t\t\t\t<\/div>\n<p><!--.ticket-content-->\n\t\t\t\t\t<\/div>\n<p>\t\t\t\t\t\t\t\t\t<!--Om eventet \u00e4r listat som featured f\u00f6r landningssidan--><br \/>\n\t\t\t\t\t\t\t\t<!--Om eventet \u00e4r listat som featured f\u00f6r landningssidan--><br \/>\n\t\t\t\t\t\t\t\t<!--Om eventet \u00e4r listat som featured f\u00f6r landningssidan--><br \/>\n\t\t\t\t\t\t\t\t<!--Om eventet \u00e4r listat som featured f\u00f6r landningssidan--><\/p>\n<div class=\"single-event-slot\">\n<div class=\"event-slot-content\">\n\t\t\t\t\t\t\t<a href=\"https:\/\/birgitnilsson.com\/festival\/events\/operaallsang\/\"><br \/>\n\t\t\t\t\t\t\t\t<!--event img--><\/p>\n<div class=\"event-slot-image\" style=\"background-image: url('https:\/\/birgitnilsson.com\/festival\/wp-content\/uploads\/sites\/10\/2026\/02\/Namnlos-design-11-2.png'); background-position: center center; background-size: cover;\">\n\t\t\t\t\t\t\t\t<\/div>\n<h3>Opera-alls\u00e5ng<\/h3>\n<p>\t\t\t\t\t\t\t\t<span><br \/>\n\t\t\t\t\t\t\t\t4 augusti\t\t\t\t\t\t\t\t\t\t\t\t\t\t\t\t<\/span><br \/>\n\t\t\t\t\t\t\t<\/a>\n\t\t\t\t\t\t<\/div>\n<p><!--.ticket-content-->\n\t\t\t\t\t<\/div>\n<p>\t\t\t\t\t\t\t\t\t<!--Om eventet \u00e4r listat som featured f\u00f6r landningssidan--><br \/>\n\t\t\t\t\t\t\t\t<!--Om eventet \u00e4r listat som featured f\u00f6r landningssidan--><\/p>\n<div class=\"single-event-slot\">\n<div class=\"event-slot-content\">\n\t\t\t\t\t\t\t<a href=\"https:\/\/birgitnilsson.com\/festival\/en\/events\/opera-sing-along\/\"><br \/>\n\t\t\t\t\t\t\t\t<!--event img--><\/p>\n<div class=\"event-slot-image\" style=\"background-image: url('https:\/\/birgitnilsson.com\/festival\/wp-content\/uploads\/sites\/10\/2026\/02\/Namnlos-design-11-2.png'); background-position: center center; background-size: cover;\">\n\t\t\t\t\t\t\t\t<\/div>\n<h3>Opera Sing-Along<\/h3>\n<p>\t\t\t\t\t\t\t\t<span><br \/>\n\t\t\t\t\t\t\t\t4 augusti\t\t\t\t\t\t\t\t\t\t\t\t\t\t\t\t<\/span><br \/>\n\t\t\t\t\t\t\t<\/a>\n\t\t\t\t\t\t<\/div>\n<p><!--.ticket-content-->\n\t\t\t\t\t<\/div>\n<p>\t\t\t\t\t\t\t\t\t<!--Om eventet \u00e4r listat som featured f\u00f6r landningssidan--><br \/>\n\t\t\t\t\t\t\t\t<!--Om eventet \u00e4r listat som featured f\u00f6r landningssidan--><br \/>\n\t\t\t\t\t\t\t\t<!--Om eventet \u00e4r listat som featured f\u00f6r landningssidan--><br \/>\n\t\t\t\t\t\t\t\t<!--Om eventet \u00e4r listat som featured f\u00f6r landningssidan--><br \/>\n\t\t\t\t\t\t\t\t<!--Om eventet \u00e4r listat som featured f\u00f6r landningssidan--><br \/>\n\t\t\t\t\t\t\t\t<!--Om eventet \u00e4r listat som featured f\u00f6r landningssidan--><br \/>\n\t\t\t\t\t\t\t\t<!--Om eventet \u00e4r listat som featured f\u00f6r landningssidan--><br \/>\n\t\t\t\t\t\t\t\t<!--Om eventet \u00e4r listat som featured f\u00f6r landningssidan--><br \/>\n\t\t\t\t\t\t\t\t<!--Om eventet \u00e4r listat som featured f\u00f6r landningssidan--><br \/>\n\t\t\t\t\t\t\t\t<!--Om eventet \u00e4r listat som featured f\u00f6r landningssidan--><br \/>\n\t\t\t\t\t\t\t\t<!--Om eventet \u00e4r listat som featured f\u00f6r landningssidan--><br \/>\n\t\t\t\t\t\t\t\t<!--Om eventet \u00e4r listat som featured f\u00f6r landningssidan--><br \/>\n\t\t\t\t\t\t\t\t<!--Om eventet \u00e4r listat som featured f\u00f6r landningssidan--><br \/>\n\t\t\t\t\t\t\t\t<!--Om eventet \u00e4r listat som featured f\u00f6r landningssidan-->\n\t\t\t\t\t\t<\/div>\n<\/div><\/div>\n<div class=\"elementor-element elementor-element-fd32f38 elementor-align-center elementor-widget elementor-widget-button\" data-id=\"fd32f38\" data-element_type=\"widget\" data-e-type=\"widget\" data-widget_type=\"button.default\">\n\t\t\t\t\t\t\t\t\t\t<a class=\"elementor-button elementor-button-link elementor-size-sm\" href=\"https:\/\/birgitnilsson.com\/festival\/festival-program\/\"><br \/>\n\t\t\t\t\t\t<span class=\"elementor-button-content-wrapper\"><br \/>\n\t\t\t\t\t\t\t\t\t<span class=\"elementor-button-text\">Hela programmet<\/span><br \/>\n\t\t\t\t\t<\/span><br \/>\n\t\t\t\t\t<\/a>\n\t\t\t\t\t\t\t\t<\/div>\n<\/p><\/div>\n<\/p><\/div>\n<\/p><\/div>\n<\/section>\n<section class=\"elementor-section elementor-top-section elementor-element elementor-element-64aa568f elementor-section-full_width elementor-section-stretched elementor-section-height-default elementor-section-height-default\" data-id=\"64aa568f\" data-element_type=\"section\" data-e-type=\"section\" data-settings=\"{&quot;background_background&quot;:&quot;classic&quot;,&quot;stretch_section&quot;:&quot;section-stretched&quot;}\">\n<div class=\"elementor-container elementor-column-gap-no\">\n<div class=\"elementor-column elementor-col-100 elementor-top-column elementor-element elementor-element-1578dc01\" data-id=\"1578dc01\" data-element_type=\"column\" data-e-type=\"column\">\n<div class=\"elementor-widget-wrap elementor-element-populated\">\n<div class=\"elementor-element elementor-element-6c6cea30 elementor-widget elementor-widget-heading\" data-id=\"6c6cea30\" data-element_type=\"widget\" data-e-type=\"widget\" data-widget_type=\"heading.default\">\n<h2 class=\"elementor-heading-title elementor-size-default\">Birgit Nilsson Festival 2026<\/h2>\n<\/p><\/div>\n<div class=\"elementor-element elementor-element-9fedd00 e-flex e-con-boxed e-con e-parent\" data-id=\"9fedd00\" data-element_type=\"container\" data-e-type=\"container\">\n<div class=\"e-con-inner\">\n<div class=\"elementor-element elementor-element-3229faf elementor-widget elementor-widget-text-editor\" data-id=\"3229faf\" data-element_type=\"widget\" data-e-type=\"widget\" data-widget_type=\"text-editor.default\">\n<p>\u00c5rets festival bjuder p\u00e5 en upplevelserik vecka fylld med bland annat opera, konserter, kurser, artistm\u00f6ten och alls\u00e5ng samt inte minst en storslagen final \u2013 Wagners <i>Den flygande holl\u00e4ndaren<\/i> med v\u00e4rldsartister, Helsingborgs symfoniorkester och k\u00f6rs\u00e5ngare fr\u00e5n hela Sk\u00e5ne som open air-konsert p\u00e5 B\u00e5stad Tennisstadion, ett stenkast fr\u00e5n Kattegatt och i samklang med festivalens tema, \u201dHav\u201d.<span class=\"Apple-converted-space\">\u00a0<\/span><\/p>\n<p>Under festivalveckan medverkar f\u00f6rutom utl\u00e4ndska stj\u00e4rns\u00e5ngare \u00e4ven svenska, internationellt hyllade och \u00e4lskade artister. Samtidigt har festivalen ett gott \u00f6ga till unga, lovande s\u00e5ngare, i enlighet med Birgit Nilssons intentioner. Utst\u00e4llningar om s\u00e5ngerskans enast\u00e5ende karri\u00e4r visas p\u00e5 Birgit Nilsson Museum, \u00e5rets tema \u00e4r \u201dEn v\u00e5g av framg\u00e5ng\u201d. <span class=\"Apple-converted-space\">\u00a0<\/span><\/p>\n<p>Birgit Nilsson Festival \u00e4r en hyllning till en av v\u00e4rldens fr\u00e4msta operas\u00e5ngare och en sj\u00e4lvklar del av Bj\u00e4rehalv\u00f6ns kultur- och musikliv. Festivalen arrangeras av Birgit Nilsson Stiftelsen.<span class=\"Apple-converted-space\">\u00a0<\/span><\/p>\n<\/p><\/div>\n<\/p><\/div>\n<\/p><\/div>\n<\/p><\/div>\n<\/p><\/div>\n<\/p><\/div>\n<\/section>\n<section class=\"elementor-section elementor-top-section elementor-element elementor-element-10ec7d8 elementor-section-height-min-height elementor-section-full_width elementor-section-stretched elementor-section-height-default elementor-section-items-middle\" data-id=\"10ec7d8\" data-element_type=\"section\" data-e-type=\"section\" data-settings=\"{&quot;background_background&quot;:&quot;classic&quot;,&quot;stretch_section&quot;:&quot;section-stretched&quot;}\">\n<div class=\"elementor-container elementor-column-gap-no\">\n<div class=\"elementor-column elementor-col-100 elementor-top-column elementor-element elementor-element-7e952e3\" data-id=\"7e952e3\" data-element_type=\"column\" data-e-type=\"column\">\n<div class=\"elementor-widget-wrap\">\n\t\t\t\t\t\t\t<\/div>\n<\/p><\/div>\n<\/p><\/div>\n<\/section>\n<section class=\"elementor-section elementor-top-section elementor-element elementor-element-1c759dec elementor-section-boxed elementor-section-height-default elementor-section-height-default\" data-id=\"1c759dec\" data-element_type=\"section\" data-e-type=\"section\">\n<div class=\"elementor-container elementor-column-gap-default\">\n<div class=\"elementor-column elementor-col-100 elementor-top-column elementor-element elementor-element-5c294722\" data-id=\"5c294722\" data-element_type=\"column\" data-e-type=\"column\">\n<div class=\"elementor-widget-wrap elementor-element-populated\">\n<div class=\"elementor-element elementor-element-7bd88cf8 elementor-widget elementor-widget-heading\" data-id=\"7bd88cf8\" data-element_type=\"widget\" data-e-type=\"widget\" data-widget_type=\"heading.default\">\n<h2 class=\"elementor-heading-title elementor-size-default\">Inf\u00f6r ditt bes\u00f6k<\/h2>\n<\/p><\/div>\n<\/p><\/div>\n<\/p><\/div>\n<\/p><\/div>\n<\/section>\n<section class=\"elementor-section elementor-top-section elementor-element elementor-element-71261e30 elementor-section-boxed elementor-section-height-default elementor-section-height-default\" data-id=\"71261e30\" data-element_type=\"section\" data-e-type=\"section\">\n<div class=\"elementor-container elementor-column-gap-no\">\n<div class=\"elementor-column elementor-col-33 elementor-top-column elementor-element elementor-element-6dc4bc3a elementor-invisible\" data-id=\"6dc4bc3a\" data-element_type=\"column\" data-e-type=\"column\" data-settings=\"{&quot;animation&quot;:&quot;fadeInUp&quot;}\">\n<div class=\"elementor-widget-wrap elementor-element-populated\">\n<div class=\"elementor-element elementor-element-264c1b74 elementor-widget-divider--view-line elementor-widget elementor-widget-divider\" data-id=\"264c1b74\" data-element_type=\"widget\" data-e-type=\"widget\" data-widget_type=\"divider.default\">\n<div class=\"elementor-divider\">\n\t\t\t<span class=\"elementor-divider-separator\"><br \/>\n\t\t\t\t\t\t<\/span>\n\t\t<\/div>\n<\/p><\/div>\n<p>\t\t<a class=\"elementor-element elementor-element-26feb6b e-flex e-con-boxed e-con e-parent\" data-id=\"26feb6b\" data-element_type=\"container\" data-e-type=\"container\" href=\"https:\/\/birgitnilsson.com\/festival\/infor-ditt-besok\/#FAQ\"><\/p>\n<div class=\"e-con-inner\">\n<div class=\"elementor-element elementor-element-8068854 elementor-widget elementor-widget-text-editor\" data-id=\"8068854\" data-element_type=\"widget\" data-e-type=\"widget\" data-widget_type=\"text-editor.default\">\n<p><strong>Vanliga fr\u00e5gor<\/strong><\/p>\n<\/p><\/div>\n<div class=\"elementor-element elementor-element-4fc934a blue elementor-view-default elementor-widget elementor-widget-icon\" data-id=\"4fc934a\" data-element_type=\"widget\" data-e-type=\"widget\" data-widget_type=\"icon.default\">\n<div class=\"elementor-icon-wrapper\">\n<div class=\"elementor-icon\">\n\t\t\t<svg aria-hidden=\"true\" class=\"e-font-icon-svg e-fas-long-arrow-alt-right\" viewBox=\"0 0 448 512\" xmlns=\"http:\/\/www.w3.org\/2000\/svg\"><path d=\"M313.941 216H12c-6.627 0-12 5.373-12 12v56c0 6.627 5.373 12 12 12h301.941v46.059c0 21.382 25.851 32.09 40.971 16.971l86.059-86.059c9.373-9.373 9.373-24.569 0-33.941l-86.059-86.059c-15.119-15.119-40.971-4.411-40.971 16.971V216z\"><\/path><\/svg>\t\t\t<\/div>\n<\/p><\/div>\n<\/p><\/div>\n<\/p><\/div>\n<p>\t\t\t\t<\/a>\n\t\t\t\t\t<\/div>\n<\/p><\/div>\n<div class=\"elementor-column elementor-col-33 elementor-top-column elementor-element elementor-element-6324bd39 elementor-invisible\" data-id=\"6324bd39\" data-element_type=\"column\" data-e-type=\"column\" data-settings=\"{&quot;animation&quot;:&quot;fadeInUp&quot;}\">\n<div class=\"elementor-widget-wrap elementor-element-populated\">\n<div class=\"elementor-element elementor-element-1ab7f0eb elementor-widget-divider--view-line elementor-widget elementor-widget-divider\" data-id=\"1ab7f0eb\" data-element_type=\"widget\" data-e-type=\"widget\" data-widget_type=\"divider.default\">\n<div class=\"elementor-divider\">\n\t\t\t<span class=\"elementor-divider-separator\"><br \/>\n\t\t\t\t\t\t<\/span>\n\t\t<\/div>\n<\/p><\/div>\n<p>\t\t<a class=\"elementor-element elementor-element-dca8cc6 e-flex e-con-boxed e-con e-parent\" data-id=\"dca8cc6\" data-element_type=\"container\" data-e-type=\"container\" href=\"https:\/\/birgitnilsson.com\/festival\/infor-ditt-besok\/#mat\"><\/p>\n<div class=\"e-con-inner\">\n<div class=\"elementor-element elementor-element-c52ea96 elementor-widget elementor-widget-text-editor\" data-id=\"c52ea96\" data-element_type=\"widget\" data-e-type=\"widget\" data-widget_type=\"text-editor.default\">\n<p><strong>Mat och dryck<\/strong><\/p>\n<\/p><\/div>\n<div class=\"elementor-element elementor-element-e5c2c5f blue elementor-view-default elementor-widget elementor-widget-icon\" data-id=\"e5c2c5f\" data-element_type=\"widget\" data-e-type=\"widget\" data-widget_type=\"icon.default\">\n<div class=\"elementor-icon-wrapper\">\n<div class=\"elementor-icon\">\n\t\t\t<svg aria-hidden=\"true\" class=\"e-font-icon-svg e-fas-long-arrow-alt-right\" viewBox=\"0 0 448 512\" xmlns=\"http:\/\/www.w3.org\/2000\/svg\"><path d=\"M313.941 216H12c-6.627 0-12 5.373-12 12v56c0 6.627 5.373 12 12 12h301.941v46.059c0 21.382 25.851 32.09 40.971 16.971l86.059-86.059c9.373-9.373 9.373-24.569 0-33.941l-86.059-86.059c-15.119-15.119-40.971-4.411-40.971 16.971V216z\"><\/path><\/svg>\t\t\t<\/div>\n<\/p><\/div>\n<\/p><\/div>\n<\/p><\/div>\n<p>\t\t\t\t<\/a>\n\t\t\t\t\t<\/div>\n<\/p><\/div>\n<div class=\"elementor-column elementor-col-33 elementor-top-column elementor-element elementor-element-287af9ae elementor-invisible\" data-id=\"287af9ae\" data-element_type=\"column\" data-e-type=\"column\" data-settings=\"{&quot;animation&quot;:&quot;fadeInUp&quot;}\">\n<div class=\"elementor-widget-wrap elementor-element-populated\">\n<div class=\"elementor-element elementor-element-78a21274 elementor-widget-divider--view-line elementor-widget elementor-widget-divider\" data-id=\"78a21274\" data-element_type=\"widget\" data-e-type=\"widget\" data-widget_type=\"divider.default\">\n<div class=\"elementor-divider\">\n\t\t\t<span class=\"elementor-divider-separator\"><br \/>\n\t\t\t\t\t\t<\/span>\n\t\t<\/div>\n<\/p><\/div>\n<p>\t\t<a class=\"elementor-element elementor-element-596717b e-flex e-con-boxed e-con e-parent\" data-id=\"596717b\" data-element_type=\"container\" data-e-type=\"container\" href=\"https:\/\/birgitnilsson.com\/festival\/infor-ditt-besok\/#boende\"><\/p>\n<div class=\"e-con-inner\">\n<div class=\"elementor-element elementor-element-89dee16 elementor-widget elementor-widget-text-editor\" data-id=\"89dee16\" data-element_type=\"widget\" data-e-type=\"widget\" data-widget_type=\"text-editor.default\">\n<p><strong>Boende<\/strong><\/p>\n<\/p><\/div>\n<div class=\"elementor-element elementor-element-ff998e5 blue elementor-view-default elementor-widget elementor-widget-icon\" data-id=\"ff998e5\" data-element_type=\"widget\" data-e-type=\"widget\" data-widget_type=\"icon.default\">\n<div class=\"elementor-icon-wrapper\">\n<div class=\"elementor-icon\">\n\t\t\t<svg aria-hidden=\"true\" class=\"e-font-icon-svg e-fas-long-arrow-alt-right\" viewBox=\"0 0 448 512\" xmlns=\"http:\/\/www.w3.org\/2000\/svg\"><path d=\"M313.941 216H12c-6.627 0-12 5.373-12 12v56c0 6.627 5.373 12 12 12h301.941v46.059c0 21.382 25.851 32.09 40.971 16.971l86.059-86.059c9.373-9.373 9.373-24.569 0-33.941l-86.059-86.059c-15.119-15.119-40.971-4.411-40.971 16.971V216z\"><\/path><\/svg>\t\t\t<\/div>\n<\/p><\/div>\n<\/p><\/div>\n<\/p><\/div>\n<p>\t\t\t\t<\/a>\n\t\t\t\t\t<\/div>\n<\/p><\/div>\n<\/p><\/div>\n<\/section>\n<section class=\"elementor-section elementor-top-section elementor-element elementor-element-1f52b066 elementor-section-height-min-height elementor-section-boxed elementor-section-height-default elementor-section-items-middle\" data-id=\"1f52b066\" data-element_type=\"section\" data-e-type=\"section\">\n<div class=\"elementor-container elementor-column-gap-no\">\n<div class=\"elementor-column elementor-col-100 elementor-top-column elementor-element elementor-element-588dd8e2\" data-id=\"588dd8e2\" data-element_type=\"column\" data-e-type=\"column\">\n<div class=\"elementor-widget-wrap\">\n\t\t\t\t\t\t\t<\/div>\n<\/p><\/div>\n<\/p><\/div>\n<\/section>\n<section class=\"elementor-section elementor-top-section elementor-element elementor-element-4d5250f elementor-section-full_width elementor-section-stretched featured-tickets-manual elementor-section-height-default elementor-section-height-default\" data-id=\"4d5250f\" data-element_type=\"section\" data-e-type=\"section\" id=\"featured-biljetter\" data-settings=\"{&quot;background_background&quot;:&quot;classic&quot;,&quot;stretch_section&quot;:&quot;section-stretched&quot;}\">\n<div class=\"elementor-container elementor-column-gap-default\">\n<div class=\"elementor-column elementor-col-100 elementor-top-column elementor-element elementor-element-e630ccd\" data-id=\"e630ccd\" data-element_type=\"column\" data-e-type=\"column\">\n<div class=\"elementor-widget-wrap elementor-element-populated\">\n<div class=\"elementor-element elementor-element-bd25c9f e-flex e-con-boxed e-con e-parent\" data-id=\"bd25c9f\" data-element_type=\"container\" data-e-type=\"container\">\n<div class=\"e-con-inner\">\n<div class=\"elementor-element elementor-element-bbb0d25 elementor-widget elementor-widget-heading\" data-id=\"bbb0d25\" data-element_type=\"widget\" data-e-type=\"widget\" data-widget_type=\"heading.default\">\n<h2 class=\"elementor-heading-title elementor-size-default\">Biljetter<\/h2>\n<\/p><\/div>\n<\/p><\/div>\n<\/p><\/div>\n<div class=\"elementor-element elementor-element-db5facf tickets e-flex e-con-boxed e-con e-parent\" data-id=\"db5facf\" data-element_type=\"container\" data-e-type=\"container\">\n<div class=\"e-con-inner\">\n<div class=\"elementor-element elementor-element-3675e89 e-con-full single-ticket e-flex e-con e-child\" data-id=\"3675e89\" data-element_type=\"container\" data-e-type=\"container\" data-settings=\"{&quot;background_background&quot;:&quot;classic&quot;}\">\n<div class=\"elementor-element elementor-element-e72f0ee manual-ticket-promotion elementor-widget elementor-widget-heading\" data-id=\"e72f0ee\" data-element_type=\"widget\" data-e-type=\"widget\" data-widget_type=\"heading.default\">\n<h3 class=\"elementor-heading-title elementor-size-default\">Den flygande<br \/>holl\u00e4ndaren<\/h3>\n<\/p><\/div>\n<div class=\"elementor-element elementor-element-a3f60b9 elementor-align-center elementor-widget elementor-widget-button\" data-id=\"a3f60b9\" data-element_type=\"widget\" data-e-type=\"widget\" data-widget_type=\"button.default\">\n\t\t\t\t\t\t\t\t\t\t<a class=\"elementor-button elementor-button-link elementor-size-sm\" href=\"https:\/\/www.juliusbiljettservice.se\/events\/1407\" target=\"_blank\"><br \/>\n\t\t\t\t\t\t<span class=\"elementor-button-content-wrapper\"><br \/>\n\t\t\t\t\t\t\t\t\t<span class=\"elementor-button-text\">K\u00f6p Biljett<\/span><br \/>\n\t\t\t\t\t<\/span><br \/>\n\t\t\t\t\t<\/a>\n\t\t\t\t\t\t\t\t<\/div>\n<div class=\"elementor-element elementor-element-2e61b72 elementor-widget elementor-widget-heading\" data-id=\"2e61b72\" data-element_type=\"widget\" data-e-type=\"widget\" data-widget_type=\"heading.default\">\n<h5 class=\"elementor-heading-title elementor-size-default\">Biljetter bokas via Julius Biljettservice<\/h5>\n<\/p><\/div>\n<\/p><\/div>\n<div class=\"elementor-element elementor-element-247efbf e-con-full single-ticket e-flex e-con e-child\" data-id=\"247efbf\" data-element_type=\"container\" data-e-type=\"container\" data-settings=\"{&quot;background_background&quot;:&quot;classic&quot;}\">\n<div class=\"elementor-element elementor-element-5a14752 manual-ticket-promotion elementor-widget elementor-widget-heading\" data-id=\"5a14752\" data-element_type=\"widget\" data-e-type=\"widget\" data-widget_type=\"heading.default\">\n<h3 class=\"elementor-heading-title elementor-size-default\">Festival<br \/>biljetter<\/h3>\n<\/p><\/div>\n<div class=\"elementor-element elementor-element-cc38c0f elementor-align-center elementor-widget elementor-widget-button\" data-id=\"cc38c0f\" data-element_type=\"widget\" data-e-type=\"widget\" data-widget_type=\"button.default\">\n\t\t\t\t\t\t\t\t\t\t<a class=\"elementor-button elementor-button-link elementor-size-sm\" href=\"https:\/\/www.juliusbiljettservice.se\/events\/1428\" target=\"_blank\"><br \/>\n\t\t\t\t\t\t<span class=\"elementor-button-content-wrapper\"><br \/>\n\t\t\t\t\t\t\t\t\t<span class=\"elementor-button-text\">Se alla biljetter<\/span><br \/>\n\t\t\t\t\t<\/span><br \/>\n\t\t\t\t\t<\/a>\n\t\t\t\t\t\t\t\t<\/div>\n<div class=\"elementor-element elementor-element-856479a elementor-widget elementor-widget-heading\" data-id=\"856479a\" data-element_type=\"widget\" data-e-type=\"widget\" data-widget_type=\"heading.default\">\n<h5 class=\"elementor-heading-title elementor-size-default\">Biljetter bokas via Julius Biljettservice<\/h5>\n<\/p><\/div>\n<\/p><\/div>\n<\/p><\/div>\n<\/p><\/div>\n<\/p><\/div>\n<\/p><\/div>\n<\/p><\/div>\n<\/section>\n<section class=\"elementor-section elementor-top-section elementor-element elementor-element-cd3c169 elementor-section-full_width elementor-section-stretched elementor-section-height-default elementor-section-height-default\" data-id=\"cd3c169\" data-element_type=\"section\" data-e-type=\"section\" data-settings=\"{&quot;background_background&quot;:&quot;classic&quot;,&quot;stretch_section&quot;:&quot;section-stretched&quot;}\">\n<div class=\"elementor-container elementor-column-gap-default\">\n<div class=\"elementor-column elementor-col-100 elementor-top-column elementor-element elementor-element-d7f8961\" data-id=\"d7f8961\" data-element_type=\"column\" data-e-type=\"column\">\n<div class=\"elementor-widget-wrap elementor-element-populated\">\n<div class=\"elementor-element elementor-element-10b5b87 tickets e-flex e-con-boxed e-con e-parent\" data-id=\"10b5b87\" data-element_type=\"container\" data-e-type=\"container\">\n<div class=\"e-con-inner\">\n<div class=\"elementor-element elementor-element-89cc3c5 e-con-full e-flex e-con e-child\" data-id=\"89cc3c5\" data-element_type=\"container\" data-e-type=\"container\">\n<div class=\"elementor-element elementor-element-688b5b0 elementor-widget elementor-widget-heading\" data-id=\"688b5b0\" data-element_type=\"widget\" data-e-type=\"widget\" data-widget_type=\"heading.default\">\n<h2 class=\"elementor-heading-title elementor-size-default\">Masterclass<\/h2>\n<\/p><\/div>\n<div class=\"elementor-element elementor-element-725dfa3 elementor-widget elementor-widget-text-editor\" data-id=\"725dfa3\" data-element_type=\"widget\" data-e-type=\"widget\" data-widget_type=\"text-editor.default\">\n<p>Undervisning p\u00e5 h\u00f6gsta niv\u00e5.\u00a0 Birgit Nilsson Masterclass arrangeras \u00e5rligen i anslutning till Birgit Nilsson Festival i augusti. Undervisningsdagarna avslutas med en konsert i Birgit Nilsson-salen p\u00e5 Ravinen.<\/p>\n<\/p><\/div>\n<div class=\"elementor-element elementor-element-418af15 blue elementor-view-default elementor-widget elementor-widget-icon\" data-id=\"418af15\" data-element_type=\"widget\" data-e-type=\"widget\" data-widget_type=\"icon.default\">\n<div class=\"elementor-icon-wrapper\">\n\t\t\t<a class=\"elementor-icon\" href=\"https:\/\/birgitnilsson.com\/masterclass\/\"><br \/>\n\t\t\t<svg aria-hidden=\"true\" class=\"e-font-icon-svg e-fas-long-arrow-alt-right\" viewBox=\"0 0 448 512\" xmlns=\"http:\/\/www.w3.org\/2000\/svg\"><path d=\"M313.941 216H12c-6.627 0-12 5.373-12 12v56c0 6.627 5.373 12 12 12h301.941v46.059c0 21.382 25.851 32.09 40.971 16.971l86.059-86.059c9.373-9.373 9.373-24.569 0-33.941l-86.059-86.059c-15.119-15.119-40.971-4.411-40.971 16.971V216z\"><\/path><\/svg>\t\t\t<\/a>\n\t\t<\/div>\n<\/p><\/div>\n<\/p><\/div>\n<div class=\"elementor-element elementor-element-6cbaf0d e-con-full e-flex e-con e-child\" data-id=\"6cbaf0d\" data-element_type=\"container\" data-e-type=\"container\">\n<div class=\"elementor-element elementor-element-5796041 elementor-widget elementor-widget-heading\" data-id=\"5796041\" data-element_type=\"widget\" data-e-type=\"widget\" data-widget_type=\"heading.default\">\n<h2 class=\"elementor-heading-title elementor-size-default\">Birgit Nilsson Stipendium<\/h2>\n<\/p><\/div>\n<div class=\"elementor-element elementor-element-69ef0d0 elementor-widget elementor-widget-text-editor\" data-id=\"69ef0d0\" data-element_type=\"widget\" data-e-type=\"widget\" data-widget_type=\"text-editor.default\">\n<p>Ett stipendium f\u00f6r unga lovande s\u00e5ngare. Under hela sin karri\u00e4r k\u00e4nde Birgit Nilsson ett personligt ansvar f\u00f6r operakonstens framtid. Med ett stipendium i hennes namn \u00f6nskade hon bidra till att st\u00f6tta n\u00e4sta generation unga svenska s\u00e5ngare.<\/p>\n<\/p><\/div>\n<div class=\"elementor-element elementor-element-eb53aa6 blue elementor-view-default elementor-widget elementor-widget-icon\" data-id=\"eb53aa6\" data-element_type=\"widget\" data-e-type=\"widget\" data-widget_type=\"icon.default\">\n<div class=\"elementor-icon-wrapper\">\n\t\t\t<a class=\"elementor-icon\" href=\"http:\/\/birgitnilsson.com\/stipendium\/\"><br \/>\n\t\t\t<svg aria-hidden=\"true\" class=\"e-font-icon-svg e-fas-long-arrow-alt-right\" viewBox=\"0 0 448 512\" xmlns=\"http:\/\/www.w3.org\/2000\/svg\"><path d=\"M313.941 216H12c-6.627 0-12 5.373-12 12v56c0 6.627 5.373 12 12 12h301.941v46.059c0 21.382 25.851 32.09 40.971 16.971l86.059-86.059c9.373-9.373 9.373-24.569 0-33.941l-86.059-86.059c-15.119-15.119-40.971-4.411-40.971 16.971V216z\"><\/path><\/svg>\t\t\t<\/a>\n\t\t<\/div>\n<\/p><\/div>\n<\/p><\/div>\n<\/p><\/div>\n<\/p><\/div>\n<\/p><\/div>\n<\/p><\/div>\n<\/p><\/div>\n<\/section>\n<section class=\"elementor-section elementor-top-section elementor-element elementor-element-749d130 elementor-section-boxed elementor-section-height-default elementor-section-height-default\" data-id=\"749d130\" data-element_type=\"section\" data-e-type=\"section\">\n<div class=\"elementor-container elementor-column-gap-default\">\n<div class=\"elementor-column elementor-col-100 elementor-top-column elementor-element elementor-element-3862927 elementor-invisible\" data-id=\"3862927\" data-element_type=\"column\" data-e-type=\"column\" data-settings=\"{&quot;animation&quot;:&quot;fadeIn&quot;}\">\n<div class=\"elementor-widget-wrap elementor-element-populated\">\n<div class=\"elementor-element elementor-element-6349aac elementor-widget elementor-widget-image\" data-id=\"6349aac\" data-element_type=\"widget\" data-e-type=\"widget\" data-widget_type=\"image.default\">\n\t\t\t\t\t\t\t\t\t\t\t\t\t\t\t<img fetchpriority=\"high\" decoding=\"async\" width=\"1800\" height=\"1200\" src=\"https:\/\/birgitnilsson.com\/festival\/wp-content\/uploads\/sites\/10\/2026\/02\/Namnlos-design-13.png\" class=\"attachment-full size-full wp-image-1582\" alt=\"\" srcset=\"https:\/\/birgitnilsson.com\/festival\/wp-content\/uploads\/sites\/10\/2026\/02\/Namnlos-design-13.png 1800w, https:\/\/birgitnilsson.com\/festival\/wp-content\/uploads\/sites\/10\/2026\/02\/Namnlos-design-13-300x200.png 300w, https:\/\/birgitnilsson.com\/festival\/wp-content\/uploads\/sites\/10\/2026\/02\/Namnlos-design-13-1024x683.png 1024w, https:\/\/birgitnilsson.com\/festival\/wp-content\/uploads\/sites\/10\/2026\/02\/Namnlos-design-13-768x512.png 768w, https:\/\/birgitnilsson.com\/festival\/wp-content\/uploads\/sites\/10\/2026\/02\/Namnlos-design-13-1536x1024.png 1536w\" sizes=\"(max-width: 1800px) 100vw, 1800px\" \/>\t\t\t\t\t\t\t\t\t\t\t\t\t\t\t<\/div>\n<\/p><\/div>\n<\/p><\/div>\n<\/p><\/div>\n<\/section><\/div>\n\r\n<\/section>\r\n\t<\/div>\r\n<\/div>\r\n\t","protected":false},"excerpt":{"rendered":"<p>3 augusti, 2026 @ 11:00 &#8211; 16:00 &#8211; Den flygande holl\u00e4ndaren 8 augusti Der fliegende Holl\u00e4nder 8 augusti Stipendieutdelning &#038; konsert 7 augusti Stipendium Presentation &#038; Recital 7 augusti Konsert med Matthias Goerne\u00a0 5 augusti Concert with Matthias Goerne 5 augusti Opera-alls\u00e5ng 4 augusti Opera Sing-Along 4 augusti Hela programmet Birgit Nilsson Festival 2026 \u00c5rets festival bjuder p\u00e5 en upplevelserik vecka fylld med [&#8230;]<\/p>\n","protected":false},"author":1,"featured_media":0,"parent":0,"menu_order":0,"comment_status":"closed","ping_status":"closed","template":"","meta":{"_acf_changed":false,"ocean_post_layout":"","ocean_both_sidebars_style":"","ocean_both_sidebars_content_width":0,"ocean_both_sidebars_sidebars_width":0,"ocean_sidebar":"","ocean_second_sidebar":"","ocean_disable_margins":"enable","ocean_add_body_class":"","ocean_shortcode_before_top_bar":"","ocean_shortcode_after_top_bar":"","ocean_shortcode_before_header":"","ocean_shortcode_after_header":"","ocean_has_shortcode":"","ocean_shortcode_after_title":"","ocean_shortcode_before_footer_widgets":"","ocean_shortcode_after_footer_widgets":"","ocean_shortcode_before_footer_bottom":"","ocean_shortcode_after_footer_bottom":"","ocean_display_top_bar":"default","ocean_display_header":"default","ocean_header_style":"custom","ocean_center_header_left_menu":"","ocean_custom_header_template":"34","ocean_custom_logo":0,"ocean_custom_retina_logo":0,"ocean_custom_logo_max_width":0,"ocean_custom_logo_tablet_max_width":0,"ocean_custom_logo_mobile_max_width":0,"ocean_custom_logo_max_height":0,"ocean_custom_logo_tablet_max_height":0,"ocean_custom_logo_mobile_max_height":0,"ocean_header_custom_menu":"","ocean_menu_typo_font_family":"","ocean_menu_typo_font_subset":"","ocean_menu_typo_font_size":0,"ocean_menu_typo_font_size_tablet":0,"ocean_menu_typo_font_size_mobile":0,"ocean_menu_typo_font_size_unit":"px","ocean_menu_typo_font_weight":"","ocean_menu_typo_font_weight_tablet":"","ocean_menu_typo_font_weight_mobile":"","ocean_menu_typo_transform":"","ocean_menu_typo_transform_tablet":"","ocean_menu_typo_transform_mobile":"","ocean_menu_typo_line_height":0,"ocean_menu_typo_line_height_tablet":0,"ocean_menu_typo_line_height_mobile":0,"ocean_menu_typo_line_height_unit":"","ocean_menu_typo_spacing":0,"ocean_menu_typo_spacing_tablet":0,"ocean_menu_typo_spacing_mobile":0,"ocean_menu_typo_spacing_unit":"","ocean_menu_link_color":"","ocean_menu_link_color_hover":"","ocean_menu_link_color_active":"","ocean_menu_link_background":"","ocean_menu_link_hover_background":"","ocean_menu_link_active_background":"","ocean_menu_social_links_bg":"","ocean_menu_social_hover_links_bg":"","ocean_menu_social_links_color":"","ocean_menu_social_hover_links_color":"","ocean_disable_title":"default","ocean_disable_heading":"default","ocean_post_title":"","ocean_post_subheading":"","ocean_post_title_style":"","ocean_post_title_background_color":"","ocean_post_title_background":0,"ocean_post_title_bg_image_position":"","ocean_post_title_bg_image_attachment":"","ocean_post_title_bg_image_repeat":"","ocean_post_title_bg_image_size":"","ocean_post_title_height":0,"ocean_post_title_bg_overlay":0.5,"ocean_post_title_bg_overlay_color":"","ocean_disable_breadcrumbs":"default","ocean_breadcrumbs_color":"","ocean_breadcrumbs_separator_color":"","ocean_breadcrumbs_links_color":"","ocean_breadcrumbs_links_hover_color":"","ocean_display_footer_widgets":"default","ocean_display_footer_bottom":"default","ocean_custom_footer_template":"","footnotes":""},"class_list":["post-6","page","type-page","status-publish","hentry","entry","has-media"],"acf":[],"yoast_head":"<!-- This site is optimized with the Yoast SEO plugin v27.4 - https:\/\/yoast.com\/product\/yoast-seo-wordpress\/ -->\n<title>Birgit Nilsson Festival - Birgit Nilsson Festival<\/title>\n<meta name=\"robots\" content=\"index, follow, max-snippet:-1, max-image-preview:large, max-video-preview:-1\" \/>\n<link rel=\"canonical\" href=\"https:\/\/birgitnilsson.com\/festival\/\" \/>\n<meta property=\"og:locale\" content=\"sv_SE\" \/>\n<meta property=\"og:type\" content=\"article\" \/>\n<meta property=\"og:title\" content=\"Birgit Nilsson Festival - Birgit Nilsson Festival\" \/>\n<meta property=\"og:description\" content=\"3 augusti, 2026 @ 11:00 - 16:00 - Den flygande holl\u00e4ndaren 8 augusti Der fliegende Holl\u00e4nder 8 augusti Stipendieutdelning &#038; konsert 7 augusti Stipendium Presentation &#038; Recital 7 augusti Konsert med Matthias Goerne\u00a0 5 augusti Concert with Matthias Goerne 5 augusti Opera-alls\u00e5ng 4 augusti Opera Sing-Along 4 augusti Hela programmet Birgit Nilsson Festival 2026 \u00c5rets festival bjuder p\u00e5 en upplevelserik vecka fylld med [...]\" \/>\n<meta property=\"og:url\" content=\"https:\/\/birgitnilsson.com\/festival\/\" \/>\n<meta property=\"og:site_name\" content=\"Birgit Nilsson Festival\" \/>\n<meta property=\"article:modified_time\" content=\"2026-03-03T08:53:11+00:00\" \/>\n<meta property=\"og:image\" content=\"http:\/\/birgitnilsson.com\/festival\/wp-content\/uploads\/sites\/10\/2026\/02\/Namnlos-design-13.png\" \/>\n<meta name=\"twitter:card\" content=\"summary_large_image\" \/>\n<meta name=\"twitter:label1\" content=\"Ber\u00e4knad l\u00e4stid\" \/>\n\t<meta name=\"twitter:data1\" content=\"2 minuter\" \/>\n<script type=\"application\/ld+json\" class=\"yoast-schema-graph\">{\"@context\":\"https:\\\/\\\/schema.org\",\"@graph\":[{\"@type\":\"WebPage\",\"@id\":\"https:\\\/\\\/birgitnilsson.com\\\/festival\\\/\",\"url\":\"https:\\\/\\\/birgitnilsson.com\\\/festival\\\/\",\"name\":\"Birgit Nilsson Festival - Birgit Nilsson Festival\",\"isPartOf\":{\"@id\":\"https:\\\/\\\/birgitnilsson.com\\\/festival\\\/#website\"},\"primaryImageOfPage\":{\"@id\":\"https:\\\/\\\/birgitnilsson.com\\\/festival\\\/#primaryimage\"},\"image\":{\"@id\":\"https:\\\/\\\/birgitnilsson.com\\\/festival\\\/#primaryimage\"},\"thumbnailUrl\":\"http:\\\/\\\/birgitnilsson.com\\\/festival\\\/wp-content\\\/uploads\\\/sites\\\/10\\\/2026\\\/02\\\/Namnlos-design-13.png\",\"datePublished\":\"2026-01-21T08:57:51+00:00\",\"dateModified\":\"2026-03-03T08:53:11+00:00\",\"breadcrumb\":{\"@id\":\"https:\\\/\\\/birgitnilsson.com\\\/festival\\\/#breadcrumb\"},\"inLanguage\":\"sv-SE\",\"potentialAction\":[{\"@type\":\"ReadAction\",\"target\":[\"https:\\\/\\\/birgitnilsson.com\\\/festival\\\/\"]}]},{\"@type\":\"ImageObject\",\"inLanguage\":\"sv-SE\",\"@id\":\"https:\\\/\\\/birgitnilsson.com\\\/festival\\\/#primaryimage\",\"url\":\"https:\\\/\\\/birgitnilsson.com\\\/festival\\\/wp-content\\\/uploads\\\/sites\\\/10\\\/2026\\\/02\\\/Namnlos-design-13.png\",\"contentUrl\":\"https:\\\/\\\/birgitnilsson.com\\\/festival\\\/wp-content\\\/uploads\\\/sites\\\/10\\\/2026\\\/02\\\/Namnlos-design-13.png\",\"width\":1800,\"height\":1200},{\"@type\":\"BreadcrumbList\",\"@id\":\"https:\\\/\\\/birgitnilsson.com\\\/festival\\\/#breadcrumb\",\"itemListElement\":[{\"@type\":\"ListItem\",\"position\":1,\"name\":\"Hem\",\"item\":\"https:\\\/\\\/birgitnilsson.com\\\/festival\\\/\"},{\"@type\":\"ListItem\",\"position\":2,\"name\":\"Birgit Nilsson Festival\"}]},{\"@type\":\"WebSite\",\"@id\":\"https:\\\/\\\/birgitnilsson.com\\\/festival\\\/#website\",\"url\":\"https:\\\/\\\/birgitnilsson.com\\\/festival\\\/\",\"name\":\"Birgit Nilsson Festival\",\"description\":\"The Official Website\",\"publisher\":{\"@id\":\"https:\\\/\\\/birgitnilsson.com\\\/festival\\\/#organization\"},\"potentialAction\":[{\"@type\":\"SearchAction\",\"target\":{\"@type\":\"EntryPoint\",\"urlTemplate\":\"https:\\\/\\\/birgitnilsson.com\\\/festival\\\/?s={search_term_string}\"},\"query-input\":{\"@type\":\"PropertyValueSpecification\",\"valueRequired\":true,\"valueName\":\"search_term_string\"}}],\"inLanguage\":\"sv-SE\"},{\"@type\":\"Organization\",\"@id\":\"https:\\\/\\\/birgitnilsson.com\\\/festival\\\/#organization\",\"name\":\"Birgit Nilsson Festival\",\"url\":\"https:\\\/\\\/birgitnilsson.com\\\/festival\\\/\",\"logo\":{\"@type\":\"ImageObject\",\"inLanguage\":\"sv-SE\",\"@id\":\"https:\\\/\\\/birgitnilsson.com\\\/festival\\\/#\\\/schema\\\/logo\\\/image\\\/\",\"url\":\"https:\\\/\\\/birgitnilsson.com\\\/festival\\\/wp-content\\\/uploads\\\/sites\\\/10\\\/2026\\\/01\\\/Birgit-nilsson-stiftelsen-logotype.png\",\"contentUrl\":\"https:\\\/\\\/birgitnilsson.com\\\/festival\\\/wp-content\\\/uploads\\\/sites\\\/10\\\/2026\\\/01\\\/Birgit-nilsson-stiftelsen-logotype.png\",\"width\":650,\"height\":384,\"caption\":\"Birgit Nilsson Festival\"},\"image\":{\"@id\":\"https:\\\/\\\/birgitnilsson.com\\\/festival\\\/#\\\/schema\\\/logo\\\/image\\\/\"}}]}<\/script>\n<!-- \/ Yoast SEO plugin. -->","yoast_head_json":{"title":"Birgit Nilsson Festival - Birgit Nilsson Festival","robots":{"index":"index","follow":"follow","max-snippet":"max-snippet:-1","max-image-preview":"max-image-preview:large","max-video-preview":"max-video-preview:-1"},"canonical":"https:\/\/birgitnilsson.com\/festival\/","og_locale":"sv_SE","og_type":"article","og_title":"Birgit Nilsson Festival - Birgit Nilsson Festival","og_description":"3 augusti, 2026 @ 11:00 - 16:00 - Den flygande holl\u00e4ndaren 8 augusti Der fliegende Holl\u00e4nder 8 augusti Stipendieutdelning &#038; konsert 7 augusti Stipendium Presentation &#038; Recital 7 augusti Konsert med Matthias Goerne\u00a0 5 augusti Concert with Matthias Goerne 5 augusti Opera-alls\u00e5ng 4 augusti Opera Sing-Along 4 augusti Hela programmet Birgit Nilsson Festival 2026 \u00c5rets festival bjuder p\u00e5 en upplevelserik vecka fylld med [...]","og_url":"https:\/\/birgitnilsson.com\/festival\/","og_site_name":"Birgit Nilsson Festival","article_modified_time":"2026-03-03T08:53:11+00:00","og_image":[{"url":"http:\/\/birgitnilsson.com\/festival\/wp-content\/uploads\/sites\/10\/2026\/02\/Namnlos-design-13.png","type":"","width":"","height":""}],"twitter_card":"summary_large_image","twitter_misc":{"Ber\u00e4knad l\u00e4stid":"2 minuter"},"schema":{"@context":"https:\/\/schema.org","@graph":[{"@type":"WebPage","@id":"https:\/\/birgitnilsson.com\/festival\/","url":"https:\/\/birgitnilsson.com\/festival\/","name":"Birgit Nilsson Festival - Birgit Nilsson Festival","isPartOf":{"@id":"https:\/\/birgitnilsson.com\/festival\/#website"},"primaryImageOfPage":{"@id":"https:\/\/birgitnilsson.com\/festival\/#primaryimage"},"image":{"@id":"https:\/\/birgitnilsson.com\/festival\/#primaryimage"},"thumbnailUrl":"http:\/\/birgitnilsson.com\/festival\/wp-content\/uploads\/sites\/10\/2026\/02\/Namnlos-design-13.png","datePublished":"2026-01-21T08:57:51+00:00","dateModified":"2026-03-03T08:53:11+00:00","breadcrumb":{"@id":"https:\/\/birgitnilsson.com\/festival\/#breadcrumb"},"inLanguage":"sv-SE","potentialAction":[{"@type":"ReadAction","target":["https:\/\/birgitnilsson.com\/festival\/"]}]},{"@type":"ImageObject","inLanguage":"sv-SE","@id":"https:\/\/birgitnilsson.com\/festival\/#primaryimage","url":"https:\/\/birgitnilsson.com\/festival\/wp-content\/uploads\/sites\/10\/2026\/02\/Namnlos-design-13.png","contentUrl":"https:\/\/birgitnilsson.com\/festival\/wp-content\/uploads\/sites\/10\/2026\/02\/Namnlos-design-13.png","width":1800,"height":1200},{"@type":"BreadcrumbList","@id":"https:\/\/birgitnilsson.com\/festival\/#breadcrumb","itemListElement":[{"@type":"ListItem","position":1,"name":"Hem","item":"https:\/\/birgitnilsson.com\/festival\/"},{"@type":"ListItem","position":2,"name":"Birgit Nilsson Festival"}]},{"@type":"WebSite","@id":"https:\/\/birgitnilsson.com\/festival\/#website","url":"https:\/\/birgitnilsson.com\/festival\/","name":"Birgit Nilsson Festival","description":"The Official Website","publisher":{"@id":"https:\/\/birgitnilsson.com\/festival\/#organization"},"potentialAction":[{"@type":"SearchAction","target":{"@type":"EntryPoint","urlTemplate":"https:\/\/birgitnilsson.com\/festival\/?s={search_term_string}"},"query-input":{"@type":"PropertyValueSpecification","valueRequired":true,"valueName":"search_term_string"}}],"inLanguage":"sv-SE"},{"@type":"Organization","@id":"https:\/\/birgitnilsson.com\/festival\/#organization","name":"Birgit Nilsson Festival","url":"https:\/\/birgitnilsson.com\/festival\/","logo":{"@type":"ImageObject","inLanguage":"sv-SE","@id":"https:\/\/birgitnilsson.com\/festival\/#\/schema\/logo\/image\/","url":"https:\/\/birgitnilsson.com\/festival\/wp-content\/uploads\/sites\/10\/2026\/01\/Birgit-nilsson-stiftelsen-logotype.png","contentUrl":"https:\/\/birgitnilsson.com\/festival\/wp-content\/uploads\/sites\/10\/2026\/01\/Birgit-nilsson-stiftelsen-logotype.png","width":650,"height":384,"caption":"Birgit Nilsson Festival"},"image":{"@id":"https:\/\/birgitnilsson.com\/festival\/#\/schema\/logo\/image\/"}}]}},"_links":{"self":[{"href":"https:\/\/birgitnilsson.com\/festival\/wp-json\/wp\/v2\/pages\/6","targetHints":{"allow":["GET"]}}],"collection":[{"href":"https:\/\/birgitnilsson.com\/festival\/wp-json\/wp\/v2\/pages"}],"about":[{"href":"https:\/\/birgitnilsson.com\/festival\/wp-json\/wp\/v2\/types\/page"}],"author":[{"embeddable":true,"href":"https:\/\/birgitnilsson.com\/festival\/wp-json\/wp\/v2\/users\/1"}],"replies":[{"embeddable":true,"href":"https:\/\/birgitnilsson.com\/festival\/wp-json\/wp\/v2\/comments?post=6"}],"version-history":[{"count":278,"href":"https:\/\/birgitnilsson.com\/festival\/wp-json\/wp\/v2\/pages\/6\/revisions"}],"predecessor-version":[{"id":1666,"href":"https:\/\/birgitnilsson.com\/festival\/wp-json\/wp\/v2\/pages\/6\/revisions\/1666"}],"wp:attachment":[{"href":"https:\/\/birgitnilsson.com\/festival\/wp-json\/wp\/v2\/media?parent=6"}],"curies":[{"name":"wp","href":"https:\/\/api.w.org\/{rel}","templated":true}]}}